{"version":"1.0","provider_name":"Magyar Lev\u00e9lt\u00e1ri Port\u00e1l","provider_url":"https:\/\/archivportal.hu","author_name":"Ternovacz Balint","author_url":"https:\/\/archivportal.hu\/index.php\/author\/ternovacz-balint\/","title":"Mir\u00e1k Katalin K\u00e1roli G\u00e1sp\u00e1r-d\u00edjat kapott - Magyar Lev\u00e9lt\u00e1ri Port\u00e1l","type":"rich","width":600,"height":338,"html":"<blockquote class=\"wp-embedded-content\" data-secret=\"AQzthiCC7l\"><a href=\"https:\/\/archivportal.hu\/index.php\/mirak-katalin-karoli-gaspar-dijat-kapott\/\">Mir\u00e1k Katalin K\u00e1roli G\u00e1sp\u00e1r-d\u00edjat kapott<\/a><\/blockquote><iframe sandbox=\"allow-scripts\" security=\"restricted\" src=\"https:\/\/archivportal.hu\/index.php\/mirak-katalin-karoli-gaspar-dijat-kapott\/embed\/#?secret=AQzthiCC7l\" width=\"600\" height=\"338\" title=\"&#8220;Mir\u00e1k Katalin K\u00e1roli G\u00e1sp\u00e1r-d\u00edjat kapott&#8221; &#8212; Magyar Lev\u00e9lt\u00e1ri Port\u00e1l\" data-secret=\"AQzthiCC7l\" frameborder=\"0\" marginwidth=\"0\" marginheight=\"0\" scrolling=\"no\" class=\"wp-embedded-content\"><\/iframe><script>\n\/*! This file is auto-generated *\/\n!function(d,l){\"use strict\";l.querySelector&&d.addEventListener&&\"undefined\"!=typeof URL&&(d.wp=d.wp||{},d.wp.receiveEmbedMessage||(d.wp.receiveEmbedMessage=function(e){var t=e.data;if((t||t.secret||t.message||t.value)&&!\/[^a-zA-Z0-9]\/.test(t.secret)){for(var s,r,n,a=l.querySelectorAll('iframe[data-secret=\"'+t.secret+'\"]'),o=l.querySelectorAll('blockquote[data-secret=\"'+t.secret+'\"]'),c=new RegExp(\"^https?:$\",\"i\"),i=0;i<o.length;i++)o[i].style.display=\"none\";for(i=0;i<a.length;i++)s=a[i],e.source===s.contentWindow&&(s.removeAttribute(\"style\"),\"height\"===t.message?(1e3<(r=parseInt(t.value,10))?r=1e3:~~r<200&&(r=200),s.height=r):\"link\"===t.message&&(r=new URL(s.getAttribute(\"src\")),n=new URL(t.value),c.test(n.protocol))&&n.host===r.host&&l.activeElement===s&&(d.top.location.href=t.value))}},d.addEventListener(\"message\",d.wp.receiveEmbedMessage,!1),l.addEventListener(\"DOMContentLoaded\",function(){for(var e,t,s=l.querySelectorAll(\"iframe.wp-embedded-content\"),r=0;r<s.length;r++)(t=(e=s[r]).getAttribute(\"data-secret\"))||(t=Math.random().toString(36).substring(2,12),e.src+=\"#?secret=\"+t,e.setAttribute(\"data-secret\",t)),e.contentWindow.postMessage({message:\"ready\",secret:t},\"*\")},!1)))}(window,document);\n\/\/# sourceURL=https:\/\/archivportal.hu\/wp-includes\/js\/wp-embed.min.js\n<\/script>\n","thumbnail_url":"https:\/\/archivportal.hu\/wp-content\/uploads\/2023\/11\/20231114_Karoli-dij_atadasa_foto_Nagy_Adam_1-1.jpg","thumbnail_width":1400,"thumbnail_height":788,"description":"Id\u00e9n Mir\u00e1k Katalin t\u00f6rt\u00e9n\u00e9sz, a Magyarorsz\u00e1gi Evang\u00e9likus Egyh\u00e1z T\u00e9nyfelt\u00e1r\u00f3 Bizotts\u00e1g\u00e1nak eln\u00f6ke \u00e9s az Evang\u00e9likus Orsz\u00e1gos Lev\u00e9lt\u00e1r munkat\u00e1rsa K\u00e1roli G\u00e1sp\u00e1r d\u00edjat kapott \u201ea m\u00e1sodik vil\u00e1gh\u00e1bor\u00fa ut\u00e1ni evang\u00e9likus egyh\u00e1z t\u00f6rt\u00e9net\u00e9nek ter\u00fclet\u00e9n v\u00e9gzett \u00e9vtizedes, kimagasl\u00f3 sz\u00ednvonal\u00fa tudom\u00e1nyos, kutat\u00f3i \u00e9s publik\u00e1ci\u00f3s tev\u00e9kenys\u00e9ge alapj\u00e1n\u201d el\u00e9rt \u00e9rdemei\u00e9rt. A K\u00e1roli G\u00e1sp\u00e1r-\u200bd\u00edjjal azoknak a munk\u00e1j\u00e1t ismerik el \u00e9vr\u0151l \u00e9vre, akik a hittudom\u00e1nyok ter\u00e9n [&hellip;]"}