{"id":2869,"date":"2022-06-26T09:45:40","date_gmt":"2022-06-26T09:45:40","guid":{"rendered":"http:\/\/t1.archivportal.hu\/?post_type=archive&#038;p=2869"},"modified":"2025-11-27T14:27:17","modified_gmt":"2025-11-27T14:27:17","slug":"egri-foegyhazmegyei-leveltar","status":"publish","type":"archive","link":"https:\/\/archivportal.hu\/index.php\/archive\/egri-foegyhazmegyei-leveltar\/","title":{"rendered":"Egri F\u0151egyh\u00e1zmegyei Lev\u00e9lt\u00e1r"},"content":{"rendered":"\n<p>Az egri p\u00fcsp\u00f6ks\u00e9get Szent Istv\u00e1n kir\u00e1ly alap\u00edtotta, 1009-ben m\u00e1r l\u00e9tezett. Ter\u00fclete a legnagyobb volt a magyarorsz\u00e1gi p\u00fcsp\u00f6ks\u00e9gek k\u00f6z\u00fcl, Az els\u0151 id\u0151szakban Heves (\u00dajv\u00e1r), K\u00fcls\u0151-Szolnok, Borsod, Aba\u00fajv\u00e1r, Zempl\u00e9n, Ung, Ugocsa, Szabolcs, Bereg \u00e9s Zar\u00e1nd megy\u00e9ket foglalta mag\u00e1ban, k\u00e9s\u0151bb pedig S\u00e1ros, Szatm\u00e1r, Kraszna, Torna, M\u00e1ramaros v\u00e1rmegy\u00e9k \u00e9s a J\u00e1szs\u00e1g is hozz\u00e1 tartozott. A v\u00e1radi p\u00fcsp\u00f6ks\u00e9g alap\u00edt\u00e1sa el\u0151tt a bihari r\u00e9szek is Egerhez tartoztak, s\u0151t a zsombolyi (pankotai) f\u0151esperess\u00e9g azt k\u00f6vet\u0151en is (eg\u00e9szen a 18. sz\u00e1zad k\u00f6zep\u00e9ig). A 18. sz\u00e1zadban t\u00f6bbsz\u00f6r is f\u00f6lmer\u00fclt a hatalmas egyh\u00e1zmegye f\u00f6loszt\u00e1s\u00e1nak gondolata. Erre azonban csak 1804-ben, Esterh\u00e1zy p\u00fcsp\u00f6k hal\u00e1la ut\u00e1n ker\u00fclt sor, amikor VII. Pius p\u00e1pa l\u00e9trehozta a kassai \u00e9s szatm\u00e1ri p\u00fcsp\u00f6ks\u00e9geket \u00e9s ugyanakkor az egri p\u00fcsp\u00f6ks\u00e9get metropolitai (\u00e9rseki) rangra emelte.<\/p>\n\n\n\n<p>A p\u00fcsp\u00f6ks\u00e9g k\u00f6z\u00e9pkori lev\u00e9lt\u00e1ra nem maradt f\u00f6nn, csup\u00e1n a jobb\u00e1gyszolg\u00e1ltat\u00e1sokat tartalmaz\u00f3 \u201eSzent J\u00e1nos-k\u00f6nyveket\u201d \u0151rizt\u00e9k meg a 15. sz\u00e1zad m\u00e1sodik fel\u00e9b\u0151l. A szentsz\u00e9ki jegyz\u0151k\u00f6nyvek 1600-t\u00f3l, a folyamatosnak nevezhet\u0151 egyh\u00e1zkorm\u00e1nyzati iratsorozatok csak a 18. sz\u00e1zad elej\u00e9t\u0151l kezd\u0151dnek, a kor\u00e1bbi id\u0151szakb\u00f3l csak n\u00e9h\u00e1ny 17. sz\u00e1zadi irat ker\u00fclt a lev\u00e9lt\u00e1rba. 1745-t\u0151l, Bark\u00f3czy Ferenc \u00e9rsek hivatalba l\u00e9p\u00e9s\u00e9t\u0151l a szentsz\u00e9ki protokollumk\u00f6teteket lev\u00e9lm\u00e1solati k\u00f6nyvekk\u00e9nt haszn\u00e1lt\u00e1k. Az iratok rendez\u00e9s\u00e9t Eszterh\u00e1zy K\u00e1roly p\u00fcsp\u00f6k el\u0151sz\u00f6r k\u00e9t jezsuit\u00e1ra, majd 1766-ban egyik papj\u00e1ra, Torner Ign\u00e1cra b\u00edzta. Neki \u00e9s hivatali ut\u00f3dainak (Kotuts M\u00e1ty\u00e1s, Fangh Istv\u00e1n) munk\u00e1ja eredm\u00e9nyek\u00e9ppen 1778-ban f\u00f6l\u00e1ll\u00edtott\u00e1k a gazdas\u00e1gi, 1779-ben pedig az egyh\u00e1zi lev\u00e9lt\u00e1rat, mindkett\u0151t tematikus rendben, lajstromk\u00f6nyvekkel.<\/p>\n\n\n\n<p>A kassai, illetve szatm\u00e1ri egyh\u00e1zmegy\u00e9k l\u00e9trehoz\u00e1sakor, 1804-ben az elcsatolt pl\u00e9b\u00e1ni\u00e1kra vonatkoz\u00f3 iratanyagot (k\u00f6zt\u00fck p\u00e9ld\u00e1ul az egyh\u00e1zl\u00e1togat\u00e1si jegyz\u0151k\u00f6nyveket) kiv\u00e1logatt\u00e1k \u00e9s elvitt\u00e9k, csak a protokollumk\u00f6nyvek maradtak Egerben. Mivel \u00edgy a lev\u00e9lt\u00e1rak terjedelme k\u00f6zel fel\u00e9re cs\u00f6kkent, 1805-ben a megmaradt anyagot \u00faj t\u00e1rgycsoportokba rendezt\u00e9k, az ezut\u00e1n keletkezett egyh\u00e1zkorm\u00e1nyzati \u00e9s gazdas\u00e1gi iratokat pedig \u201e\u00faj lev\u00e9lt\u00e1r\u201d (Archivum novum) n\u00e9ven k\u00fcl\u00f6n egys\u00e9gk\u00e9nt kezelt\u00e9k, eleinte foly\u00f3sz\u00e1mos iktat\u00e1ssal, majd a Hangony J\u00f3zsef lev\u00e9lt\u00e1ros \u00e1ltal 1818 \u00e9s 1830 k\u00f6z\u00f6tt kialak\u00edtott t\u00e1rgycsoportok szerint. Az iratok helye az 1770-es \u00e9vekt\u0151l fogva az \u00e9rseki palota lev\u00e9lt\u00e1ri c\u00e9lra \u00e9p\u00fclt helyis\u00e9ge volt, csak az 1923 ut\u00e1ni iratokat helyezt\u00e9k 1954-ben (a lev\u00e9lt\u00e1r kett\u0151s kezel\u00e9se idej\u00e9n) egy k\u00fcl\u00f6n\u00e1ll\u00f3 rakt\u00e1rba.<\/p>\n\n\n\n<p>A k\u00e1ptalani lev\u00e9lt\u00e1rat nem a f\u0151egyh\u00e1zmegyei lev\u00e9lt\u00e1r \u0151rzi, mivel annak hiteleshelyi r\u00e9sze 1950 ut\u00e1n \u00e1llamos\u00edt\u00e1sra ker\u00fclt, mag\u00e1nlev\u00e9lt\u00e1ri r\u00e9sz\u00e9t pedig 1964-ben szint\u00e9n \u00e1tadt\u00e1k (let\u00e9tk\u00e9nt) a Heves Megyei Lev\u00e9lt\u00e1rnak, az \u00e9rseks\u00e9g \u00e9s a szemin\u00e1rium gazdas\u00e1gi lev\u00e9lt\u00e1raival egy\u00fctt.<\/p>\n","protected":false},"excerpt":{"rendered":"<p>Az egri p\u00fcsp\u00f6ks\u00e9get Szent Istv\u00e1n kir\u00e1ly alap\u00edtotta, 1009-ben m\u00e1r l\u00e9tezett. Ter\u00fclete a legnagyobb volt a magyarorsz\u00e1gi p\u00fcsp\u00f6ks\u00e9gek k\u00f6z\u00fcl, Az els\u0151 id\u0151szakban Heves (\u00dajv\u00e1r), K\u00fcls\u0151-Szolnok, Borsod, Aba\u00fajv\u00e1r, Zempl\u00e9n, Ung, Ugocsa, Szabolcs, Bereg \u00e9s Zar\u00e1nd megy\u00e9ket foglalta mag\u00e1ban, k\u00e9s\u0151bb pedig S\u00e1ros, Szatm\u00e1r, Kraszna, Torna, M\u00e1ramaros v\u00e1rmegy\u00e9k \u00e9s a J\u00e1szs\u00e1g is hozz\u00e1 tartozott. A v\u00e1radi p\u00fcsp\u00f6ks\u00e9g alap\u00edt\u00e1sa el\u0151tt [&hellip;]<\/p>\n","protected":false},"featured_media":3363,"template":"","meta":{"_acf_changed":false,"_links_to":"","_links_to_target":""},"categories":[17,18,11],"tags":[],"class_list":["post-2869","archive","type-archive","status-publish","has-post-thumbnail","hentry","category-egyhazi-leveltarak","category-katolikus-leveltarak","category-leveltar"],"acf":[],"yoast_head":"<!-- This site is optimized with the Yoast SEO plugin v27.5 - https:\/\/yoast.com\/product\/yoast-seo-wordpress\/ -->\n<title>Egri F\u0151egyh\u00e1zmegyei Lev\u00e9lt\u00e1r - Magyar Lev\u00e9lt\u00e1ri Port\u00e1l<\/title>\n<meta name=\"robots\" content=\"index, follow, max-snippet:-1, max-image-preview:large, max-video-preview:-1\" \/>\n<meta property=\"og:locale\" content=\"en_US\" \/>\n<meta property=\"og:type\" content=\"article\" \/>\n<meta property=\"og:title\" content=\"Egri F\u0151egyh\u00e1zmegyei Lev\u00e9lt\u00e1r - Magyar Lev\u00e9lt\u00e1ri Port\u00e1l\" \/>\n<meta property=\"og:description\" content=\"Az egri p\u00fcsp\u00f6ks\u00e9get Szent Istv\u00e1n kir\u00e1ly alap\u00edtotta, 1009-ben m\u00e1r l\u00e9tezett. Ter\u00fclete a legnagyobb volt a magyarorsz\u00e1gi p\u00fcsp\u00f6ks\u00e9gek k\u00f6z\u00fcl, Az els\u0151 id\u0151szakban Heves (\u00dajv\u00e1r), K\u00fcls\u0151-Szolnok, Borsod, Aba\u00fajv\u00e1r, Zempl\u00e9n, Ung, Ugocsa, Szabolcs, Bereg \u00e9s Zar\u00e1nd megy\u00e9ket foglalta mag\u00e1ban, k\u00e9s\u0151bb pedig S\u00e1ros, Szatm\u00e1r, Kraszna, Torna, M\u00e1ramaros v\u00e1rmegy\u00e9k \u00e9s a J\u00e1szs\u00e1g is hozz\u00e1 tartozott. A v\u00e1radi p\u00fcsp\u00f6ks\u00e9g alap\u00edt\u00e1sa el\u0151tt [&hellip;]\" \/>\n<meta property=\"og:url\" content=\"https:\/\/archivportal.hu\/index.php\/archive\/egri-foegyhazmegyei-leveltar\/\" \/>\n<meta property=\"og:site_name\" content=\"Magyar Lev\u00e9lt\u00e1ri Port\u00e1l\" \/>\n<meta property=\"article:publisher\" content=\"https:\/\/www.facebook.com\/magyarleveltarosok.egyesulete\" \/>\n<meta property=\"article:modified_time\" content=\"2025-11-27T14:27:17+00:00\" \/>\n<meta property=\"og:image\" content=\"https:\/\/archivportal.hu\/wp-content\/uploads\/2022\/06\/Egri-Foegyhazmegyei-Leveltar.jpg\" \/>\n\t<meta property=\"og:image:width\" content=\"1824\" \/>\n\t<meta property=\"og:image:height\" content=\"1368\" \/>\n\t<meta property=\"og:image:type\" content=\"image\/jpeg\" \/>\n<meta name=\"twitter:card\" content=\"summary_large_image\" \/>\n<meta name=\"twitter:label1\" content=\"Est. reading time\" \/>\n\t<meta name=\"twitter:data1\" content=\"2 minutes\" \/>\n<script type=\"application\/ld+json\" class=\"yoast-schema-graph\">{\"@context\":\"https:\\\/\\\/schema.org\",\"@graph\":[{\"@type\":\"WebPage\",\"@id\":\"https:\\\/\\\/archivportal.hu\\\/index.php\\\/archive\\\/egri-foegyhazmegyei-leveltar\\\/\",\"url\":\"https:\\\/\\\/archivportal.hu\\\/index.php\\\/archive\\\/egri-foegyhazmegyei-leveltar\\\/\",\"name\":\"Egri F\u0151egyh\u00e1zmegyei Lev\u00e9lt\u00e1r - Magyar Lev\u00e9lt\u00e1ri Port\u00e1l\",\"isPartOf\":{\"@id\":\"https:\\\/\\\/archivportal.hu\\\/#website\"},\"primaryImageOfPage\":{\"@id\":\"https:\\\/\\\/archivportal.hu\\\/index.php\\\/archive\\\/egri-foegyhazmegyei-leveltar\\\/#primaryimage\"},\"image\":{\"@id\":\"https:\\\/\\\/archivportal.hu\\\/index.php\\\/archive\\\/egri-foegyhazmegyei-leveltar\\\/#primaryimage\"},\"thumbnailUrl\":\"https:\\\/\\\/archivportal.hu\\\/wp-content\\\/uploads\\\/2022\\\/06\\\/Egri-Foegyhazmegyei-Leveltar.jpg\",\"datePublished\":\"2022-06-26T09:45:40+00:00\",\"dateModified\":\"2025-11-27T14:27:17+00:00\",\"breadcrumb\":{\"@id\":\"https:\\\/\\\/archivportal.hu\\\/index.php\\\/archive\\\/egri-foegyhazmegyei-leveltar\\\/#breadcrumb\"},\"inLanguage\":\"en-US\",\"potentialAction\":[{\"@type\":\"ReadAction\",\"target\":[\"https:\\\/\\\/archivportal.hu\\\/index.php\\\/archive\\\/egri-foegyhazmegyei-leveltar\\\/\"]}]},{\"@type\":\"ImageObject\",\"inLanguage\":\"en-US\",\"@id\":\"https:\\\/\\\/archivportal.hu\\\/index.php\\\/archive\\\/egri-foegyhazmegyei-leveltar\\\/#primaryimage\",\"url\":\"https:\\\/\\\/archivportal.hu\\\/wp-content\\\/uploads\\\/2022\\\/06\\\/Egri-Foegyhazmegyei-Leveltar.jpg\",\"contentUrl\":\"https:\\\/\\\/archivportal.hu\\\/wp-content\\\/uploads\\\/2022\\\/06\\\/Egri-Foegyhazmegyei-Leveltar.jpg\",\"width\":1824,\"height\":1368},{\"@type\":\"BreadcrumbList\",\"@id\":\"https:\\\/\\\/archivportal.hu\\\/index.php\\\/archive\\\/egri-foegyhazmegyei-leveltar\\\/#breadcrumb\",\"itemListElement\":[{\"@type\":\"ListItem\",\"position\":1,\"name\":\"Home\",\"item\":\"https:\\\/\\\/archivportal.hu\\\/\"},{\"@type\":\"ListItem\",\"position\":2,\"name\":\"Egri F\u0151egyh\u00e1zmegyei Lev\u00e9lt\u00e1r\"}]},{\"@type\":\"WebSite\",\"@id\":\"https:\\\/\\\/archivportal.hu\\\/#website\",\"url\":\"https:\\\/\\\/archivportal.hu\\\/\",\"name\":\"Magyar Lev\u00e9lt\u00e1ri Port\u00e1l\",\"description\":\"Az online foly\u00f3irat\",\"publisher\":{\"@id\":\"https:\\\/\\\/archivportal.hu\\\/#organization\"},\"potentialAction\":[{\"@type\":\"SearchAction\",\"target\":{\"@type\":\"EntryPoint\",\"urlTemplate\":\"https:\\\/\\\/archivportal.hu\\\/?s={search_term_string}\"},\"query-input\":{\"@type\":\"PropertyValueSpecification\",\"valueRequired\":true,\"valueName\":\"search_term_string\"}}],\"inLanguage\":\"en-US\"},{\"@type\":\"Organization\",\"@id\":\"https:\\\/\\\/archivportal.hu\\\/#organization\",\"name\":\"Magyar Lev\u00e9lt\u00e1ri Port\u00e1l\",\"url\":\"https:\\\/\\\/archivportal.hu\\\/\",\"logo\":{\"@type\":\"ImageObject\",\"inLanguage\":\"en-US\",\"@id\":\"https:\\\/\\\/archivportal.hu\\\/#\\\/schema\\\/logo\\\/image\\\/\",\"url\":\"https:\\\/\\\/archivportal.hu\\\/wp-content\\\/uploads\\\/2022\\\/06\\\/MLP_logo_HU.png\",\"contentUrl\":\"https:\\\/\\\/archivportal.hu\\\/wp-content\\\/uploads\\\/2022\\\/06\\\/MLP_logo_HU.png\",\"width\":1252,\"height\":144,\"caption\":\"Magyar Lev\u00e9lt\u00e1ri Port\u00e1l\"},\"image\":{\"@id\":\"https:\\\/\\\/archivportal.hu\\\/#\\\/schema\\\/logo\\\/image\\\/\"},\"sameAs\":[\"https:\\\/\\\/www.facebook.com\\\/magyarleveltarosok.egyesulete\"]}]}<\/script>\n<!-- \/ Yoast SEO plugin. -->","yoast_head_json":{"title":"Egri F\u0151egyh\u00e1zmegyei Lev\u00e9lt\u00e1r - Magyar Lev\u00e9lt\u00e1ri Port\u00e1l","robots":{"index":"index","follow":"follow","max-snippet":"max-snippet:-1","max-image-preview":"max-image-preview:large","max-video-preview":"max-video-preview:-1"},"og_locale":"en_US","og_type":"article","og_title":"Egri F\u0151egyh\u00e1zmegyei Lev\u00e9lt\u00e1r - Magyar Lev\u00e9lt\u00e1ri Port\u00e1l","og_description":"Az egri p\u00fcsp\u00f6ks\u00e9get Szent Istv\u00e1n kir\u00e1ly alap\u00edtotta, 1009-ben m\u00e1r l\u00e9tezett. Ter\u00fclete a legnagyobb volt a magyarorsz\u00e1gi p\u00fcsp\u00f6ks\u00e9gek k\u00f6z\u00fcl, Az els\u0151 id\u0151szakban Heves (\u00dajv\u00e1r), K\u00fcls\u0151-Szolnok, Borsod, Aba\u00fajv\u00e1r, Zempl\u00e9n, Ung, Ugocsa, Szabolcs, Bereg \u00e9s Zar\u00e1nd megy\u00e9ket foglalta mag\u00e1ban, k\u00e9s\u0151bb pedig S\u00e1ros, Szatm\u00e1r, Kraszna, Torna, M\u00e1ramaros v\u00e1rmegy\u00e9k \u00e9s a J\u00e1szs\u00e1g is hozz\u00e1 tartozott. A v\u00e1radi p\u00fcsp\u00f6ks\u00e9g alap\u00edt\u00e1sa el\u0151tt [&hellip;]","og_url":"https:\/\/archivportal.hu\/index.php\/archive\/egri-foegyhazmegyei-leveltar\/","og_site_name":"Magyar Lev\u00e9lt\u00e1ri Port\u00e1l","article_publisher":"https:\/\/www.facebook.com\/magyarleveltarosok.egyesulete","article_modified_time":"2025-11-27T14:27:17+00:00","og_image":[{"width":1824,"height":1368,"url":"https:\/\/archivportal.hu\/wp-content\/uploads\/2022\/06\/Egri-Foegyhazmegyei-Leveltar.jpg","type":"image\/jpeg"}],"twitter_card":"summary_large_image","twitter_misc":{"Est. reading time":"2 minutes"},"schema":{"@context":"https:\/\/schema.org","@graph":[{"@type":"WebPage","@id":"https:\/\/archivportal.hu\/index.php\/archive\/egri-foegyhazmegyei-leveltar\/","url":"https:\/\/archivportal.hu\/index.php\/archive\/egri-foegyhazmegyei-leveltar\/","name":"Egri F\u0151egyh\u00e1zmegyei Lev\u00e9lt\u00e1r - Magyar Lev\u00e9lt\u00e1ri Port\u00e1l","isPartOf":{"@id":"https:\/\/archivportal.hu\/#website"},"primaryImageOfPage":{"@id":"https:\/\/archivportal.hu\/index.php\/archive\/egri-foegyhazmegyei-leveltar\/#primaryimage"},"image":{"@id":"https:\/\/archivportal.hu\/index.php\/archive\/egri-foegyhazmegyei-leveltar\/#primaryimage"},"thumbnailUrl":"https:\/\/archivportal.hu\/wp-content\/uploads\/2022\/06\/Egri-Foegyhazmegyei-Leveltar.jpg","datePublished":"2022-06-26T09:45:40+00:00","dateModified":"2025-11-27T14:27:17+00:00","breadcrumb":{"@id":"https:\/\/archivportal.hu\/index.php\/archive\/egri-foegyhazmegyei-leveltar\/#breadcrumb"},"inLanguage":"en-US","potentialAction":[{"@type":"ReadAction","target":["https:\/\/archivportal.hu\/index.php\/archive\/egri-foegyhazmegyei-leveltar\/"]}]},{"@type":"ImageObject","inLanguage":"en-US","@id":"https:\/\/archivportal.hu\/index.php\/archive\/egri-foegyhazmegyei-leveltar\/#primaryimage","url":"https:\/\/archivportal.hu\/wp-content\/uploads\/2022\/06\/Egri-Foegyhazmegyei-Leveltar.jpg","contentUrl":"https:\/\/archivportal.hu\/wp-content\/uploads\/2022\/06\/Egri-Foegyhazmegyei-Leveltar.jpg","width":1824,"height":1368},{"@type":"BreadcrumbList","@id":"https:\/\/archivportal.hu\/index.php\/archive\/egri-foegyhazmegyei-leveltar\/#breadcrumb","itemListElement":[{"@type":"ListItem","position":1,"name":"Home","item":"https:\/\/archivportal.hu\/"},{"@type":"ListItem","position":2,"name":"Egri F\u0151egyh\u00e1zmegyei Lev\u00e9lt\u00e1r"}]},{"@type":"WebSite","@id":"https:\/\/archivportal.hu\/#website","url":"https:\/\/archivportal.hu\/","name":"Magyar Lev\u00e9lt\u00e1ri Port\u00e1l","description":"Az online foly\u00f3irat","publisher":{"@id":"https:\/\/archivportal.hu\/#organization"},"potentialAction":[{"@type":"SearchAction","target":{"@type":"EntryPoint","urlTemplate":"https:\/\/archivportal.hu\/?s={search_term_string}"},"query-input":{"@type":"PropertyValueSpecification","valueRequired":true,"valueName":"search_term_string"}}],"inLanguage":"en-US"},{"@type":"Organization","@id":"https:\/\/archivportal.hu\/#organization","name":"Magyar Lev\u00e9lt\u00e1ri Port\u00e1l","url":"https:\/\/archivportal.hu\/","logo":{"@type":"ImageObject","inLanguage":"en-US","@id":"https:\/\/archivportal.hu\/#\/schema\/logo\/image\/","url":"https:\/\/archivportal.hu\/wp-content\/uploads\/2022\/06\/MLP_logo_HU.png","contentUrl":"https:\/\/archivportal.hu\/wp-content\/uploads\/2022\/06\/MLP_logo_HU.png","width":1252,"height":144,"caption":"Magyar Lev\u00e9lt\u00e1ri Port\u00e1l"},"image":{"@id":"https:\/\/archivportal.hu\/#\/schema\/logo\/image\/"},"sameAs":["https:\/\/www.facebook.com\/magyarleveltarosok.egyesulete"]}]}},"_links":{"self":[{"href":"https:\/\/archivportal.hu\/index.php\/wp-json\/wp\/v2\/archive\/2869","targetHints":{"allow":["GET"]}}],"collection":[{"href":"https:\/\/archivportal.hu\/index.php\/wp-json\/wp\/v2\/archive"}],"about":[{"href":"https:\/\/archivportal.hu\/index.php\/wp-json\/wp\/v2\/types\/archive"}],"version-history":[{"count":5,"href":"https:\/\/archivportal.hu\/index.php\/wp-json\/wp\/v2\/archive\/2869\/revisions"}],"predecessor-version":[{"id":7783,"href":"https:\/\/archivportal.hu\/index.php\/wp-json\/wp\/v2\/archive\/2869\/revisions\/7783"}],"wp:featuredmedia":[{"embeddable":true,"href":"https:\/\/archivportal.hu\/index.php\/wp-json\/wp\/v2\/media\/3363"}],"wp:attachment":[{"href":"https:\/\/archivportal.hu\/index.php\/wp-json\/wp\/v2\/media?parent=2869"}],"wp:term":[{"taxonomy":"category","embeddable":true,"href":"https:\/\/archivportal.hu\/index.php\/wp-json\/wp\/v2\/categories?post=2869"},{"taxonomy":"post_tag","embeddable":true,"href":"https:\/\/archivportal.hu\/index.php\/wp-json\/wp\/v2\/tags?post=2869"}],"curies":[{"name":"wp","href":"https:\/\/api.w.org\/{rel}","templated":true}]}}