{"id":2897,"date":"2022-06-26T14:52:13","date_gmt":"2022-06-26T14:52:13","guid":{"rendered":"http:\/\/t1.archivportal.hu\/?post_type=archive&#038;p=2897"},"modified":"2022-06-27T20:07:30","modified_gmt":"2022-06-27T20:07:30","slug":"magyarorszagi-mindszenty-leveltar","status":"publish","type":"archive","link":"https:\/\/archivportal.hu\/index.php\/archive\/magyarorszagi-mindszenty-leveltar\/","title":{"rendered":"Magyarorsz\u00e1gi Mindszenty Lev\u00e9lt\u00e1r"},"content":{"rendered":"\n<p>Mindszenty J\u00f3zsef (1892\u20131975) b\u00edborost, esztergomi \u00e9rseket a kommunista hat\u00f3s\u00e1gok 1948-ban letart\u00f3ztatt\u00e1k majd koncepci\u00f3s perben \u00e9letfogytiglani b\u00f6rt\u00f6nb\u00fcntet\u00e9sre \u00edt\u00e9lt\u00e9k. 1956-ban a budapesti amerikai k\u00f6vets\u00e9gre menek\u00fclt, m\u00edg 1971-ben megengedt\u00e9k, hogy elhagyja Magyarorsz\u00e1got. Ezt k\u00f6vet\u0151en els\u0151sorban a k\u00fclf\u00f6ld\u00f6n, sz\u00e9tsz\u00f3rat\u00e1sban \u00e9l\u0151 magyars\u00e1g pasztor\u00e1ci\u00f3j\u00e1val foglalkozott, eg\u00e9szen az esztergomi \u00e9rseki sz\u00e9kb\u0151l val\u00f3 f\u00f6lment\u00e9s\u00e9ig (1973), s\u0151t ut\u00e1na is. Ekkor, 1972-ben hozta l\u00e9tre Lichtensteinben a Mindszenty Stiftung-ot, els\u0151sorban azzal a c\u00e9llal, hogy t\u00e1mogassa a magyar, kereszt\u00e9ny, karitat\u00edv \u00e9s kultur\u00e1lis int\u00e9zm\u00e9nyeket \u00e9s szervezeteket. Az alap\u00edtv\u00e1ny m\u00e1sik c\u00e9lja a b\u00edboros \u00edr\u00f3i hagyat\u00e9k\u00e1nak gondoz\u00e1sa volt. Ezeket a c\u00e9lkit\u0171z\u00e9seket az 1994-ben l\u00e9trej\u00f6tt Magyarorsz\u00e1gi Mindszenty Alap\u00edtv\u00e1ny is mag\u00e1\u00e9v\u00e1 tette.<\/p>\n\n\n\n<p>Mindszenty J\u00f3zsef hal\u00e1la ut\u00e1n emigr\u00e1ci\u00f3s \u00e9veib\u0151l sz\u00e1rmaz\u00f3 irathagyat\u00e9k\u00e1nak nagyobb r\u00e9sz\u00e9t Mariazellben, egy kisebb, de \u00e9rt\u00e9kesebb r\u00e9sz\u00e9t pedig Vaduzban (Lichtenstein) t\u00e1rolt\u00e1k. Az iratokat els\u0151dlegesen az 1970-es \u00e9s 1980-as \u00e9vekben Galovits Geraldine n\u0151v\u00e9r rendezte, aki tematikus dosszi\u00e9kat alak\u00edtott ki (Mindszenty a b\u00f6rt\u00f6nben, A b\u00edboros \u00e9s a magyar forradalom, Levelez\u00e9sek a k\u00f6vets\u00e9gr\u0151l, Levelek VI. P\u00e1lhoz, Eml\u00e9kiratok; Hit \u00e9s erk\u00f6lcs a kommunista Magyarorsz\u00e1gon, stb.).<\/p>\n\n\n\n<p>1994 okt\u00f3ber\u00e9ben az eg\u00e9sz anyagot Magyarorsz\u00e1gra telep\u00edtett\u00e9k. Ekkort\u00f3l a hagyat\u00e9k tulajdonosa \u00e9s kezel\u0151je a Magyarorsz\u00e1gi Mindszenty Alap\u00edtv\u00e1ny, amely 1996 \u00f3ta lev\u00e9lt\u00e1r\u00e1t nyilv\u00e1nos mag\u00e1nlev\u00e9lt\u00e1rk\u00e9nt m\u0171k\u00f6dteti. A lev\u00e9lt\u00e1r az Alap\u00edtv\u00e1ny k\u00f6zpontjak\u00e9nt is funkcion\u00e1l\u00f3 Majth\u00e9nyi L\u00e1szl\u00f3 Szal\u00e9zi Rendh\u00e1zban (Fels\u0151 Sv\u00e1bhegyi \u00fat 12.) ker\u00fclt elhelyez\u00e9sre, ahol vezet\u0151je Sz\u0151ke J\u00e1nos szal\u00e9zi szerzetes volt. Hal\u00e1la ut\u00e1n, 2012 nyar\u00e1n Kov\u00e1cs Gergely vezet\u00e9se alatt az alap\u00edtv\u00e1ny \u00e9s a lev\u00e9lt\u00e1r is a jezsuita rend Hor\u00e1nszky utcai h\u00e1z\u00e1ba k\u00f6lt\u00f6z\u00f6tt.<\/p>\n\n\n\n<p>A lev\u00e9lt\u00e1r nemcsak a b\u00edboros hagyat\u00e9k\u00e1b\u00f3l \u00e1ll\u00f3 \u201et\u00f6rzsanyagot\u201d \u0151rzi, hanem azt tov\u00e1bbi m\u00e1solatokkal is gyarap\u00edtja. 2003-ban jutott p\u00e9ld\u00e1ul a lev\u00e9lt\u00e1r birtok\u00e1ba a washingtoni Nemzeti Lev\u00e9lt\u00e1r Mindszenty b\u00edborosra vonatkoz\u00f3 anyagainak, 2004-ben pedig a b\u00edboros utols\u00f3 titk\u00e1r\u00e1nak M\u00e9sz\u00e1ros Tibor irathagyat\u00e9k\u00e1nak m\u00e1solata. Emellett sok mag\u00e1nszem\u00e9ly, illetve int\u00e9zm\u00e9ny is eljuttatta a lev\u00e9lt\u00e1rba a Mindszenty J\u00f3zsefhez kapcsol\u00f3d\u00f3 \u00edr\u00e1sos vagy k\u00e9pi eml\u00e9keit.<\/p>\n","protected":false},"excerpt":{"rendered":"<p>Mindszenty J\u00f3zsef (1892\u20131975) b\u00edborost, esztergomi \u00e9rseket a kommunista hat\u00f3s\u00e1gok 1948-ban letart\u00f3ztatt\u00e1k majd koncepci\u00f3s perben \u00e9letfogytiglani b\u00f6rt\u00f6nb\u00fcntet\u00e9sre \u00edt\u00e9lt\u00e9k. 1956-ban a budapesti amerikai k\u00f6vets\u00e9gre menek\u00fclt, m\u00edg 1971-ben megengedt\u00e9k, hogy elhagyja Magyarorsz\u00e1got. Ezt k\u00f6vet\u0151en els\u0151sorban a k\u00fclf\u00f6ld\u00f6n, sz\u00e9tsz\u00f3rat\u00e1sban \u00e9l\u0151 magyars\u00e1g pasztor\u00e1ci\u00f3j\u00e1val foglalkozott, eg\u00e9szen az esztergomi \u00e9rseki sz\u00e9kb\u0151l val\u00f3 f\u00f6lment\u00e9s\u00e9ig (1973), s\u0151t ut\u00e1na is. Ekkor, 1972-ben hozta l\u00e9tre Lichtensteinben [&hellip;]<\/p>\n","protected":false},"featured_media":3369,"template":"","meta":{"_acf_changed":false,"_links_to":"","_links_to_target":""},"categories":[17,18,11],"tags":[],"class_list":["post-2897","archive","type-archive","status-publish","has-post-thumbnail","hentry","category-egyhazi-leveltarak","category-katolikus-leveltarak","category-leveltar"],"acf":[],"yoast_head":"<!-- This site is optimized with the Yoast SEO plugin v27.5 - https:\/\/yoast.com\/product\/yoast-seo-wordpress\/ -->\n<title>Magyarorsz\u00e1gi Mindszenty Lev\u00e9lt\u00e1r - Magyar Lev\u00e9lt\u00e1ri Port\u00e1l<\/title>\n<meta name=\"robots\" content=\"index, follow, max-snippet:-1, max-image-preview:large, max-video-preview:-1\" \/>\n<meta property=\"og:locale\" content=\"en_US\" \/>\n<meta property=\"og:type\" content=\"article\" \/>\n<meta property=\"og:title\" content=\"Magyarorsz\u00e1gi Mindszenty Lev\u00e9lt\u00e1r - Magyar Lev\u00e9lt\u00e1ri Port\u00e1l\" \/>\n<meta property=\"og:description\" content=\"Mindszenty J\u00f3zsef (1892\u20131975) b\u00edborost, esztergomi \u00e9rseket a kommunista hat\u00f3s\u00e1gok 1948-ban letart\u00f3ztatt\u00e1k majd koncepci\u00f3s perben \u00e9letfogytiglani b\u00f6rt\u00f6nb\u00fcntet\u00e9sre \u00edt\u00e9lt\u00e9k. 1956-ban a budapesti amerikai k\u00f6vets\u00e9gre menek\u00fclt, m\u00edg 1971-ben megengedt\u00e9k, hogy elhagyja Magyarorsz\u00e1got. Ezt k\u00f6vet\u0151en els\u0151sorban a k\u00fclf\u00f6ld\u00f6n, sz\u00e9tsz\u00f3rat\u00e1sban \u00e9l\u0151 magyars\u00e1g pasztor\u00e1ci\u00f3j\u00e1val foglalkozott, eg\u00e9szen az esztergomi \u00e9rseki sz\u00e9kb\u0151l val\u00f3 f\u00f6lment\u00e9s\u00e9ig (1973), s\u0151t ut\u00e1na is. Ekkor, 1972-ben hozta l\u00e9tre Lichtensteinben [&hellip;]\" \/>\n<meta property=\"og:url\" content=\"https:\/\/archivportal.hu\/index.php\/archive\/magyarorszagi-mindszenty-leveltar\/\" \/>\n<meta property=\"og:site_name\" content=\"Magyar Lev\u00e9lt\u00e1ri Port\u00e1l\" \/>\n<meta property=\"article:publisher\" content=\"https:\/\/www.facebook.com\/magyarleveltarosok.egyesulete\" \/>\n<meta property=\"article:modified_time\" content=\"2022-06-27T20:07:30+00:00\" \/>\n<meta property=\"og:image\" content=\"https:\/\/archivportal.hu\/wp-content\/uploads\/2022\/06\/Magyarorszagi-Mindszenty-Leveltar.jpg\" \/>\n\t<meta property=\"og:image:width\" content=\"2048\" \/>\n\t<meta property=\"og:image:height\" content=\"1521\" \/>\n\t<meta property=\"og:image:type\" content=\"image\/jpeg\" \/>\n<meta name=\"twitter:card\" content=\"summary_large_image\" \/>\n<meta name=\"twitter:label1\" content=\"Est. reading time\" \/>\n\t<meta name=\"twitter:data1\" content=\"2 minutes\" \/>\n<script type=\"application\/ld+json\" class=\"yoast-schema-graph\">{\"@context\":\"https:\\\/\\\/schema.org\",\"@graph\":[{\"@type\":\"WebPage\",\"@id\":\"https:\\\/\\\/archivportal.hu\\\/index.php\\\/archive\\\/magyarorszagi-mindszenty-leveltar\\\/\",\"url\":\"https:\\\/\\\/archivportal.hu\\\/index.php\\\/archive\\\/magyarorszagi-mindszenty-leveltar\\\/\",\"name\":\"Magyarorsz\u00e1gi Mindszenty Lev\u00e9lt\u00e1r - Magyar Lev\u00e9lt\u00e1ri Port\u00e1l\",\"isPartOf\":{\"@id\":\"https:\\\/\\\/archivportal.hu\\\/#website\"},\"primaryImageOfPage\":{\"@id\":\"https:\\\/\\\/archivportal.hu\\\/index.php\\\/archive\\\/magyarorszagi-mindszenty-leveltar\\\/#primaryimage\"},\"image\":{\"@id\":\"https:\\\/\\\/archivportal.hu\\\/index.php\\\/archive\\\/magyarorszagi-mindszenty-leveltar\\\/#primaryimage\"},\"thumbnailUrl\":\"https:\\\/\\\/archivportal.hu\\\/wp-content\\\/uploads\\\/2022\\\/06\\\/Magyarorszagi-Mindszenty-Leveltar.jpg\",\"datePublished\":\"2022-06-26T14:52:13+00:00\",\"dateModified\":\"2022-06-27T20:07:30+00:00\",\"breadcrumb\":{\"@id\":\"https:\\\/\\\/archivportal.hu\\\/index.php\\\/archive\\\/magyarorszagi-mindszenty-leveltar\\\/#breadcrumb\"},\"inLanguage\":\"en-US\",\"potentialAction\":[{\"@type\":\"ReadAction\",\"target\":[\"https:\\\/\\\/archivportal.hu\\\/index.php\\\/archive\\\/magyarorszagi-mindszenty-leveltar\\\/\"]}]},{\"@type\":\"ImageObject\",\"inLanguage\":\"en-US\",\"@id\":\"https:\\\/\\\/archivportal.hu\\\/index.php\\\/archive\\\/magyarorszagi-mindszenty-leveltar\\\/#primaryimage\",\"url\":\"https:\\\/\\\/archivportal.hu\\\/wp-content\\\/uploads\\\/2022\\\/06\\\/Magyarorszagi-Mindszenty-Leveltar.jpg\",\"contentUrl\":\"https:\\\/\\\/archivportal.hu\\\/wp-content\\\/uploads\\\/2022\\\/06\\\/Magyarorszagi-Mindszenty-Leveltar.jpg\",\"width\":2048,\"height\":1521},{\"@type\":\"BreadcrumbList\",\"@id\":\"https:\\\/\\\/archivportal.hu\\\/index.php\\\/archive\\\/magyarorszagi-mindszenty-leveltar\\\/#breadcrumb\",\"itemListElement\":[{\"@type\":\"ListItem\",\"position\":1,\"name\":\"Home\",\"item\":\"https:\\\/\\\/archivportal.hu\\\/\"},{\"@type\":\"ListItem\",\"position\":2,\"name\":\"Magyarorsz\u00e1gi Mindszenty Lev\u00e9lt\u00e1r\"}]},{\"@type\":\"WebSite\",\"@id\":\"https:\\\/\\\/archivportal.hu\\\/#website\",\"url\":\"https:\\\/\\\/archivportal.hu\\\/\",\"name\":\"Magyar Lev\u00e9lt\u00e1ri Port\u00e1l\",\"description\":\"Az online foly\u00f3irat\",\"publisher\":{\"@id\":\"https:\\\/\\\/archivportal.hu\\\/#organization\"},\"potentialAction\":[{\"@type\":\"SearchAction\",\"target\":{\"@type\":\"EntryPoint\",\"urlTemplate\":\"https:\\\/\\\/archivportal.hu\\\/?s={search_term_string}\"},\"query-input\":{\"@type\":\"PropertyValueSpecification\",\"valueRequired\":true,\"valueName\":\"search_term_string\"}}],\"inLanguage\":\"en-US\"},{\"@type\":\"Organization\",\"@id\":\"https:\\\/\\\/archivportal.hu\\\/#organization\",\"name\":\"Magyar Lev\u00e9lt\u00e1ri Port\u00e1l\",\"url\":\"https:\\\/\\\/archivportal.hu\\\/\",\"logo\":{\"@type\":\"ImageObject\",\"inLanguage\":\"en-US\",\"@id\":\"https:\\\/\\\/archivportal.hu\\\/#\\\/schema\\\/logo\\\/image\\\/\",\"url\":\"https:\\\/\\\/archivportal.hu\\\/wp-content\\\/uploads\\\/2022\\\/06\\\/MLP_logo_HU.png\",\"contentUrl\":\"https:\\\/\\\/archivportal.hu\\\/wp-content\\\/uploads\\\/2022\\\/06\\\/MLP_logo_HU.png\",\"width\":1252,\"height\":144,\"caption\":\"Magyar Lev\u00e9lt\u00e1ri Port\u00e1l\"},\"image\":{\"@id\":\"https:\\\/\\\/archivportal.hu\\\/#\\\/schema\\\/logo\\\/image\\\/\"},\"sameAs\":[\"https:\\\/\\\/www.facebook.com\\\/magyarleveltarosok.egyesulete\"]}]}<\/script>\n<!-- \/ Yoast SEO plugin. -->","yoast_head_json":{"title":"Magyarorsz\u00e1gi Mindszenty Lev\u00e9lt\u00e1r - Magyar Lev\u00e9lt\u00e1ri Port\u00e1l","robots":{"index":"index","follow":"follow","max-snippet":"max-snippet:-1","max-image-preview":"max-image-preview:large","max-video-preview":"max-video-preview:-1"},"og_locale":"en_US","og_type":"article","og_title":"Magyarorsz\u00e1gi Mindszenty Lev\u00e9lt\u00e1r - Magyar Lev\u00e9lt\u00e1ri Port\u00e1l","og_description":"Mindszenty J\u00f3zsef (1892\u20131975) b\u00edborost, esztergomi \u00e9rseket a kommunista hat\u00f3s\u00e1gok 1948-ban letart\u00f3ztatt\u00e1k majd koncepci\u00f3s perben \u00e9letfogytiglani b\u00f6rt\u00f6nb\u00fcntet\u00e9sre \u00edt\u00e9lt\u00e9k. 1956-ban a budapesti amerikai k\u00f6vets\u00e9gre menek\u00fclt, m\u00edg 1971-ben megengedt\u00e9k, hogy elhagyja Magyarorsz\u00e1got. Ezt k\u00f6vet\u0151en els\u0151sorban a k\u00fclf\u00f6ld\u00f6n, sz\u00e9tsz\u00f3rat\u00e1sban \u00e9l\u0151 magyars\u00e1g pasztor\u00e1ci\u00f3j\u00e1val foglalkozott, eg\u00e9szen az esztergomi \u00e9rseki sz\u00e9kb\u0151l val\u00f3 f\u00f6lment\u00e9s\u00e9ig (1973), s\u0151t ut\u00e1na is. Ekkor, 1972-ben hozta l\u00e9tre Lichtensteinben [&hellip;]","og_url":"https:\/\/archivportal.hu\/index.php\/archive\/magyarorszagi-mindszenty-leveltar\/","og_site_name":"Magyar Lev\u00e9lt\u00e1ri Port\u00e1l","article_publisher":"https:\/\/www.facebook.com\/magyarleveltarosok.egyesulete","article_modified_time":"2022-06-27T20:07:30+00:00","og_image":[{"width":2048,"height":1521,"url":"https:\/\/archivportal.hu\/wp-content\/uploads\/2022\/06\/Magyarorszagi-Mindszenty-Leveltar.jpg","type":"image\/jpeg"}],"twitter_card":"summary_large_image","twitter_misc":{"Est. reading time":"2 minutes"},"schema":{"@context":"https:\/\/schema.org","@graph":[{"@type":"WebPage","@id":"https:\/\/archivportal.hu\/index.php\/archive\/magyarorszagi-mindszenty-leveltar\/","url":"https:\/\/archivportal.hu\/index.php\/archive\/magyarorszagi-mindszenty-leveltar\/","name":"Magyarorsz\u00e1gi Mindszenty Lev\u00e9lt\u00e1r - Magyar Lev\u00e9lt\u00e1ri Port\u00e1l","isPartOf":{"@id":"https:\/\/archivportal.hu\/#website"},"primaryImageOfPage":{"@id":"https:\/\/archivportal.hu\/index.php\/archive\/magyarorszagi-mindszenty-leveltar\/#primaryimage"},"image":{"@id":"https:\/\/archivportal.hu\/index.php\/archive\/magyarorszagi-mindszenty-leveltar\/#primaryimage"},"thumbnailUrl":"https:\/\/archivportal.hu\/wp-content\/uploads\/2022\/06\/Magyarorszagi-Mindszenty-Leveltar.jpg","datePublished":"2022-06-26T14:52:13+00:00","dateModified":"2022-06-27T20:07:30+00:00","breadcrumb":{"@id":"https:\/\/archivportal.hu\/index.php\/archive\/magyarorszagi-mindszenty-leveltar\/#breadcrumb"},"inLanguage":"en-US","potentialAction":[{"@type":"ReadAction","target":["https:\/\/archivportal.hu\/index.php\/archive\/magyarorszagi-mindszenty-leveltar\/"]}]},{"@type":"ImageObject","inLanguage":"en-US","@id":"https:\/\/archivportal.hu\/index.php\/archive\/magyarorszagi-mindszenty-leveltar\/#primaryimage","url":"https:\/\/archivportal.hu\/wp-content\/uploads\/2022\/06\/Magyarorszagi-Mindszenty-Leveltar.jpg","contentUrl":"https:\/\/archivportal.hu\/wp-content\/uploads\/2022\/06\/Magyarorszagi-Mindszenty-Leveltar.jpg","width":2048,"height":1521},{"@type":"BreadcrumbList","@id":"https:\/\/archivportal.hu\/index.php\/archive\/magyarorszagi-mindszenty-leveltar\/#breadcrumb","itemListElement":[{"@type":"ListItem","position":1,"name":"Home","item":"https:\/\/archivportal.hu\/"},{"@type":"ListItem","position":2,"name":"Magyarorsz\u00e1gi Mindszenty Lev\u00e9lt\u00e1r"}]},{"@type":"WebSite","@id":"https:\/\/archivportal.hu\/#website","url":"https:\/\/archivportal.hu\/","name":"Magyar Lev\u00e9lt\u00e1ri Port\u00e1l","description":"Az online foly\u00f3irat","publisher":{"@id":"https:\/\/archivportal.hu\/#organization"},"potentialAction":[{"@type":"SearchAction","target":{"@type":"EntryPoint","urlTemplate":"https:\/\/archivportal.hu\/?s={search_term_string}"},"query-input":{"@type":"PropertyValueSpecification","valueRequired":true,"valueName":"search_term_string"}}],"inLanguage":"en-US"},{"@type":"Organization","@id":"https:\/\/archivportal.hu\/#organization","name":"Magyar Lev\u00e9lt\u00e1ri Port\u00e1l","url":"https:\/\/archivportal.hu\/","logo":{"@type":"ImageObject","inLanguage":"en-US","@id":"https:\/\/archivportal.hu\/#\/schema\/logo\/image\/","url":"https:\/\/archivportal.hu\/wp-content\/uploads\/2022\/06\/MLP_logo_HU.png","contentUrl":"https:\/\/archivportal.hu\/wp-content\/uploads\/2022\/06\/MLP_logo_HU.png","width":1252,"height":144,"caption":"Magyar Lev\u00e9lt\u00e1ri Port\u00e1l"},"image":{"@id":"https:\/\/archivportal.hu\/#\/schema\/logo\/image\/"},"sameAs":["https:\/\/www.facebook.com\/magyarleveltarosok.egyesulete"]}]}},"_links":{"self":[{"href":"https:\/\/archivportal.hu\/index.php\/wp-json\/wp\/v2\/archive\/2897","targetHints":{"allow":["GET"]}}],"collection":[{"href":"https:\/\/archivportal.hu\/index.php\/wp-json\/wp\/v2\/archive"}],"about":[{"href":"https:\/\/archivportal.hu\/index.php\/wp-json\/wp\/v2\/types\/archive"}],"version-history":[{"count":4,"href":"https:\/\/archivportal.hu\/index.php\/wp-json\/wp\/v2\/archive\/2897\/revisions"}],"predecessor-version":[{"id":3503,"href":"https:\/\/archivportal.hu\/index.php\/wp-json\/wp\/v2\/archive\/2897\/revisions\/3503"}],"wp:featuredmedia":[{"embeddable":true,"href":"https:\/\/archivportal.hu\/index.php\/wp-json\/wp\/v2\/media\/3369"}],"wp:attachment":[{"href":"https:\/\/archivportal.hu\/index.php\/wp-json\/wp\/v2\/media?parent=2897"}],"wp:term":[{"taxonomy":"category","embeddable":true,"href":"https:\/\/archivportal.hu\/index.php\/wp-json\/wp\/v2\/categories?post=2897"},{"taxonomy":"post_tag","embeddable":true,"href":"https:\/\/archivportal.hu\/index.php\/wp-json\/wp\/v2\/tags?post=2897"}],"curies":[{"name":"wp","href":"https:\/\/api.w.org\/{rel}","templated":true}]}}