{"id":2946,"date":"2022-06-26T15:56:16","date_gmt":"2022-06-26T15:56:16","guid":{"rendered":"http:\/\/t1.archivportal.hu\/?post_type=archive&#038;p=2946"},"modified":"2025-12-04T19:21:01","modified_gmt":"2025-12-04T19:21:01","slug":"dunamelleki-reformatus-egyhazkerulet-raday-leveltara","status":"publish","type":"archive","link":"https:\/\/archivportal.hu\/index.php\/archive\/dunamelleki-reformatus-egyhazkerulet-raday-leveltara\/","title":{"rendered":"Dunamell\u00e9ki Reform\u00e1tus Egyh\u00e1zker\u00fclet R\u00e1day Lev\u00e9lt\u00e1ra"},"content":{"rendered":"\n<p>Az egyh\u00e1zker\u00fclet a reform\u00e1ci\u00f3 sz\u00e1zad\u00e1ban alakult ki. Als\u00f3dunamell\u00e9kinek is nevezt\u00e9k, mert a Duna d\u00e9li foly\u00e1sa ment\u00e9n fekv\u0151 gy\u00fclekezeteket foglalta mag\u00e1ba (megk\u00fcl\u00f6nb\u00f6ztetend\u0151 a fels\u0151dunamell\u00e9kit\u0151l, amely ut\u00f3bb a dun\u00e1nt\u00fali egyh\u00e1zker\u00fcletbe olvadt be). Fels\u0151baranyai, r\u00e1ckevei, pataji \u00e9s pesti n\u00e9ven is emlegett\u00e9k, a p\u00fcsp\u00f6k szolg\u00e1lati hely\u00e9t\u0151l f\u00fcgg\u0151en. Keletkez\u00e9s\u00e9t akkora lehet tenni, amikor Szegedi Kis Istv\u00e1n baranyai p\u00fcsp\u00f6k 1563-ban R\u00e1ckev\u00e9re telep\u00fclt, \u00e9s gondoz\u00e1s\u00e1t a k\u00f6zel\u00e9ben fekv\u0151 r\u00e9szekre is kiterjesztette. Miut\u00e1n 1608-ban a baranyai ker\u00fclet k\u00fcl\u00f6nv\u00e1lt, a dunamell\u00e9ki ker\u00fcletnek \u00f6t egyh\u00e1zmegy\u00e9je (<em>tractus<\/em>) volt (tolnai, v\u00e9rtesaljai, pesti, kecskem\u00e9ti, solti). 1629-t\u0151l hozz\u00e1 tartozott a dun\u00e1nt\u00fali egyh\u00e1zker\u00fcletb\u0151l kiv\u00e1lt k\u00fcls\u0151-somogyi, 1714-t\u0151l pedig ism\u00e9t az als\u00f3- \u00e9s fels\u0151baranyai egyh\u00e1zmegy\u00e9k is. Ter\u00fclet\u00e9t \u00e9rint\u0151 nagy v\u00e1ltoz\u00e1st jelentett 1920-ban az als\u00f3baranya-b\u00e1csi-szlav\u00f3niai egyh\u00e1zmegye t\u00falnyom\u00f3 r\u00e9sz\u00e9nek Jugoszl\u00e1vi\u00e1hoz csatol\u00e1sa. Ek\u00f6zben a budapesti egyh\u00e1zmegy\u00e9nek 1932-ben, a pestk\u00f6rny\u00e9kinek 1938-ban t\u00f6rt\u00e9nt megalak\u00edt\u00e1s\u00e1val az egyh\u00e1zmegy\u00e9k sz\u00e1ma kilencre n\u00f6vekedett. (1955-t\u0151l ilyen form\u00e1ban megsz\u0171ntek, helyett\u00fck \u00e9szak- \u00e9s d\u00e9lpesti egyh\u00e1zmegy\u00e9k alakultak.) Miut\u00e1n az 1952. \u00e9vi orsz\u00e1gos konvent \u00fajrarendezte a ker\u00fcletek \u00e9s az egyh\u00e1zmegy\u00e9k hat\u00e1rait, a k\u00fcls\u0151somogyi traktus nagy r\u00e9sz\u00e9t a dun\u00e1nt\u00fali egyh\u00e1zker\u00fclet kebelezte be, a hatvani \u00e9s gy\u00f6ngy\u00f6si j\u00e1r\u00e1s pedig az \u00e9szak-pesti egyh\u00e1zmegye r\u00e9sze lett.<\/p>\n\n\n\n<p>&nbsp;Az egyh\u00e1zker\u00fcleti lev\u00e9lt\u00e1rat kezdetben maguk a p\u00fcsp\u00f6k\u00f6k kezelt\u00e9k, m\u00e9g a 19. sz\u00e1zad els\u0151 fel\u00e9ben is, b\u00e1r akkor m\u00e1r a f\u0151jegyz\u0151kn\u00e9l is gy\u0171ltek iratok. Az egyh\u00e1zker\u00fcleti jegyz\u0151k\u00f6nyvek sora 1626-t\u00f3l maradt f\u00f6nn (<em>Protocollum Simandinum<\/em>). A 18. sz\u00e1zad v\u00e9g\u00e9ig ezekbe is maguk a p\u00fcsp\u00f6k\u00f6k jegyezt\u00e9k be a szin\u00f3dusok hat\u00e1rozatait \u00e9s egy\u00e9b fontos dolgokat. Ebb\u0151l a korb\u00f3l egy\u00e9b egyh\u00e1zker\u00fcleti irat alig maradt f\u00f6nn, amely a p\u00fcsp\u00f6ki sz\u00e9khely v\u00e1ltoz\u00e1saival \u00e9s a h\u00e1bor\u00fas viszonyokkal magyar\u00e1zhat\u00f3. Igazgat\u00e1si iratok az 1790-es \u00e9vekt\u0151l, az egyh\u00e1zmegy\u00e9k jegyz\u0151k\u00f6nyvei az 1700-as \u00e9vek m\u00e1sodik fel\u00e9t\u0151l vannak meg.<\/p>\n\n\n\n<p>Az 1838-as pesti \u00e1rv\u00edz el\u0151l a lev\u00e9lt\u00e1rat a pesti egyh\u00e1zk\u00f6zs\u00e9g K\u00e1lvin-t\u00e9ri h\u00e1z\u00e1b\u00f3l Kecskem\u00e9tre kellett menek\u00edteni, ez\u00e9rt a k\u00f6vetkez\u0151 \u00e9vben megkezdt\u00e9k a sz\u00e1ll\u00edt\u00e1s sor\u00e1n \u00f6sszekeveredett egyh\u00e1zker\u00fcleti iratok rendez\u00e9s\u00e9t. A rendez\u00e9s sor\u00e1n 21 t\u00e1rgyi (az ABC bet\u0171ivel jelzett) csoportot alak\u00edtottak ki (iskola\u00fcgyek, repraesentati\u00f3k, tractusok \u00fcgyei, stb.), \u00e9s az eg\u00e9szr\u0151l darabszint\u0171 elenchust k\u00e9sz\u00edtettek. Az 1840\u20131849. \u00e9vi iratokat is bevezett\u00e9k az 1839-ben f\u00f6lfektetett elenchusba, de (mivel kiss\u00e9 \u00e1trendezt\u00e9k az iratokat) a Q-bet\u0171ig \u00faj elenchust is k\u00e9sz\u00edtettek (Peth\u0151-f\u00e9le regestrum). Hasonl\u00f3k\u00e9ppen rendezt\u00e9k k\u00e9s\u0151bb az 1850\u20131859. \u00e9vek iratait, de az 1860\u20131884 k\u00f6z\u00f6tt keletkezett iratokat m\u00e1r csak \u00e9vente h\u00e1rom t\u00e1rgyi csoportba rendezt\u00e9k. 1884-t\u0151l kezdt\u00e9k meg az iratok hagyom\u00e1nyos iktat\u00e1s\u00e1t \u00e9s t\u00e1rgymutat\u00f3z\u00e1s\u00e1t.<\/p>\n\n\n\n<p>A lev\u00e9lt\u00e1r a 20. sz\u00e1zad elej\u00e9t\u0151l sz\u00e1m\u00edt nyilv\u00e1nos kutat\u00f3helynek. A kutat\u00f3k sz\u00e1m\u00e1ra 1913-ban ny\u00edlt meg a budapesti teol\u00f3giai akad\u00e9mi\u00e1val k\u00f6z\u00f6s R\u00e1day utcai \u00e9p\u00fcletben. A k\u00f6nyvt\u00e1r \u00e9s a lev\u00e9lt\u00e1r \u0151r\u00e9nek tiszt\u00e9t Hamar Istv\u00e1n teol\u00f3giai tan\u00e1r l\u00e1tta el. Val\u00f3di tudom\u00e1nyos m\u0171helly\u00e9 a lev\u00e9lt\u00e1r 1951 \u00e9s 1957 k\u00f6z\u00f6tt v\u00e1lt, Benda K\u00e1lm\u00e1n lev\u00e9lt\u00e1rosi tev\u00e9kenys\u00e9ge nyom\u00e1n. 1955-ben a k\u00f6nyvt\u00e1rat is mag\u00e1ban foglal\u00f3 R\u00e1day Gy\u0171jtem\u00e9ny r\u00e9sz\u00e9v\u00e9 v\u00e1lt, \u00e9s ennek folyom\u00e1nyak\u00e9nt a lev\u00e9lt\u00e1rhoz ker\u00fclt a R\u00e1day-k\u00f6nyvt\u00e1r lev\u00e9lt\u00e1ri anyaga (kb. 150 fm), k\u00f6zte a R\u00e1day csal\u00e1d lev\u00e9lt\u00e1ra \u00e9s protest\u00e1ns \u00e1gensek ott \u0151rz\u00f6tt iratai (<em>Archivum agentiale<\/em>). A R\u00e1day Gy\u0171jtem\u00e9nyen bel\u00fcl a lev\u00e9lt\u00e1r \u00f6n\u00e1ll\u00f3an m\u0171k\u00f6d\u00f6tt, 1970-t\u0151l szaklev\u00e9lt\u00e1rk\u00e9nt, majd az 1995-t\u0151l \u201enyilv\u00e1nos mag\u00e1nlev\u00e9lt\u00e1rk\u00e9nt\u201d. Ek\u00f6zben 1960-t\u00f3l kezdve az egyh\u00e1zker\u00fclethez tartoz\u00f3 k\u00fcl\u00f6nf\u00e9le szervek anyag\u00e1nak begy\u0171jt\u00e9s\u00e9vel a lev\u00e9lt\u00e1r anyaga nagym\u00e9rt\u00e9kben megn\u00f6vekedett. Az 1990-es \u00e9vekt\u0151l a hagyom\u00e1nyos seg\u00e9dletek mellett t\u00f6bb t\u00edzezer adatsornyi digit\u00e1lis seg\u00e9dletet is r\u00f6gz\u00edtettek sz\u00e1m\u00edt\u00f3g\u00e9pen.<\/p>\n","protected":false},"excerpt":{"rendered":"<p>Az egyh\u00e1zker\u00fclet a reform\u00e1ci\u00f3 sz\u00e1zad\u00e1ban alakult ki. Als\u00f3dunamell\u00e9kinek is nevezt\u00e9k, mert a Duna d\u00e9li foly\u00e1sa ment\u00e9n fekv\u0151 gy\u00fclekezeteket foglalta mag\u00e1ba (megk\u00fcl\u00f6nb\u00f6ztetend\u0151 a fels\u0151dunamell\u00e9kit\u0151l, amely ut\u00f3bb a dun\u00e1nt\u00fali egyh\u00e1zker\u00fcletbe olvadt be). Fels\u0151baranyai, r\u00e1ckevei, pataji \u00e9s pesti n\u00e9ven is emlegett\u00e9k, a p\u00fcsp\u00f6k szolg\u00e1lati hely\u00e9t\u0151l f\u00fcgg\u0151en. Keletkez\u00e9s\u00e9t akkora lehet tenni, amikor Szegedi Kis Istv\u00e1n baranyai p\u00fcsp\u00f6k 1563-ban R\u00e1ckev\u00e9re [&hellip;]<\/p>\n","protected":false},"featured_media":3378,"template":"","meta":{"_acf_changed":false,"_links_to":"","_links_to_target":""},"categories":[17,11,26],"tags":[],"class_list":["post-2946","archive","type-archive","status-publish","has-post-thumbnail","hentry","category-egyhazi-leveltarak","category-leveltar","category-reformatus-leveltarak"],"acf":[],"yoast_head":"<!-- This site is optimized with the Yoast SEO plugin v27.5 - https:\/\/yoast.com\/product\/yoast-seo-wordpress\/ -->\n<title>Dunamell\u00e9ki Reform\u00e1tus Egyh\u00e1zker\u00fclet R\u00e1day Lev\u00e9lt\u00e1ra - Magyar Lev\u00e9lt\u00e1ri Port\u00e1l<\/title>\n<meta name=\"robots\" content=\"index, follow, max-snippet:-1, max-image-preview:large, max-video-preview:-1\" \/>\n<meta property=\"og:locale\" content=\"en_US\" \/>\n<meta property=\"og:type\" content=\"article\" \/>\n<meta property=\"og:title\" content=\"Dunamell\u00e9ki Reform\u00e1tus Egyh\u00e1zker\u00fclet R\u00e1day Lev\u00e9lt\u00e1ra - Magyar Lev\u00e9lt\u00e1ri Port\u00e1l\" \/>\n<meta property=\"og:description\" content=\"Az egyh\u00e1zker\u00fclet a reform\u00e1ci\u00f3 sz\u00e1zad\u00e1ban alakult ki. Als\u00f3dunamell\u00e9kinek is nevezt\u00e9k, mert a Duna d\u00e9li foly\u00e1sa ment\u00e9n fekv\u0151 gy\u00fclekezeteket foglalta mag\u00e1ba (megk\u00fcl\u00f6nb\u00f6ztetend\u0151 a fels\u0151dunamell\u00e9kit\u0151l, amely ut\u00f3bb a dun\u00e1nt\u00fali egyh\u00e1zker\u00fcletbe olvadt be). Fels\u0151baranyai, r\u00e1ckevei, pataji \u00e9s pesti n\u00e9ven is emlegett\u00e9k, a p\u00fcsp\u00f6k szolg\u00e1lati hely\u00e9t\u0151l f\u00fcgg\u0151en. Keletkez\u00e9s\u00e9t akkora lehet tenni, amikor Szegedi Kis Istv\u00e1n baranyai p\u00fcsp\u00f6k 1563-ban R\u00e1ckev\u00e9re [&hellip;]\" \/>\n<meta property=\"og:url\" content=\"https:\/\/archivportal.hu\/index.php\/archive\/dunamelleki-reformatus-egyhazkerulet-raday-leveltara\/\" \/>\n<meta property=\"og:site_name\" content=\"Magyar Lev\u00e9lt\u00e1ri Port\u00e1l\" \/>\n<meta property=\"article:publisher\" content=\"https:\/\/www.facebook.com\/magyarleveltarosok.egyesulete\" \/>\n<meta property=\"article:modified_time\" content=\"2025-12-04T19:21:01+00:00\" \/>\n<meta property=\"og:image\" content=\"https:\/\/archivportal.hu\/wp-content\/uploads\/2022\/06\/Dunamelleki-Reformatus-Egyhazkerulet-Raday-Leveltara.jpg\" \/>\n\t<meta property=\"og:image:width\" content=\"1007\" \/>\n\t<meta property=\"og:image:height\" content=\"504\" \/>\n\t<meta property=\"og:image:type\" content=\"image\/jpeg\" \/>\n<meta name=\"twitter:card\" content=\"summary_large_image\" \/>\n<meta name=\"twitter:label1\" content=\"Est. reading time\" \/>\n\t<meta name=\"twitter:data1\" content=\"3 minutes\" \/>\n<script type=\"application\/ld+json\" class=\"yoast-schema-graph\">{\"@context\":\"https:\\\/\\\/schema.org\",\"@graph\":[{\"@type\":\"WebPage\",\"@id\":\"https:\\\/\\\/archivportal.hu\\\/index.php\\\/archive\\\/dunamelleki-reformatus-egyhazkerulet-raday-leveltara\\\/\",\"url\":\"https:\\\/\\\/archivportal.hu\\\/index.php\\\/archive\\\/dunamelleki-reformatus-egyhazkerulet-raday-leveltara\\\/\",\"name\":\"Dunamell\u00e9ki Reform\u00e1tus Egyh\u00e1zker\u00fclet R\u00e1day Lev\u00e9lt\u00e1ra - Magyar Lev\u00e9lt\u00e1ri Port\u00e1l\",\"isPartOf\":{\"@id\":\"https:\\\/\\\/archivportal.hu\\\/#website\"},\"primaryImageOfPage\":{\"@id\":\"https:\\\/\\\/archivportal.hu\\\/index.php\\\/archive\\\/dunamelleki-reformatus-egyhazkerulet-raday-leveltara\\\/#primaryimage\"},\"image\":{\"@id\":\"https:\\\/\\\/archivportal.hu\\\/index.php\\\/archive\\\/dunamelleki-reformatus-egyhazkerulet-raday-leveltara\\\/#primaryimage\"},\"thumbnailUrl\":\"https:\\\/\\\/archivportal.hu\\\/wp-content\\\/uploads\\\/2022\\\/06\\\/Dunamelleki-Reformatus-Egyhazkerulet-Raday-Leveltara.jpg\",\"datePublished\":\"2022-06-26T15:56:16+00:00\",\"dateModified\":\"2025-12-04T19:21:01+00:00\",\"breadcrumb\":{\"@id\":\"https:\\\/\\\/archivportal.hu\\\/index.php\\\/archive\\\/dunamelleki-reformatus-egyhazkerulet-raday-leveltara\\\/#breadcrumb\"},\"inLanguage\":\"en-US\",\"potentialAction\":[{\"@type\":\"ReadAction\",\"target\":[\"https:\\\/\\\/archivportal.hu\\\/index.php\\\/archive\\\/dunamelleki-reformatus-egyhazkerulet-raday-leveltara\\\/\"]}]},{\"@type\":\"ImageObject\",\"inLanguage\":\"en-US\",\"@id\":\"https:\\\/\\\/archivportal.hu\\\/index.php\\\/archive\\\/dunamelleki-reformatus-egyhazkerulet-raday-leveltara\\\/#primaryimage\",\"url\":\"https:\\\/\\\/archivportal.hu\\\/wp-content\\\/uploads\\\/2022\\\/06\\\/Dunamelleki-Reformatus-Egyhazkerulet-Raday-Leveltara.jpg\",\"contentUrl\":\"https:\\\/\\\/archivportal.hu\\\/wp-content\\\/uploads\\\/2022\\\/06\\\/Dunamelleki-Reformatus-Egyhazkerulet-Raday-Leveltara.jpg\",\"width\":1007,\"height\":504},{\"@type\":\"BreadcrumbList\",\"@id\":\"https:\\\/\\\/archivportal.hu\\\/index.php\\\/archive\\\/dunamelleki-reformatus-egyhazkerulet-raday-leveltara\\\/#breadcrumb\",\"itemListElement\":[{\"@type\":\"ListItem\",\"position\":1,\"name\":\"Home\",\"item\":\"https:\\\/\\\/archivportal.hu\\\/\"},{\"@type\":\"ListItem\",\"position\":2,\"name\":\"Dunamell\u00e9ki Reform\u00e1tus Egyh\u00e1zker\u00fclet R\u00e1day Lev\u00e9lt\u00e1ra\"}]},{\"@type\":\"WebSite\",\"@id\":\"https:\\\/\\\/archivportal.hu\\\/#website\",\"url\":\"https:\\\/\\\/archivportal.hu\\\/\",\"name\":\"Magyar Lev\u00e9lt\u00e1ri Port\u00e1l\",\"description\":\"Az online foly\u00f3irat\",\"publisher\":{\"@id\":\"https:\\\/\\\/archivportal.hu\\\/#organization\"},\"potentialAction\":[{\"@type\":\"SearchAction\",\"target\":{\"@type\":\"EntryPoint\",\"urlTemplate\":\"https:\\\/\\\/archivportal.hu\\\/?s={search_term_string}\"},\"query-input\":{\"@type\":\"PropertyValueSpecification\",\"valueRequired\":true,\"valueName\":\"search_term_string\"}}],\"inLanguage\":\"en-US\"},{\"@type\":\"Organization\",\"@id\":\"https:\\\/\\\/archivportal.hu\\\/#organization\",\"name\":\"Magyar Lev\u00e9lt\u00e1ri Port\u00e1l\",\"url\":\"https:\\\/\\\/archivportal.hu\\\/\",\"logo\":{\"@type\":\"ImageObject\",\"inLanguage\":\"en-US\",\"@id\":\"https:\\\/\\\/archivportal.hu\\\/#\\\/schema\\\/logo\\\/image\\\/\",\"url\":\"https:\\\/\\\/archivportal.hu\\\/wp-content\\\/uploads\\\/2022\\\/06\\\/MLP_logo_HU.png\",\"contentUrl\":\"https:\\\/\\\/archivportal.hu\\\/wp-content\\\/uploads\\\/2022\\\/06\\\/MLP_logo_HU.png\",\"width\":1252,\"height\":144,\"caption\":\"Magyar Lev\u00e9lt\u00e1ri Port\u00e1l\"},\"image\":{\"@id\":\"https:\\\/\\\/archivportal.hu\\\/#\\\/schema\\\/logo\\\/image\\\/\"},\"sameAs\":[\"https:\\\/\\\/www.facebook.com\\\/magyarleveltarosok.egyesulete\"]}]}<\/script>\n<!-- \/ Yoast SEO plugin. -->","yoast_head_json":{"title":"Dunamell\u00e9ki Reform\u00e1tus Egyh\u00e1zker\u00fclet R\u00e1day Lev\u00e9lt\u00e1ra - Magyar Lev\u00e9lt\u00e1ri Port\u00e1l","robots":{"index":"index","follow":"follow","max-snippet":"max-snippet:-1","max-image-preview":"max-image-preview:large","max-video-preview":"max-video-preview:-1"},"og_locale":"en_US","og_type":"article","og_title":"Dunamell\u00e9ki Reform\u00e1tus Egyh\u00e1zker\u00fclet R\u00e1day Lev\u00e9lt\u00e1ra - Magyar Lev\u00e9lt\u00e1ri Port\u00e1l","og_description":"Az egyh\u00e1zker\u00fclet a reform\u00e1ci\u00f3 sz\u00e1zad\u00e1ban alakult ki. Als\u00f3dunamell\u00e9kinek is nevezt\u00e9k, mert a Duna d\u00e9li foly\u00e1sa ment\u00e9n fekv\u0151 gy\u00fclekezeteket foglalta mag\u00e1ba (megk\u00fcl\u00f6nb\u00f6ztetend\u0151 a fels\u0151dunamell\u00e9kit\u0151l, amely ut\u00f3bb a dun\u00e1nt\u00fali egyh\u00e1zker\u00fcletbe olvadt be). Fels\u0151baranyai, r\u00e1ckevei, pataji \u00e9s pesti n\u00e9ven is emlegett\u00e9k, a p\u00fcsp\u00f6k szolg\u00e1lati hely\u00e9t\u0151l f\u00fcgg\u0151en. Keletkez\u00e9s\u00e9t akkora lehet tenni, amikor Szegedi Kis Istv\u00e1n baranyai p\u00fcsp\u00f6k 1563-ban R\u00e1ckev\u00e9re [&hellip;]","og_url":"https:\/\/archivportal.hu\/index.php\/archive\/dunamelleki-reformatus-egyhazkerulet-raday-leveltara\/","og_site_name":"Magyar Lev\u00e9lt\u00e1ri Port\u00e1l","article_publisher":"https:\/\/www.facebook.com\/magyarleveltarosok.egyesulete","article_modified_time":"2025-12-04T19:21:01+00:00","og_image":[{"width":1007,"height":504,"url":"https:\/\/archivportal.hu\/wp-content\/uploads\/2022\/06\/Dunamelleki-Reformatus-Egyhazkerulet-Raday-Leveltara.jpg","type":"image\/jpeg"}],"twitter_card":"summary_large_image","twitter_misc":{"Est. reading time":"3 minutes"},"schema":{"@context":"https:\/\/schema.org","@graph":[{"@type":"WebPage","@id":"https:\/\/archivportal.hu\/index.php\/archive\/dunamelleki-reformatus-egyhazkerulet-raday-leveltara\/","url":"https:\/\/archivportal.hu\/index.php\/archive\/dunamelleki-reformatus-egyhazkerulet-raday-leveltara\/","name":"Dunamell\u00e9ki Reform\u00e1tus Egyh\u00e1zker\u00fclet R\u00e1day Lev\u00e9lt\u00e1ra - Magyar Lev\u00e9lt\u00e1ri Port\u00e1l","isPartOf":{"@id":"https:\/\/archivportal.hu\/#website"},"primaryImageOfPage":{"@id":"https:\/\/archivportal.hu\/index.php\/archive\/dunamelleki-reformatus-egyhazkerulet-raday-leveltara\/#primaryimage"},"image":{"@id":"https:\/\/archivportal.hu\/index.php\/archive\/dunamelleki-reformatus-egyhazkerulet-raday-leveltara\/#primaryimage"},"thumbnailUrl":"https:\/\/archivportal.hu\/wp-content\/uploads\/2022\/06\/Dunamelleki-Reformatus-Egyhazkerulet-Raday-Leveltara.jpg","datePublished":"2022-06-26T15:56:16+00:00","dateModified":"2025-12-04T19:21:01+00:00","breadcrumb":{"@id":"https:\/\/archivportal.hu\/index.php\/archive\/dunamelleki-reformatus-egyhazkerulet-raday-leveltara\/#breadcrumb"},"inLanguage":"en-US","potentialAction":[{"@type":"ReadAction","target":["https:\/\/archivportal.hu\/index.php\/archive\/dunamelleki-reformatus-egyhazkerulet-raday-leveltara\/"]}]},{"@type":"ImageObject","inLanguage":"en-US","@id":"https:\/\/archivportal.hu\/index.php\/archive\/dunamelleki-reformatus-egyhazkerulet-raday-leveltara\/#primaryimage","url":"https:\/\/archivportal.hu\/wp-content\/uploads\/2022\/06\/Dunamelleki-Reformatus-Egyhazkerulet-Raday-Leveltara.jpg","contentUrl":"https:\/\/archivportal.hu\/wp-content\/uploads\/2022\/06\/Dunamelleki-Reformatus-Egyhazkerulet-Raday-Leveltara.jpg","width":1007,"height":504},{"@type":"BreadcrumbList","@id":"https:\/\/archivportal.hu\/index.php\/archive\/dunamelleki-reformatus-egyhazkerulet-raday-leveltara\/#breadcrumb","itemListElement":[{"@type":"ListItem","position":1,"name":"Home","item":"https:\/\/archivportal.hu\/"},{"@type":"ListItem","position":2,"name":"Dunamell\u00e9ki Reform\u00e1tus Egyh\u00e1zker\u00fclet R\u00e1day Lev\u00e9lt\u00e1ra"}]},{"@type":"WebSite","@id":"https:\/\/archivportal.hu\/#website","url":"https:\/\/archivportal.hu\/","name":"Magyar Lev\u00e9lt\u00e1ri Port\u00e1l","description":"Az online foly\u00f3irat","publisher":{"@id":"https:\/\/archivportal.hu\/#organization"},"potentialAction":[{"@type":"SearchAction","target":{"@type":"EntryPoint","urlTemplate":"https:\/\/archivportal.hu\/?s={search_term_string}"},"query-input":{"@type":"PropertyValueSpecification","valueRequired":true,"valueName":"search_term_string"}}],"inLanguage":"en-US"},{"@type":"Organization","@id":"https:\/\/archivportal.hu\/#organization","name":"Magyar Lev\u00e9lt\u00e1ri Port\u00e1l","url":"https:\/\/archivportal.hu\/","logo":{"@type":"ImageObject","inLanguage":"en-US","@id":"https:\/\/archivportal.hu\/#\/schema\/logo\/image\/","url":"https:\/\/archivportal.hu\/wp-content\/uploads\/2022\/06\/MLP_logo_HU.png","contentUrl":"https:\/\/archivportal.hu\/wp-content\/uploads\/2022\/06\/MLP_logo_HU.png","width":1252,"height":144,"caption":"Magyar Lev\u00e9lt\u00e1ri Port\u00e1l"},"image":{"@id":"https:\/\/archivportal.hu\/#\/schema\/logo\/image\/"},"sameAs":["https:\/\/www.facebook.com\/magyarleveltarosok.egyesulete"]}]}},"_links":{"self":[{"href":"https:\/\/archivportal.hu\/index.php\/wp-json\/wp\/v2\/archive\/2946","targetHints":{"allow":["GET"]}}],"collection":[{"href":"https:\/\/archivportal.hu\/index.php\/wp-json\/wp\/v2\/archive"}],"about":[{"href":"https:\/\/archivportal.hu\/index.php\/wp-json\/wp\/v2\/types\/archive"}],"version-history":[{"count":4,"href":"https:\/\/archivportal.hu\/index.php\/wp-json\/wp\/v2\/archive\/2946\/revisions"}],"predecessor-version":[{"id":7847,"href":"https:\/\/archivportal.hu\/index.php\/wp-json\/wp\/v2\/archive\/2946\/revisions\/7847"}],"wp:featuredmedia":[{"embeddable":true,"href":"https:\/\/archivportal.hu\/index.php\/wp-json\/wp\/v2\/media\/3378"}],"wp:attachment":[{"href":"https:\/\/archivportal.hu\/index.php\/wp-json\/wp\/v2\/media?parent=2946"}],"wp:term":[{"taxonomy":"category","embeddable":true,"href":"https:\/\/archivportal.hu\/index.php\/wp-json\/wp\/v2\/categories?post=2946"},{"taxonomy":"post_tag","embeddable":true,"href":"https:\/\/archivportal.hu\/index.php\/wp-json\/wp\/v2\/tags?post=2946"}],"curies":[{"name":"wp","href":"https:\/\/api.w.org\/{rel}","templated":true}]}}