{"id":2953,"date":"2022-06-26T16:03:15","date_gmt":"2022-06-26T16:03:15","guid":{"rendered":"http:\/\/t1.archivportal.hu\/?post_type=archive&#038;p=2953"},"modified":"2025-12-01T13:31:28","modified_gmt":"2025-12-01T13:31:28","slug":"papai-reformatus-gyujtemenyek-leveltar","status":"publish","type":"archive","link":"https:\/\/archivportal.hu\/index.php\/archive\/papai-reformatus-gyujtemenyek-leveltar\/","title":{"rendered":"Dun\u00e1nt\u00fali Reform\u00e1tus Egyh\u00e1zker\u00fclet Lev\u00e9lt\u00e1ra"},"content":{"rendered":"\n<p>A dun\u00e1nt\u00fali reform\u00e1tusok \u00f6n\u00e1ll\u00f3 egyh\u00e1zker\u00fclete 1595-t\u0151l kezdte meg k\u00fcl\u00f6n \u00e9let\u00e9t Bejthe Istv\u00e1n p\u00fcsp\u00f6ks\u00e9ge alatt az egykor gy\u0151ri \u00e9s veszpr\u00e9mi katolikus p\u00fcsp\u00f6ks\u00e9gek ter\u00fclet\u00e9n. Nyolc egyh\u00e1zmegy\u00e9je (k\u0151szegi, v\u00e9pi, k\u00f6rmendi, n\u00e9met\u00fajv\u00e1ri, v\u00edzlendvai, p\u00e1pai, veszpr\u00e9mi, kiskom\u00e1romi) k\u00f6z\u00fcl a k\u00e9t ut\u00f3bbib\u00f3l kiszakadt k\u00fcls\u0151somogyi 1629-t\u0151l a dunamell\u00e9ki ker\u00fclethez csatlakozott, viszont a 18. sz\u00e1zad elej\u00e9n a bels\u0151somogyi egyh\u00e1zmegy\u00e9vel gyarapodott. 1710-ben p\u00fcsp\u00f6k\u00e9t, Hodosi S\u00e1muel veszpr\u00e9mi lelk\u00e9szt Volkra Ott\u00f3 J\u00e1nos veszpr\u00e9mi katolikus p\u00fcsp\u00f6k el\u0171zte, \u00edgy a ker\u00fcletnek 1736-ig nem volt p\u00fcsp\u00f6ke. Akkor, a Carolina Resolutio \u00e9rtelm\u00e9ben egybeolvadt a somorjai (fels\u0151dunamell\u00e9ki) ker\u00fclettel, \u00e9s annak p\u00fcsp\u00f6ke, Kocsi Major Istv\u00e1n az egyes\u00fclt, tov\u00e1bbra is \u201edun\u00e1nt\u00falinak\u201d nevezett egyh\u00e1zker\u00fcletben folytatta szolg\u00e1lat\u00e1t. Ennek eleinte szint\u00e9n nyolc egyh\u00e1zmegy\u00e9je volt (p\u00e1pai, veszpr\u00e9mi, bels\u0151somogyi, tatai, mez\u0151f\u00f6ldi, kom\u00e1romi, barsi, dr\u00e9gelypal\u00e1nki), amelyhez 1808-ban kilencedikk\u00e9nt az \u0151rs\u00e9gi j\u00e1rult. A trianoni b\u00e9keszerz\u0151d\u00e9s k\u00f6vetkezt\u00e9ben az egyh\u00e1zker\u00fclet \u00e9szaki r\u00e9sze Csehszlov\u00e1ki\u00e1hoz ker\u00fclt, \u00e9s hamarosan \u00f6n\u00e1ll\u00f3 egyh\u00e1zker\u00fclett\u00e9 alakult. Az egyh\u00e1zker\u00fclet mai hat\u00e1rait 1952-ben hat\u00e1rozt\u00e1k meg. Az\u00f3ta Magyarorsz\u00e1g dun\u00e1nt\u00fali r\u00e9sze tartozik hozz\u00e1, Baranya, Tolna, Pest \u00e9s Fej\u00e9r megye nyugati r\u00e9sz\u00e9nek kiv\u00e9tel\u00e9vel.<\/p>\n\n\n\n<p>A lev\u00e9lt\u00e1r a Dun\u00e1nt\u00fali Egyh\u00e1zker\u00fclet 1765. \u00e9vi ad\u00e1szteveli k\u00f6zgy\u0171l\u00e9s\u00e9nek rendelkez\u00e9s\u00e9re j\u00f6tt l\u00e9tre, amely szerint \u201eegy t\u00e9ka csin\u00e1ltass\u00e9k, melynek a tractusok sz\u00e1mok szerint legyenek fi\u00f3kjai, melyekben a tractusok levelei, mint valami archivumban conserv\u00e1ltassanak\u201d. E lev\u00e9lt\u00e1ri t\u00e9k\u00e1nak azonban nem volt \u00e1lland\u00f3 helye, hanem mindig az aktu\u00e1lis p\u00fcsp\u00f6k lak\u00f3hely\u00e9n (Ad\u00e1sztevel, Kocs, Losonc, Dad) tartott\u00e1k.<\/p>\n\n\n\n<p>1821-ben T\u00f3th Ferenc f\u0151jegyz\u0151 az egyh\u00e1zker\u00fcleti lev\u00e9lt\u00e1rnak adta a birtok\u00e1ban l\u00e9v\u0151 gazdag iratgy\u0171jtem\u00e9nyt, \u00e9s p\u00e9ld\u00e1j\u00e1t m\u00e1sok is k\u00f6vett\u00e9k. Miut\u00e1n T\u00f3th Ferencet 1827-ben p\u00fcsp\u00f6kk\u00e9 v\u00e1lasztott\u00e1k, a lev\u00e9lt\u00e1rat Dadr\u00f3l saj\u00e1t sz\u00e9khely\u00e9re, P\u00e1p\u00e1ra sz\u00e1ll\u00edttatta, \u00e9s katal\u00f3gust k\u00e9sz\u00edttetett r\u00f3la. A m\u00e1sf\u00e9l \u00e9vtizedig elh\u00faz\u00f3d\u00f3 munk\u00e1t 1842-ben M\u00f3rocza D\u00e1niel t\u00e1blab\u00edr\u00f3 fejezte be. T\u00f3th Ferenc 1844. \u00e9vi hal\u00e1la ut\u00e1n azonban a lev\u00e9lt\u00e1r ism\u00e9t \u00fatra kelt az \u00fajabb p\u00fcsp\u00f6k\u00f6k lakhely\u00e9re, Kocsra, majd R\u00e9vkom\u00e1romba, \u00e9s ism\u00e9t k\u00fcl\u00f6n kezelt\u00e9k a p\u00fcsp\u00f6ki \u00e9s f\u0151jegyz\u0151i iratokat. Ut\u00f3bbiakat Sz\u00e9ki B\u00e9la f\u0151jegyz\u0151 1871. \u00e9vi hal\u00e1la ut\u00e1n a p\u00e1pai reform\u00e1tus koll\u00e9gium k\u00f6nyvt\u00e1r\u00e1ban helyezt\u00e9k el, ahol R\u00f3zsa Istv\u00e1n professzor rendezte \u0151ket. 1874-ben v\u00e9glegesen ide sz\u00e1ll\u00edtott\u00e1k a p\u00fcsp\u00f6ki iratokat is.<\/p>\n\n\n\n<p>Az \u00f6sszegy\u0171jt\u00f6tt anyagot Szekeres Mih\u00e1ly lelk\u00e9sz rendezte, \u00e9s a F\u0151iskola \u00e9p\u00fclet\u00e9b\u0151l az \u00d3koll\u00e9gium egyik r\u00e9gi k\u00f6nyvt\u00e1rszob\u00e1j\u00e1ba sz\u00e1ll\u00edtotta. Ett\u0151l kezdve az egyh\u00e1zker\u00fcletnek folyamatosan volt kinevezett lev\u00e9lt\u00e1rosa, akik t\u00f6bbnyire egyben koll\u00e9giumi professzorok voltak. Az els\u0151 vil\u00e1gh\u00e1bor\u00fa alatt, 1914-t\u0151l 1918-ig a lev\u00e9lt\u00e1rat ideiglenesen a F\u0151iskola \u00e9p\u00fclet\u00e9be k\u00f6lt\u00f6ztett\u00e9k, de ek\u00f6zben az iratok \u00f6sszekeveredtek, \u00e9s csak 1924-ben rakta \u0151ket rendbe Pongr\u00e1cz J\u00f3zsef lev\u00e9lt\u00e1ros. 1927-ben a p\u00e1pai egyh\u00e1zmegye, majd 1929-ben a tatai egyh\u00e1zmegye anyaga is a ker\u00fcleti lev\u00e9lt\u00e1rba ker\u00fclt.<\/p>\n\n\n\n<p>1935-ben Antal G\u00e9za p\u00fcsp\u00f6k saj\u00e1t k\u00f6lts\u00e9g\u00e9n \u00f6n\u00e1ll\u00f3 lev\u00e9lt\u00e1ri \u00e9p\u00fcletet emeltetett a F\u0151iskola udvar\u00e1n (S\u00e9llyei Istv\u00e1n utca). A m\u00e1sodik vil\u00e1gh\u00e1bor\u00fa azonban ism\u00e9t hatalmas pusztul\u00e1st okozott. Az anyag \u00fajrarendez\u00e9s\u00e9t az 1950-es \u00e9vekt\u0151l Tr\u00f3cs\u00e1nyi Dezs\u0151 \u00e9s K\u00f6vy Zsolt v\u00e9gezte el. A kommunista diktat\u00fara alatt a p\u00e1pai reform\u00e1tus iskol\u00e1kkal egy\u00fctt a lev\u00e9lt\u00e1ri \u00e9p\u00fcletet is \u00e1llamos\u00edtott\u00e1k, ez\u00e9rt 1951\/1952-ben a lev\u00e9lt\u00e1rat a J\u00f3kai utca 16. sz\u00e1m alatti egyh\u00e1zker\u00fcleti \u00e9p\u00fcletbe, majd 1969-ben a Cs\u00e1ky L\u00e1szl\u00f3 (akkor Teleki Blanka) utca 17. sz\u00e1m al\u00e1 k\u00f6lt\u00f6ztett\u00e9k. 1958-ban az egyh\u00e1z \u201eDun\u00e1nt\u00fali Reform\u00e1tus Egyh\u00e1zker\u00fclet Tudom\u00e1nyos Gy\u0171jtem\u00e9nyei\u201d n\u00e9ven egys\u00e9ges szervezetbe vonta \u00f6ssze a p\u00e1pai k\u00f6nyvt\u00e1rat \u00e9s a lev\u00e9lt\u00e1rat, valamint (1972-t\u0151l) a m\u00fazeumot.<\/p>\n","protected":false},"excerpt":{"rendered":"<p>A dun\u00e1nt\u00fali reform\u00e1tusok \u00f6n\u00e1ll\u00f3 egyh\u00e1zker\u00fclete 1595-t\u0151l kezdte meg k\u00fcl\u00f6n \u00e9let\u00e9t Bejthe Istv\u00e1n p\u00fcsp\u00f6ks\u00e9ge alatt az egykor gy\u0151ri \u00e9s veszpr\u00e9mi katolikus p\u00fcsp\u00f6ks\u00e9gek ter\u00fclet\u00e9n. Nyolc egyh\u00e1zmegy\u00e9je (k\u0151szegi, v\u00e9pi, k\u00f6rmendi, n\u00e9met\u00fajv\u00e1ri, v\u00edzlendvai, p\u00e1pai, veszpr\u00e9mi, kiskom\u00e1romi) k\u00f6z\u00fcl a k\u00e9t ut\u00f3bbib\u00f3l kiszakadt k\u00fcls\u0151somogyi 1629-t\u0151l a dunamell\u00e9ki ker\u00fclethez csatlakozott, viszont a 18. sz\u00e1zad elej\u00e9n a bels\u0151somogyi egyh\u00e1zmegy\u00e9vel gyarapodott. 1710-ben p\u00fcsp\u00f6k\u00e9t, Hodosi [&hellip;]<\/p>\n","protected":false},"featured_media":3380,"template":"","meta":{"_acf_changed":false,"_links_to":"","_links_to_target":""},"categories":[17,11,26],"tags":[],"class_list":["post-2953","archive","type-archive","status-publish","has-post-thumbnail","hentry","category-egyhazi-leveltarak","category-leveltar","category-reformatus-leveltarak"],"acf":[],"yoast_head":"<!-- This site is optimized with the Yoast SEO plugin v27.5 - https:\/\/yoast.com\/product\/yoast-seo-wordpress\/ -->\n<title>Dun\u00e1nt\u00fali Reform\u00e1tus Egyh\u00e1zker\u00fclet Lev\u00e9lt\u00e1ra - Magyar Lev\u00e9lt\u00e1ri Port\u00e1l<\/title>\n<meta name=\"robots\" content=\"index, follow, max-snippet:-1, max-image-preview:large, max-video-preview:-1\" \/>\n<meta property=\"og:locale\" content=\"en_US\" \/>\n<meta property=\"og:type\" content=\"article\" \/>\n<meta property=\"og:title\" content=\"Dun\u00e1nt\u00fali Reform\u00e1tus Egyh\u00e1zker\u00fclet Lev\u00e9lt\u00e1ra - Magyar Lev\u00e9lt\u00e1ri Port\u00e1l\" \/>\n<meta property=\"og:description\" content=\"A dun\u00e1nt\u00fali reform\u00e1tusok \u00f6n\u00e1ll\u00f3 egyh\u00e1zker\u00fclete 1595-t\u0151l kezdte meg k\u00fcl\u00f6n \u00e9let\u00e9t Bejthe Istv\u00e1n p\u00fcsp\u00f6ks\u00e9ge alatt az egykor gy\u0151ri \u00e9s veszpr\u00e9mi katolikus p\u00fcsp\u00f6ks\u00e9gek ter\u00fclet\u00e9n. Nyolc egyh\u00e1zmegy\u00e9je (k\u0151szegi, v\u00e9pi, k\u00f6rmendi, n\u00e9met\u00fajv\u00e1ri, v\u00edzlendvai, p\u00e1pai, veszpr\u00e9mi, kiskom\u00e1romi) k\u00f6z\u00fcl a k\u00e9t ut\u00f3bbib\u00f3l kiszakadt k\u00fcls\u0151somogyi 1629-t\u0151l a dunamell\u00e9ki ker\u00fclethez csatlakozott, viszont a 18. sz\u00e1zad elej\u00e9n a bels\u0151somogyi egyh\u00e1zmegy\u00e9vel gyarapodott. 1710-ben p\u00fcsp\u00f6k\u00e9t, Hodosi [&hellip;]\" \/>\n<meta property=\"og:url\" content=\"https:\/\/archivportal.hu\/index.php\/archive\/papai-reformatus-gyujtemenyek-leveltar\/\" \/>\n<meta property=\"og:site_name\" content=\"Magyar Lev\u00e9lt\u00e1ri Port\u00e1l\" \/>\n<meta property=\"article:publisher\" content=\"https:\/\/www.facebook.com\/magyarleveltarosok.egyesulete\" \/>\n<meta property=\"article:modified_time\" content=\"2025-12-01T13:31:28+00:00\" \/>\n<meta property=\"og:image\" content=\"https:\/\/archivportal.hu\/wp-content\/uploads\/2022\/06\/Papai-Reformatus-Gyujtemenyek-Leveltar.jpg\" \/>\n\t<meta property=\"og:image:width\" content=\"863\" \/>\n\t<meta property=\"og:image:height\" content=\"647\" \/>\n\t<meta property=\"og:image:type\" content=\"image\/jpeg\" \/>\n<meta name=\"twitter:card\" content=\"summary_large_image\" \/>\n<meta name=\"twitter:label1\" content=\"Est. reading time\" \/>\n\t<meta name=\"twitter:data1\" content=\"3 minutes\" \/>\n<script type=\"application\/ld+json\" class=\"yoast-schema-graph\">{\"@context\":\"https:\\\/\\\/schema.org\",\"@graph\":[{\"@type\":\"WebPage\",\"@id\":\"https:\\\/\\\/archivportal.hu\\\/index.php\\\/archive\\\/papai-reformatus-gyujtemenyek-leveltar\\\/\",\"url\":\"https:\\\/\\\/archivportal.hu\\\/index.php\\\/archive\\\/papai-reformatus-gyujtemenyek-leveltar\\\/\",\"name\":\"Dun\u00e1nt\u00fali Reform\u00e1tus Egyh\u00e1zker\u00fclet Lev\u00e9lt\u00e1ra - Magyar Lev\u00e9lt\u00e1ri Port\u00e1l\",\"isPartOf\":{\"@id\":\"https:\\\/\\\/archivportal.hu\\\/#website\"},\"primaryImageOfPage\":{\"@id\":\"https:\\\/\\\/archivportal.hu\\\/index.php\\\/archive\\\/papai-reformatus-gyujtemenyek-leveltar\\\/#primaryimage\"},\"image\":{\"@id\":\"https:\\\/\\\/archivportal.hu\\\/index.php\\\/archive\\\/papai-reformatus-gyujtemenyek-leveltar\\\/#primaryimage\"},\"thumbnailUrl\":\"https:\\\/\\\/archivportal.hu\\\/wp-content\\\/uploads\\\/2022\\\/06\\\/Papai-Reformatus-Gyujtemenyek-Leveltar.jpg\",\"datePublished\":\"2022-06-26T16:03:15+00:00\",\"dateModified\":\"2025-12-01T13:31:28+00:00\",\"breadcrumb\":{\"@id\":\"https:\\\/\\\/archivportal.hu\\\/index.php\\\/archive\\\/papai-reformatus-gyujtemenyek-leveltar\\\/#breadcrumb\"},\"inLanguage\":\"en-US\",\"potentialAction\":[{\"@type\":\"ReadAction\",\"target\":[\"https:\\\/\\\/archivportal.hu\\\/index.php\\\/archive\\\/papai-reformatus-gyujtemenyek-leveltar\\\/\"]}]},{\"@type\":\"ImageObject\",\"inLanguage\":\"en-US\",\"@id\":\"https:\\\/\\\/archivportal.hu\\\/index.php\\\/archive\\\/papai-reformatus-gyujtemenyek-leveltar\\\/#primaryimage\",\"url\":\"https:\\\/\\\/archivportal.hu\\\/wp-content\\\/uploads\\\/2022\\\/06\\\/Papai-Reformatus-Gyujtemenyek-Leveltar.jpg\",\"contentUrl\":\"https:\\\/\\\/archivportal.hu\\\/wp-content\\\/uploads\\\/2022\\\/06\\\/Papai-Reformatus-Gyujtemenyek-Leveltar.jpg\",\"width\":863,\"height\":647},{\"@type\":\"BreadcrumbList\",\"@id\":\"https:\\\/\\\/archivportal.hu\\\/index.php\\\/archive\\\/papai-reformatus-gyujtemenyek-leveltar\\\/#breadcrumb\",\"itemListElement\":[{\"@type\":\"ListItem\",\"position\":1,\"name\":\"Home\",\"item\":\"https:\\\/\\\/archivportal.hu\\\/\"},{\"@type\":\"ListItem\",\"position\":2,\"name\":\"Dun\u00e1nt\u00fali Reform\u00e1tus Egyh\u00e1zker\u00fclet Lev\u00e9lt\u00e1ra\"}]},{\"@type\":\"WebSite\",\"@id\":\"https:\\\/\\\/archivportal.hu\\\/#website\",\"url\":\"https:\\\/\\\/archivportal.hu\\\/\",\"name\":\"Magyar Lev\u00e9lt\u00e1ri Port\u00e1l\",\"description\":\"Az online foly\u00f3irat\",\"publisher\":{\"@id\":\"https:\\\/\\\/archivportal.hu\\\/#organization\"},\"potentialAction\":[{\"@type\":\"SearchAction\",\"target\":{\"@type\":\"EntryPoint\",\"urlTemplate\":\"https:\\\/\\\/archivportal.hu\\\/?s={search_term_string}\"},\"query-input\":{\"@type\":\"PropertyValueSpecification\",\"valueRequired\":true,\"valueName\":\"search_term_string\"}}],\"inLanguage\":\"en-US\"},{\"@type\":\"Organization\",\"@id\":\"https:\\\/\\\/archivportal.hu\\\/#organization\",\"name\":\"Magyar Lev\u00e9lt\u00e1ri Port\u00e1l\",\"url\":\"https:\\\/\\\/archivportal.hu\\\/\",\"logo\":{\"@type\":\"ImageObject\",\"inLanguage\":\"en-US\",\"@id\":\"https:\\\/\\\/archivportal.hu\\\/#\\\/schema\\\/logo\\\/image\\\/\",\"url\":\"https:\\\/\\\/archivportal.hu\\\/wp-content\\\/uploads\\\/2022\\\/06\\\/MLP_logo_HU.png\",\"contentUrl\":\"https:\\\/\\\/archivportal.hu\\\/wp-content\\\/uploads\\\/2022\\\/06\\\/MLP_logo_HU.png\",\"width\":1252,\"height\":144,\"caption\":\"Magyar Lev\u00e9lt\u00e1ri Port\u00e1l\"},\"image\":{\"@id\":\"https:\\\/\\\/archivportal.hu\\\/#\\\/schema\\\/logo\\\/image\\\/\"},\"sameAs\":[\"https:\\\/\\\/www.facebook.com\\\/magyarleveltarosok.egyesulete\"]}]}<\/script>\n<!-- \/ Yoast SEO plugin. -->","yoast_head_json":{"title":"Dun\u00e1nt\u00fali Reform\u00e1tus Egyh\u00e1zker\u00fclet Lev\u00e9lt\u00e1ra - Magyar Lev\u00e9lt\u00e1ri Port\u00e1l","robots":{"index":"index","follow":"follow","max-snippet":"max-snippet:-1","max-image-preview":"max-image-preview:large","max-video-preview":"max-video-preview:-1"},"og_locale":"en_US","og_type":"article","og_title":"Dun\u00e1nt\u00fali Reform\u00e1tus Egyh\u00e1zker\u00fclet Lev\u00e9lt\u00e1ra - Magyar Lev\u00e9lt\u00e1ri Port\u00e1l","og_description":"A dun\u00e1nt\u00fali reform\u00e1tusok \u00f6n\u00e1ll\u00f3 egyh\u00e1zker\u00fclete 1595-t\u0151l kezdte meg k\u00fcl\u00f6n \u00e9let\u00e9t Bejthe Istv\u00e1n p\u00fcsp\u00f6ks\u00e9ge alatt az egykor gy\u0151ri \u00e9s veszpr\u00e9mi katolikus p\u00fcsp\u00f6ks\u00e9gek ter\u00fclet\u00e9n. Nyolc egyh\u00e1zmegy\u00e9je (k\u0151szegi, v\u00e9pi, k\u00f6rmendi, n\u00e9met\u00fajv\u00e1ri, v\u00edzlendvai, p\u00e1pai, veszpr\u00e9mi, kiskom\u00e1romi) k\u00f6z\u00fcl a k\u00e9t ut\u00f3bbib\u00f3l kiszakadt k\u00fcls\u0151somogyi 1629-t\u0151l a dunamell\u00e9ki ker\u00fclethez csatlakozott, viszont a 18. sz\u00e1zad elej\u00e9n a bels\u0151somogyi egyh\u00e1zmegy\u00e9vel gyarapodott. 1710-ben p\u00fcsp\u00f6k\u00e9t, Hodosi [&hellip;]","og_url":"https:\/\/archivportal.hu\/index.php\/archive\/papai-reformatus-gyujtemenyek-leveltar\/","og_site_name":"Magyar Lev\u00e9lt\u00e1ri Port\u00e1l","article_publisher":"https:\/\/www.facebook.com\/magyarleveltarosok.egyesulete","article_modified_time":"2025-12-01T13:31:28+00:00","og_image":[{"width":863,"height":647,"url":"https:\/\/archivportal.hu\/wp-content\/uploads\/2022\/06\/Papai-Reformatus-Gyujtemenyek-Leveltar.jpg","type":"image\/jpeg"}],"twitter_card":"summary_large_image","twitter_misc":{"Est. reading time":"3 minutes"},"schema":{"@context":"https:\/\/schema.org","@graph":[{"@type":"WebPage","@id":"https:\/\/archivportal.hu\/index.php\/archive\/papai-reformatus-gyujtemenyek-leveltar\/","url":"https:\/\/archivportal.hu\/index.php\/archive\/papai-reformatus-gyujtemenyek-leveltar\/","name":"Dun\u00e1nt\u00fali Reform\u00e1tus Egyh\u00e1zker\u00fclet Lev\u00e9lt\u00e1ra - Magyar Lev\u00e9lt\u00e1ri Port\u00e1l","isPartOf":{"@id":"https:\/\/archivportal.hu\/#website"},"primaryImageOfPage":{"@id":"https:\/\/archivportal.hu\/index.php\/archive\/papai-reformatus-gyujtemenyek-leveltar\/#primaryimage"},"image":{"@id":"https:\/\/archivportal.hu\/index.php\/archive\/papai-reformatus-gyujtemenyek-leveltar\/#primaryimage"},"thumbnailUrl":"https:\/\/archivportal.hu\/wp-content\/uploads\/2022\/06\/Papai-Reformatus-Gyujtemenyek-Leveltar.jpg","datePublished":"2022-06-26T16:03:15+00:00","dateModified":"2025-12-01T13:31:28+00:00","breadcrumb":{"@id":"https:\/\/archivportal.hu\/index.php\/archive\/papai-reformatus-gyujtemenyek-leveltar\/#breadcrumb"},"inLanguage":"en-US","potentialAction":[{"@type":"ReadAction","target":["https:\/\/archivportal.hu\/index.php\/archive\/papai-reformatus-gyujtemenyek-leveltar\/"]}]},{"@type":"ImageObject","inLanguage":"en-US","@id":"https:\/\/archivportal.hu\/index.php\/archive\/papai-reformatus-gyujtemenyek-leveltar\/#primaryimage","url":"https:\/\/archivportal.hu\/wp-content\/uploads\/2022\/06\/Papai-Reformatus-Gyujtemenyek-Leveltar.jpg","contentUrl":"https:\/\/archivportal.hu\/wp-content\/uploads\/2022\/06\/Papai-Reformatus-Gyujtemenyek-Leveltar.jpg","width":863,"height":647},{"@type":"BreadcrumbList","@id":"https:\/\/archivportal.hu\/index.php\/archive\/papai-reformatus-gyujtemenyek-leveltar\/#breadcrumb","itemListElement":[{"@type":"ListItem","position":1,"name":"Home","item":"https:\/\/archivportal.hu\/"},{"@type":"ListItem","position":2,"name":"Dun\u00e1nt\u00fali Reform\u00e1tus Egyh\u00e1zker\u00fclet Lev\u00e9lt\u00e1ra"}]},{"@type":"WebSite","@id":"https:\/\/archivportal.hu\/#website","url":"https:\/\/archivportal.hu\/","name":"Magyar Lev\u00e9lt\u00e1ri Port\u00e1l","description":"Az online foly\u00f3irat","publisher":{"@id":"https:\/\/archivportal.hu\/#organization"},"potentialAction":[{"@type":"SearchAction","target":{"@type":"EntryPoint","urlTemplate":"https:\/\/archivportal.hu\/?s={search_term_string}"},"query-input":{"@type":"PropertyValueSpecification","valueRequired":true,"valueName":"search_term_string"}}],"inLanguage":"en-US"},{"@type":"Organization","@id":"https:\/\/archivportal.hu\/#organization","name":"Magyar Lev\u00e9lt\u00e1ri Port\u00e1l","url":"https:\/\/archivportal.hu\/","logo":{"@type":"ImageObject","inLanguage":"en-US","@id":"https:\/\/archivportal.hu\/#\/schema\/logo\/image\/","url":"https:\/\/archivportal.hu\/wp-content\/uploads\/2022\/06\/MLP_logo_HU.png","contentUrl":"https:\/\/archivportal.hu\/wp-content\/uploads\/2022\/06\/MLP_logo_HU.png","width":1252,"height":144,"caption":"Magyar Lev\u00e9lt\u00e1ri Port\u00e1l"},"image":{"@id":"https:\/\/archivportal.hu\/#\/schema\/logo\/image\/"},"sameAs":["https:\/\/www.facebook.com\/magyarleveltarosok.egyesulete"]}]}},"_links":{"self":[{"href":"https:\/\/archivportal.hu\/index.php\/wp-json\/wp\/v2\/archive\/2953","targetHints":{"allow":["GET"]}}],"collection":[{"href":"https:\/\/archivportal.hu\/index.php\/wp-json\/wp\/v2\/archive"}],"about":[{"href":"https:\/\/archivportal.hu\/index.php\/wp-json\/wp\/v2\/types\/archive"}],"version-history":[{"count":4,"href":"https:\/\/archivportal.hu\/index.php\/wp-json\/wp\/v2\/archive\/2953\/revisions"}],"predecessor-version":[{"id":7806,"href":"https:\/\/archivportal.hu\/index.php\/wp-json\/wp\/v2\/archive\/2953\/revisions\/7806"}],"wp:featuredmedia":[{"embeddable":true,"href":"https:\/\/archivportal.hu\/index.php\/wp-json\/wp\/v2\/media\/3380"}],"wp:attachment":[{"href":"https:\/\/archivportal.hu\/index.php\/wp-json\/wp\/v2\/media?parent=2953"}],"wp:term":[{"taxonomy":"category","embeddable":true,"href":"https:\/\/archivportal.hu\/index.php\/wp-json\/wp\/v2\/categories?post=2953"},{"taxonomy":"post_tag","embeddable":true,"href":"https:\/\/archivportal.hu\/index.php\/wp-json\/wp\/v2\/tags?post=2953"}],"curies":[{"name":"wp","href":"https:\/\/api.w.org\/{rel}","templated":true}]}}