{"id":2966,"date":"2022-06-26T16:20:37","date_gmt":"2022-06-26T16:20:37","guid":{"rendered":"http:\/\/t1.archivportal.hu\/?post_type=archive&#038;p=2966"},"modified":"2022-06-27T20:13:53","modified_gmt":"2022-06-27T20:13:53","slug":"bekescsabai-evangelikus-gyulekezeti-leveltar","status":"publish","type":"archive","link":"https:\/\/archivportal.hu\/index.php\/archive\/bekescsabai-evangelikus-gyulekezeti-leveltar\/","title":{"rendered":"B\u00e9k\u00e9scsabai Evang\u00e9likus Gy\u00fclekezeti Lev\u00e9lt\u00e1r"},"content":{"rendered":"\n<p>A b\u00e9k\u00e9scsabai evang\u00e9likus gy\u00fclekezet a B\u00e9k\u00e9s megyei evang\u00e9likus szlov\u00e1ks\u00e1g hagyom\u00e1nyos k\u00f6zpontja, jelent\u0151s egyh\u00e1zi \u00e9s kultur\u00e1lis hagyom\u00e1nnyal. A gy\u00fclekezet \u00e9lete a t\u00f6r\u00f6k h\u00f3dolts\u00e1g ut\u00e1ni id\u0151ben, 1718-ban kezd\u0151d\u00f6tt, mikor felvid\u00e9ki szlov\u00e1k telepesek \u00e9rkeztek. Az els\u0151 templomot 1745-ben \u00e9p\u00edtett\u00e9k. Egy id\u0151ben itt volt a B\u00e1nyaker\u00fclet p\u00fcsp\u00f6ki sz\u00e9khelye is volt (1870\u20131890). A kommunizmus idej\u00e9n a Viharsarokban k\u00fcl\u00f6n\u00f6sen er\u0151s \u00e1llami elnyom\u00e1s k\u00f6vetkezm\u00e9nyeit a gy\u00fclekezet ma is \u00e9rzi. Az evang\u00e9likusok ar\u00e1nya tov\u00e1bb cs\u00f6kkent. A v\u00e1ros evang\u00e9likusai egyetlen gy\u00fclekezethez tartoznak, ahol h\u00e1rom akt\u00edv lelk\u00e9sz is dolgozik, \u00e9s az evang\u00e9likus gimn\u00e1zium is \u00fajraindult.<\/p>\n\n\n\n<p>A gy\u00fclekezet r\u00e9gi iratait el\u0151sz\u00f6r Haan Lajos lelk\u00e9sz (1855\u20131891) rendezte. A fennmaradt anyak\u00f6nyveket, jegyz\u0151k\u00f6nyveket \u00e9s p\u00e9nzt\u00e1rnapl\u00f3kat bek\u00f6ttette, az aktajelleg\u0171 anyagot t\u00e1rgy szerint csoportos\u00edtotta. A k\u00e9s\u0151bbi id\u0151szak iratait hasonl\u00f3 t\u00e1rgyi rendben M\u00e1lyusz Elem\u00e9r csoportos\u00edtotta, rakt\u00e1ri jegyz\u00e9k\u00e9t az 1970-es \u00e9vek elej\u00e9n Dedinszky Gyula ny. lelk\u00e9sz k\u00e9sz\u00edtette el.<\/p>\n","protected":false},"excerpt":{"rendered":"<p>A b\u00e9k\u00e9scsabai evang\u00e9likus gy\u00fclekezet a B\u00e9k\u00e9s megyei evang\u00e9likus szlov\u00e1ks\u00e1g hagyom\u00e1nyos k\u00f6zpontja, jelent\u0151s egyh\u00e1zi \u00e9s kultur\u00e1lis hagyom\u00e1nnyal. A gy\u00fclekezet \u00e9lete a t\u00f6r\u00f6k h\u00f3dolts\u00e1g ut\u00e1ni id\u0151ben, 1718-ban kezd\u0151d\u00f6tt, mikor felvid\u00e9ki szlov\u00e1k telepesek \u00e9rkeztek. Az els\u0151 templomot 1745-ben \u00e9p\u00edtett\u00e9k. Egy id\u0151ben itt volt a B\u00e1nyaker\u00fclet p\u00fcsp\u00f6ki sz\u00e9khelye is volt (1870\u20131890). A kommunizmus idej\u00e9n a Viharsarokban k\u00fcl\u00f6n\u00f6sen er\u0151s \u00e1llami [&hellip;]<\/p>\n","protected":false},"featured_media":3383,"template":"","meta":{"_acf_changed":false,"_links_to":"","_links_to_target":""},"categories":[17,30,11],"tags":[],"class_list":["post-2966","archive","type-archive","status-publish","has-post-thumbnail","hentry","category-egyhazi-leveltarak","category-evangelikus-leveltarak","category-leveltar"],"acf":[],"yoast_head":"<!-- This site is optimized with the Yoast SEO plugin v27.5 - https:\/\/yoast.com\/product\/yoast-seo-wordpress\/ -->\n<title>B\u00e9k\u00e9scsabai Evang\u00e9likus Gy\u00fclekezeti Lev\u00e9lt\u00e1r - Magyar Lev\u00e9lt\u00e1ri Port\u00e1l<\/title>\n<meta name=\"robots\" content=\"index, follow, max-snippet:-1, max-image-preview:large, max-video-preview:-1\" \/>\n<meta property=\"og:locale\" content=\"en_US\" \/>\n<meta property=\"og:type\" content=\"article\" \/>\n<meta property=\"og:title\" content=\"B\u00e9k\u00e9scsabai Evang\u00e9likus Gy\u00fclekezeti Lev\u00e9lt\u00e1r - Magyar Lev\u00e9lt\u00e1ri Port\u00e1l\" \/>\n<meta property=\"og:description\" content=\"A b\u00e9k\u00e9scsabai evang\u00e9likus gy\u00fclekezet a B\u00e9k\u00e9s megyei evang\u00e9likus szlov\u00e1ks\u00e1g hagyom\u00e1nyos k\u00f6zpontja, jelent\u0151s egyh\u00e1zi \u00e9s kultur\u00e1lis hagyom\u00e1nnyal. A gy\u00fclekezet \u00e9lete a t\u00f6r\u00f6k h\u00f3dolts\u00e1g ut\u00e1ni id\u0151ben, 1718-ban kezd\u0151d\u00f6tt, mikor felvid\u00e9ki szlov\u00e1k telepesek \u00e9rkeztek. Az els\u0151 templomot 1745-ben \u00e9p\u00edtett\u00e9k. Egy id\u0151ben itt volt a B\u00e1nyaker\u00fclet p\u00fcsp\u00f6ki sz\u00e9khelye is volt (1870\u20131890). A kommunizmus idej\u00e9n a Viharsarokban k\u00fcl\u00f6n\u00f6sen er\u0151s \u00e1llami [&hellip;]\" \/>\n<meta property=\"og:url\" content=\"https:\/\/archivportal.hu\/index.php\/archive\/bekescsabai-evangelikus-gyulekezeti-leveltar\/\" \/>\n<meta property=\"og:site_name\" content=\"Magyar Lev\u00e9lt\u00e1ri Port\u00e1l\" \/>\n<meta property=\"article:publisher\" content=\"https:\/\/www.facebook.com\/magyarleveltarosok.egyesulete\" \/>\n<meta property=\"article:modified_time\" content=\"2022-06-27T20:13:53+00:00\" \/>\n<meta property=\"og:image\" content=\"https:\/\/archivportal.hu\/wp-content\/uploads\/2022\/06\/Bekescsabai-Evangelikus-Gyulekezeti-Leveltar.jpg\" \/>\n\t<meta property=\"og:image:width\" content=\"640\" \/>\n\t<meta property=\"og:image:height\" content=\"861\" \/>\n\t<meta property=\"og:image:type\" content=\"image\/jpeg\" \/>\n<meta name=\"twitter:card\" content=\"summary_large_image\" \/>\n<meta name=\"twitter:label1\" content=\"Est. reading time\" \/>\n\t<meta name=\"twitter:data1\" content=\"1 minute\" \/>\n<script type=\"application\/ld+json\" class=\"yoast-schema-graph\">{\"@context\":\"https:\\\/\\\/schema.org\",\"@graph\":[{\"@type\":\"WebPage\",\"@id\":\"https:\\\/\\\/archivportal.hu\\\/index.php\\\/archive\\\/bekescsabai-evangelikus-gyulekezeti-leveltar\\\/\",\"url\":\"https:\\\/\\\/archivportal.hu\\\/index.php\\\/archive\\\/bekescsabai-evangelikus-gyulekezeti-leveltar\\\/\",\"name\":\"B\u00e9k\u00e9scsabai Evang\u00e9likus Gy\u00fclekezeti Lev\u00e9lt\u00e1r - Magyar Lev\u00e9lt\u00e1ri Port\u00e1l\",\"isPartOf\":{\"@id\":\"https:\\\/\\\/archivportal.hu\\\/#website\"},\"primaryImageOfPage\":{\"@id\":\"https:\\\/\\\/archivportal.hu\\\/index.php\\\/archive\\\/bekescsabai-evangelikus-gyulekezeti-leveltar\\\/#primaryimage\"},\"image\":{\"@id\":\"https:\\\/\\\/archivportal.hu\\\/index.php\\\/archive\\\/bekescsabai-evangelikus-gyulekezeti-leveltar\\\/#primaryimage\"},\"thumbnailUrl\":\"https:\\\/\\\/archivportal.hu\\\/wp-content\\\/uploads\\\/2022\\\/06\\\/Bekescsabai-Evangelikus-Gyulekezeti-Leveltar.jpg\",\"datePublished\":\"2022-06-26T16:20:37+00:00\",\"dateModified\":\"2022-06-27T20:13:53+00:00\",\"breadcrumb\":{\"@id\":\"https:\\\/\\\/archivportal.hu\\\/index.php\\\/archive\\\/bekescsabai-evangelikus-gyulekezeti-leveltar\\\/#breadcrumb\"},\"inLanguage\":\"en-US\",\"potentialAction\":[{\"@type\":\"ReadAction\",\"target\":[\"https:\\\/\\\/archivportal.hu\\\/index.php\\\/archive\\\/bekescsabai-evangelikus-gyulekezeti-leveltar\\\/\"]}]},{\"@type\":\"ImageObject\",\"inLanguage\":\"en-US\",\"@id\":\"https:\\\/\\\/archivportal.hu\\\/index.php\\\/archive\\\/bekescsabai-evangelikus-gyulekezeti-leveltar\\\/#primaryimage\",\"url\":\"https:\\\/\\\/archivportal.hu\\\/wp-content\\\/uploads\\\/2022\\\/06\\\/Bekescsabai-Evangelikus-Gyulekezeti-Leveltar.jpg\",\"contentUrl\":\"https:\\\/\\\/archivportal.hu\\\/wp-content\\\/uploads\\\/2022\\\/06\\\/Bekescsabai-Evangelikus-Gyulekezeti-Leveltar.jpg\",\"width\":640,\"height\":861},{\"@type\":\"BreadcrumbList\",\"@id\":\"https:\\\/\\\/archivportal.hu\\\/index.php\\\/archive\\\/bekescsabai-evangelikus-gyulekezeti-leveltar\\\/#breadcrumb\",\"itemListElement\":[{\"@type\":\"ListItem\",\"position\":1,\"name\":\"Home\",\"item\":\"https:\\\/\\\/archivportal.hu\\\/\"},{\"@type\":\"ListItem\",\"position\":2,\"name\":\"B\u00e9k\u00e9scsabai Evang\u00e9likus Gy\u00fclekezeti Lev\u00e9lt\u00e1r\"}]},{\"@type\":\"WebSite\",\"@id\":\"https:\\\/\\\/archivportal.hu\\\/#website\",\"url\":\"https:\\\/\\\/archivportal.hu\\\/\",\"name\":\"Magyar Lev\u00e9lt\u00e1ri Port\u00e1l\",\"description\":\"Az online foly\u00f3irat\",\"publisher\":{\"@id\":\"https:\\\/\\\/archivportal.hu\\\/#organization\"},\"potentialAction\":[{\"@type\":\"SearchAction\",\"target\":{\"@type\":\"EntryPoint\",\"urlTemplate\":\"https:\\\/\\\/archivportal.hu\\\/?s={search_term_string}\"},\"query-input\":{\"@type\":\"PropertyValueSpecification\",\"valueRequired\":true,\"valueName\":\"search_term_string\"}}],\"inLanguage\":\"en-US\"},{\"@type\":\"Organization\",\"@id\":\"https:\\\/\\\/archivportal.hu\\\/#organization\",\"name\":\"Magyar Lev\u00e9lt\u00e1ri Port\u00e1l\",\"url\":\"https:\\\/\\\/archivportal.hu\\\/\",\"logo\":{\"@type\":\"ImageObject\",\"inLanguage\":\"en-US\",\"@id\":\"https:\\\/\\\/archivportal.hu\\\/#\\\/schema\\\/logo\\\/image\\\/\",\"url\":\"https:\\\/\\\/archivportal.hu\\\/wp-content\\\/uploads\\\/2022\\\/06\\\/MLP_logo_HU.png\",\"contentUrl\":\"https:\\\/\\\/archivportal.hu\\\/wp-content\\\/uploads\\\/2022\\\/06\\\/MLP_logo_HU.png\",\"width\":1252,\"height\":144,\"caption\":\"Magyar Lev\u00e9lt\u00e1ri Port\u00e1l\"},\"image\":{\"@id\":\"https:\\\/\\\/archivportal.hu\\\/#\\\/schema\\\/logo\\\/image\\\/\"},\"sameAs\":[\"https:\\\/\\\/www.facebook.com\\\/magyarleveltarosok.egyesulete\"]}]}<\/script>\n<!-- \/ Yoast SEO plugin. -->","yoast_head_json":{"title":"B\u00e9k\u00e9scsabai Evang\u00e9likus Gy\u00fclekezeti Lev\u00e9lt\u00e1r - Magyar Lev\u00e9lt\u00e1ri Port\u00e1l","robots":{"index":"index","follow":"follow","max-snippet":"max-snippet:-1","max-image-preview":"max-image-preview:large","max-video-preview":"max-video-preview:-1"},"og_locale":"en_US","og_type":"article","og_title":"B\u00e9k\u00e9scsabai Evang\u00e9likus Gy\u00fclekezeti Lev\u00e9lt\u00e1r - Magyar Lev\u00e9lt\u00e1ri Port\u00e1l","og_description":"A b\u00e9k\u00e9scsabai evang\u00e9likus gy\u00fclekezet a B\u00e9k\u00e9s megyei evang\u00e9likus szlov\u00e1ks\u00e1g hagyom\u00e1nyos k\u00f6zpontja, jelent\u0151s egyh\u00e1zi \u00e9s kultur\u00e1lis hagyom\u00e1nnyal. A gy\u00fclekezet \u00e9lete a t\u00f6r\u00f6k h\u00f3dolts\u00e1g ut\u00e1ni id\u0151ben, 1718-ban kezd\u0151d\u00f6tt, mikor felvid\u00e9ki szlov\u00e1k telepesek \u00e9rkeztek. Az els\u0151 templomot 1745-ben \u00e9p\u00edtett\u00e9k. Egy id\u0151ben itt volt a B\u00e1nyaker\u00fclet p\u00fcsp\u00f6ki sz\u00e9khelye is volt (1870\u20131890). A kommunizmus idej\u00e9n a Viharsarokban k\u00fcl\u00f6n\u00f6sen er\u0151s \u00e1llami [&hellip;]","og_url":"https:\/\/archivportal.hu\/index.php\/archive\/bekescsabai-evangelikus-gyulekezeti-leveltar\/","og_site_name":"Magyar Lev\u00e9lt\u00e1ri Port\u00e1l","article_publisher":"https:\/\/www.facebook.com\/magyarleveltarosok.egyesulete","article_modified_time":"2022-06-27T20:13:53+00:00","og_image":[{"width":640,"height":861,"url":"https:\/\/archivportal.hu\/wp-content\/uploads\/2022\/06\/Bekescsabai-Evangelikus-Gyulekezeti-Leveltar.jpg","type":"image\/jpeg"}],"twitter_card":"summary_large_image","twitter_misc":{"Est. reading time":"1 minute"},"schema":{"@context":"https:\/\/schema.org","@graph":[{"@type":"WebPage","@id":"https:\/\/archivportal.hu\/index.php\/archive\/bekescsabai-evangelikus-gyulekezeti-leveltar\/","url":"https:\/\/archivportal.hu\/index.php\/archive\/bekescsabai-evangelikus-gyulekezeti-leveltar\/","name":"B\u00e9k\u00e9scsabai Evang\u00e9likus Gy\u00fclekezeti Lev\u00e9lt\u00e1r - Magyar Lev\u00e9lt\u00e1ri Port\u00e1l","isPartOf":{"@id":"https:\/\/archivportal.hu\/#website"},"primaryImageOfPage":{"@id":"https:\/\/archivportal.hu\/index.php\/archive\/bekescsabai-evangelikus-gyulekezeti-leveltar\/#primaryimage"},"image":{"@id":"https:\/\/archivportal.hu\/index.php\/archive\/bekescsabai-evangelikus-gyulekezeti-leveltar\/#primaryimage"},"thumbnailUrl":"https:\/\/archivportal.hu\/wp-content\/uploads\/2022\/06\/Bekescsabai-Evangelikus-Gyulekezeti-Leveltar.jpg","datePublished":"2022-06-26T16:20:37+00:00","dateModified":"2022-06-27T20:13:53+00:00","breadcrumb":{"@id":"https:\/\/archivportal.hu\/index.php\/archive\/bekescsabai-evangelikus-gyulekezeti-leveltar\/#breadcrumb"},"inLanguage":"en-US","potentialAction":[{"@type":"ReadAction","target":["https:\/\/archivportal.hu\/index.php\/archive\/bekescsabai-evangelikus-gyulekezeti-leveltar\/"]}]},{"@type":"ImageObject","inLanguage":"en-US","@id":"https:\/\/archivportal.hu\/index.php\/archive\/bekescsabai-evangelikus-gyulekezeti-leveltar\/#primaryimage","url":"https:\/\/archivportal.hu\/wp-content\/uploads\/2022\/06\/Bekescsabai-Evangelikus-Gyulekezeti-Leveltar.jpg","contentUrl":"https:\/\/archivportal.hu\/wp-content\/uploads\/2022\/06\/Bekescsabai-Evangelikus-Gyulekezeti-Leveltar.jpg","width":640,"height":861},{"@type":"BreadcrumbList","@id":"https:\/\/archivportal.hu\/index.php\/archive\/bekescsabai-evangelikus-gyulekezeti-leveltar\/#breadcrumb","itemListElement":[{"@type":"ListItem","position":1,"name":"Home","item":"https:\/\/archivportal.hu\/"},{"@type":"ListItem","position":2,"name":"B\u00e9k\u00e9scsabai Evang\u00e9likus Gy\u00fclekezeti Lev\u00e9lt\u00e1r"}]},{"@type":"WebSite","@id":"https:\/\/archivportal.hu\/#website","url":"https:\/\/archivportal.hu\/","name":"Magyar Lev\u00e9lt\u00e1ri Port\u00e1l","description":"Az online foly\u00f3irat","publisher":{"@id":"https:\/\/archivportal.hu\/#organization"},"potentialAction":[{"@type":"SearchAction","target":{"@type":"EntryPoint","urlTemplate":"https:\/\/archivportal.hu\/?s={search_term_string}"},"query-input":{"@type":"PropertyValueSpecification","valueRequired":true,"valueName":"search_term_string"}}],"inLanguage":"en-US"},{"@type":"Organization","@id":"https:\/\/archivportal.hu\/#organization","name":"Magyar Lev\u00e9lt\u00e1ri Port\u00e1l","url":"https:\/\/archivportal.hu\/","logo":{"@type":"ImageObject","inLanguage":"en-US","@id":"https:\/\/archivportal.hu\/#\/schema\/logo\/image\/","url":"https:\/\/archivportal.hu\/wp-content\/uploads\/2022\/06\/MLP_logo_HU.png","contentUrl":"https:\/\/archivportal.hu\/wp-content\/uploads\/2022\/06\/MLP_logo_HU.png","width":1252,"height":144,"caption":"Magyar Lev\u00e9lt\u00e1ri Port\u00e1l"},"image":{"@id":"https:\/\/archivportal.hu\/#\/schema\/logo\/image\/"},"sameAs":["https:\/\/www.facebook.com\/magyarleveltarosok.egyesulete"]}]}},"_links":{"self":[{"href":"https:\/\/archivportal.hu\/index.php\/wp-json\/wp\/v2\/archive\/2966","targetHints":{"allow":["GET"]}}],"collection":[{"href":"https:\/\/archivportal.hu\/index.php\/wp-json\/wp\/v2\/archive"}],"about":[{"href":"https:\/\/archivportal.hu\/index.php\/wp-json\/wp\/v2\/types\/archive"}],"version-history":[{"count":2,"href":"https:\/\/archivportal.hu\/index.php\/wp-json\/wp\/v2\/archive\/2966\/revisions"}],"predecessor-version":[{"id":2968,"href":"https:\/\/archivportal.hu\/index.php\/wp-json\/wp\/v2\/archive\/2966\/revisions\/2968"}],"wp:featuredmedia":[{"embeddable":true,"href":"https:\/\/archivportal.hu\/index.php\/wp-json\/wp\/v2\/media\/3383"}],"wp:attachment":[{"href":"https:\/\/archivportal.hu\/index.php\/wp-json\/wp\/v2\/media?parent=2966"}],"wp:term":[{"taxonomy":"category","embeddable":true,"href":"https:\/\/archivportal.hu\/index.php\/wp-json\/wp\/v2\/categories?post=2966"},{"taxonomy":"post_tag","embeddable":true,"href":"https:\/\/archivportal.hu\/index.php\/wp-json\/wp\/v2\/tags?post=2966"}],"curies":[{"name":"wp","href":"https:\/\/api.w.org\/{rel}","templated":true}]}}