{"id":2997,"date":"2022-06-26T16:49:38","date_gmt":"2022-06-26T16:49:38","guid":{"rendered":"http:\/\/t1.archivportal.hu\/?post_type=archive&#038;p=2997"},"modified":"2022-06-27T20:24:52","modified_gmt":"2022-06-27T20:24:52","slug":"baptista-leveltar","status":"publish","type":"archive","link":"https:\/\/archivportal.hu\/index.php\/archive\/baptista-leveltar\/","title":{"rendered":"Baptista Lev\u00e9lt\u00e1r"},"content":{"rendered":"\n<p>A baptist\u00e1kat 1905-ben ismert\u00e9k el t\u00f6rv\u00e9nyes vall\u00e1snak Magyarorsz\u00e1gon, de gy\u00fclekezeteik m\u00e1r 1873-t\u00f3l l\u00e9teztek haz\u00e1nkban. A baptista egyh\u00e1znak nincsen jogfolytonoss\u00e1ga a t\u00f6rt\u00e9neti el\u0151zm\u00e9nyeket jelent\u0151, 16\u201317. sz\u00e1zadi anabaptist\u00e1kkal. A magyarorsz\u00e1gi baptista egyh\u00e1z legf\u0151bb vezet\u0151 szerve az orsz\u00e1gos k\u00f6zgy\u0171l\u00e9s, amely \u00e9venk\u00e9nt besz\u00e1mol\u00f3, n\u00e9gy\u00e9venk\u00e9nt pedig v\u00e1laszt\u00f3 gy\u0171l\u00e9st tart. K\u00e9t k\u00f6zgy\u0171l\u00e9s k\u00f6z\u00f6tti id\u0151szakban az egyh\u00e1ztan\u00e1cs a f\u0151 tan\u00e1cskoz\u00f3- \u00e9s hat\u00e1rozathoz\u00f3 szerv. A folyamatos \u00fcgyint\u00e9z\u00e9st a 13 tag\u00fa k\u00f6zponti tan\u00e1cs biztos\u00edtja, amely sz\u00fcks\u00e9g szerint, de legal\u00e1bb havonta \u00fcl\u00e9sezik. A baptista egyh\u00e1z \u00fcgyvezet\u0151 \u00e9s k\u00e9pviseleti szerve a 4 tag\u00fa eln\u00f6ks\u00e9g (egyh\u00e1zeln\u00f6k, k\u00e9t aleln\u00f6k \u00e9s orsz\u00e1gos titk\u00e1r).<\/p>\n\n\n\n<p>Az 1948-ban l\u00e9tes\u00fclt lev\u00e9lt\u00e1r alap\u00edt\u00f3ja Kirner A. Bertalan (1884\u20131973) lelk\u00e9sz, egyh\u00e1zt\u00f6rt\u00e9neti kutat\u00f3 volt. Az int\u00e9zm\u00e9ny c\u00e9lja a hazai \u00e9s a hat\u00e1ron t\u00fali magyar baptista vonatkoz\u00e1s\u00fa t\u00f6rt\u00e9neti dokumentumok gy\u0171jt\u00e9se, meg\u0151rz\u00e9se, tudom\u00e1nyos feldolgoz\u00e1sa \u00e9s a kutat\u00f3k rendelkez\u00e9s\u00e9re bocs\u00e1t\u00e1sa. A lev\u00e9lt\u00e1rhoz tartozik az a T\u00f6rt\u00e9nelmi Eml\u00e9kgy\u0171jtem\u00e9ny, melyet Szebeni Oliv\u00e9r (1928\u2013) lelkip\u00e1sztor \u00e9s egyh\u00e1zt\u00f6rt\u00e9n\u00e9sz hozott l\u00e9tre 1963-ban. Ez a gy\u0171jtem\u00e9ny az \u00edr\u00e1sos- \u00e9s f\u00e9nyk\u00e9panyag mellett t\u00f6bb neves egyh\u00e1zi el\u00f6lj\u00e1r\u00f3 t\u00e1rgyi eml\u00e9keit is \u0151rzi. A lev\u00e9lt\u00e1r vezet\u0151je az \u00faj Baptista Misszi\u00f3i K\u00f6zpontban \u00e1lland\u00f3 egyh\u00e1zt\u00f6rt\u00e9neti ki\u00e1ll\u00edt\u00e1st rendezett, melyet neves \u00e1llami \u00e9s egyh\u00e1zi szem\u00e9lyis\u00e9gek jelenl\u00e9t\u00e9ben 2000. m\u00e1rcius 19-\u00e9n nyitottak meg.<\/p>\n\n\n\n<p>A lev\u00e9lt\u00e1r 1844-t\u0151l kezdve \u0151riz iratokat. Az egyh\u00e1zkorm\u00e1nyzati iratok az 1870-es \u00e9vekt\u0151l, az egyh\u00e1zi k\u00f6zgy\u0171l\u00e9sek, a bel- \u00e9s k\u00fclmisszi\u00f3s tev\u00e9kenys\u00e9g iratai, jegyz\u0151k\u00f6nyvei 1912-t\u0151l 1990-ig tal\u00e1lhat\u00f3k meg. Gazdas\u00e1gi \u00e9s telekk\u00f6nyvi \u00fcgyiratokat 1896-t\u00f3l \u0151riz a lev\u00e9lt\u00e1r. Jelent\u0151s forr\u00e1s\u00e9rt\u00e9k\u0171 az 1874 \u00e9s 1965 k\u00f6z\u00f6tti id\u0151szak anyak\u00f6nyvi sorozata, melynek adatai 1874-t\u0151l a trianoni b\u00e9kedikt\u00e1tumig kiterjednek az eg\u00e9sz t\u00f6rt\u00e9nelmi Magyarorsz\u00e1g ter\u00fclet\u00e9re. Itt tal\u00e1lhat\u00f3k a Baptista Teol\u00f3giai Akad\u00e9mia dokumentumai is. Nem hi\u00e1nyoznak az anyaorsz\u00e1gt\u00f3l elszak\u00edtott ter\u00fcletek \u00e9s a nyugati vil\u00e1g magyar baptista gy\u00fclekezeteinek eml\u00e9kei sem: lelkip\u00e1sztorok \u00e9s m\u00e1s misszi\u00f3munk\u00e1sok k\u00e9ziratai, illetve azok m\u00e1solatai. A lev\u00e9lt\u00e1r jelent\u0151s egyh\u00e1zi sajt\u00f3gy\u0171jtem\u00e9nnyel is rendelkezik.<\/p>\n","protected":false},"excerpt":{"rendered":"<p>A baptist\u00e1kat 1905-ben ismert\u00e9k el t\u00f6rv\u00e9nyes vall\u00e1snak Magyarorsz\u00e1gon, de gy\u00fclekezeteik m\u00e1r 1873-t\u00f3l l\u00e9teztek haz\u00e1nkban. A baptista egyh\u00e1znak nincsen jogfolytonoss\u00e1ga a t\u00f6rt\u00e9neti el\u0151zm\u00e9nyeket jelent\u0151, 16\u201317. sz\u00e1zadi anabaptist\u00e1kkal. A magyarorsz\u00e1gi baptista egyh\u00e1z legf\u0151bb vezet\u0151 szerve az orsz\u00e1gos k\u00f6zgy\u0171l\u00e9s, amely \u00e9venk\u00e9nt besz\u00e1mol\u00f3, n\u00e9gy\u00e9venk\u00e9nt pedig v\u00e1laszt\u00f3 gy\u0171l\u00e9st tart. K\u00e9t k\u00f6zgy\u0171l\u00e9s k\u00f6z\u00f6tti id\u0151szakban az egyh\u00e1ztan\u00e1cs a f\u0151 tan\u00e1cskoz\u00f3- \u00e9s hat\u00e1rozathoz\u00f3 [&hellip;]<\/p>\n","protected":false},"featured_media":3453,"template":"","meta":{"_acf_changed":false,"_links_to":"","_links_to_target":""},"categories":[32,17,11],"tags":[],"class_list":["post-2997","archive","type-archive","status-publish","has-post-thumbnail","hentry","category-baptista-leveltarak","category-egyhazi-leveltarak","category-leveltar"],"acf":[],"yoast_head":"<!-- This site is optimized with the Yoast SEO plugin v27.5 - https:\/\/yoast.com\/product\/yoast-seo-wordpress\/ -->\n<title>Baptista Lev\u00e9lt\u00e1r - Magyar Lev\u00e9lt\u00e1ri Port\u00e1l<\/title>\n<meta name=\"robots\" content=\"index, follow, max-snippet:-1, max-image-preview:large, max-video-preview:-1\" \/>\n<meta property=\"og:locale\" content=\"en_US\" \/>\n<meta property=\"og:type\" content=\"article\" \/>\n<meta property=\"og:title\" content=\"Baptista Lev\u00e9lt\u00e1r - Magyar Lev\u00e9lt\u00e1ri Port\u00e1l\" \/>\n<meta property=\"og:description\" content=\"A baptist\u00e1kat 1905-ben ismert\u00e9k el t\u00f6rv\u00e9nyes vall\u00e1snak Magyarorsz\u00e1gon, de gy\u00fclekezeteik m\u00e1r 1873-t\u00f3l l\u00e9teztek haz\u00e1nkban. A baptista egyh\u00e1znak nincsen jogfolytonoss\u00e1ga a t\u00f6rt\u00e9neti el\u0151zm\u00e9nyeket jelent\u0151, 16\u201317. sz\u00e1zadi anabaptist\u00e1kkal. A magyarorsz\u00e1gi baptista egyh\u00e1z legf\u0151bb vezet\u0151 szerve az orsz\u00e1gos k\u00f6zgy\u0171l\u00e9s, amely \u00e9venk\u00e9nt besz\u00e1mol\u00f3, n\u00e9gy\u00e9venk\u00e9nt pedig v\u00e1laszt\u00f3 gy\u0171l\u00e9st tart. K\u00e9t k\u00f6zgy\u0171l\u00e9s k\u00f6z\u00f6tti id\u0151szakban az egyh\u00e1ztan\u00e1cs a f\u0151 tan\u00e1cskoz\u00f3- \u00e9s hat\u00e1rozathoz\u00f3 [&hellip;]\" \/>\n<meta property=\"og:url\" content=\"https:\/\/archivportal.hu\/index.php\/archive\/baptista-leveltar\/\" \/>\n<meta property=\"og:site_name\" content=\"Magyar Lev\u00e9lt\u00e1ri Port\u00e1l\" \/>\n<meta property=\"article:publisher\" content=\"https:\/\/www.facebook.com\/magyarleveltarosok.egyesulete\" \/>\n<meta property=\"article:modified_time\" content=\"2022-06-27T20:24:52+00:00\" \/>\n<meta property=\"og:image\" content=\"https:\/\/archivportal.hu\/wp-content\/uploads\/2022\/06\/Baptista_leveltar_2-1024x768.jpg\" \/>\n\t<meta property=\"og:image:width\" content=\"1024\" \/>\n\t<meta property=\"og:image:height\" content=\"768\" \/>\n\t<meta property=\"og:image:type\" content=\"image\/jpeg\" \/>\n<meta name=\"twitter:card\" content=\"summary_large_image\" \/>\n<meta name=\"twitter:label1\" content=\"Est. reading time\" \/>\n\t<meta name=\"twitter:data1\" content=\"2 minutes\" \/>\n<script type=\"application\/ld+json\" class=\"yoast-schema-graph\">{\"@context\":\"https:\\\/\\\/schema.org\",\"@graph\":[{\"@type\":\"WebPage\",\"@id\":\"https:\\\/\\\/archivportal.hu\\\/index.php\\\/archive\\\/baptista-leveltar\\\/\",\"url\":\"https:\\\/\\\/archivportal.hu\\\/index.php\\\/archive\\\/baptista-leveltar\\\/\",\"name\":\"Baptista Lev\u00e9lt\u00e1r - Magyar Lev\u00e9lt\u00e1ri Port\u00e1l\",\"isPartOf\":{\"@id\":\"https:\\\/\\\/archivportal.hu\\\/#website\"},\"primaryImageOfPage\":{\"@id\":\"https:\\\/\\\/archivportal.hu\\\/index.php\\\/archive\\\/baptista-leveltar\\\/#primaryimage\"},\"image\":{\"@id\":\"https:\\\/\\\/archivportal.hu\\\/index.php\\\/archive\\\/baptista-leveltar\\\/#primaryimage\"},\"thumbnailUrl\":\"https:\\\/\\\/archivportal.hu\\\/wp-content\\\/uploads\\\/2022\\\/06\\\/Baptista_leveltar_2.jpg\",\"datePublished\":\"2022-06-26T16:49:38+00:00\",\"dateModified\":\"2022-06-27T20:24:52+00:00\",\"breadcrumb\":{\"@id\":\"https:\\\/\\\/archivportal.hu\\\/index.php\\\/archive\\\/baptista-leveltar\\\/#breadcrumb\"},\"inLanguage\":\"en-US\",\"potentialAction\":[{\"@type\":\"ReadAction\",\"target\":[\"https:\\\/\\\/archivportal.hu\\\/index.php\\\/archive\\\/baptista-leveltar\\\/\"]}]},{\"@type\":\"ImageObject\",\"inLanguage\":\"en-US\",\"@id\":\"https:\\\/\\\/archivportal.hu\\\/index.php\\\/archive\\\/baptista-leveltar\\\/#primaryimage\",\"url\":\"https:\\\/\\\/archivportal.hu\\\/wp-content\\\/uploads\\\/2022\\\/06\\\/Baptista_leveltar_2.jpg\",\"contentUrl\":\"https:\\\/\\\/archivportal.hu\\\/wp-content\\\/uploads\\\/2022\\\/06\\\/Baptista_leveltar_2.jpg\",\"width\":1500,\"height\":1125},{\"@type\":\"BreadcrumbList\",\"@id\":\"https:\\\/\\\/archivportal.hu\\\/index.php\\\/archive\\\/baptista-leveltar\\\/#breadcrumb\",\"itemListElement\":[{\"@type\":\"ListItem\",\"position\":1,\"name\":\"Home\",\"item\":\"https:\\\/\\\/archivportal.hu\\\/\"},{\"@type\":\"ListItem\",\"position\":2,\"name\":\"Baptista Lev\u00e9lt\u00e1r\"}]},{\"@type\":\"WebSite\",\"@id\":\"https:\\\/\\\/archivportal.hu\\\/#website\",\"url\":\"https:\\\/\\\/archivportal.hu\\\/\",\"name\":\"Magyar Lev\u00e9lt\u00e1ri Port\u00e1l\",\"description\":\"Az online foly\u00f3irat\",\"publisher\":{\"@id\":\"https:\\\/\\\/archivportal.hu\\\/#organization\"},\"potentialAction\":[{\"@type\":\"SearchAction\",\"target\":{\"@type\":\"EntryPoint\",\"urlTemplate\":\"https:\\\/\\\/archivportal.hu\\\/?s={search_term_string}\"},\"query-input\":{\"@type\":\"PropertyValueSpecification\",\"valueRequired\":true,\"valueName\":\"search_term_string\"}}],\"inLanguage\":\"en-US\"},{\"@type\":\"Organization\",\"@id\":\"https:\\\/\\\/archivportal.hu\\\/#organization\",\"name\":\"Magyar Lev\u00e9lt\u00e1ri Port\u00e1l\",\"url\":\"https:\\\/\\\/archivportal.hu\\\/\",\"logo\":{\"@type\":\"ImageObject\",\"inLanguage\":\"en-US\",\"@id\":\"https:\\\/\\\/archivportal.hu\\\/#\\\/schema\\\/logo\\\/image\\\/\",\"url\":\"https:\\\/\\\/archivportal.hu\\\/wp-content\\\/uploads\\\/2022\\\/06\\\/MLP_logo_HU.png\",\"contentUrl\":\"https:\\\/\\\/archivportal.hu\\\/wp-content\\\/uploads\\\/2022\\\/06\\\/MLP_logo_HU.png\",\"width\":1252,\"height\":144,\"caption\":\"Magyar Lev\u00e9lt\u00e1ri Port\u00e1l\"},\"image\":{\"@id\":\"https:\\\/\\\/archivportal.hu\\\/#\\\/schema\\\/logo\\\/image\\\/\"},\"sameAs\":[\"https:\\\/\\\/www.facebook.com\\\/magyarleveltarosok.egyesulete\"]}]}<\/script>\n<!-- \/ Yoast SEO plugin. -->","yoast_head_json":{"title":"Baptista Lev\u00e9lt\u00e1r - Magyar Lev\u00e9lt\u00e1ri Port\u00e1l","robots":{"index":"index","follow":"follow","max-snippet":"max-snippet:-1","max-image-preview":"max-image-preview:large","max-video-preview":"max-video-preview:-1"},"og_locale":"en_US","og_type":"article","og_title":"Baptista Lev\u00e9lt\u00e1r - Magyar Lev\u00e9lt\u00e1ri Port\u00e1l","og_description":"A baptist\u00e1kat 1905-ben ismert\u00e9k el t\u00f6rv\u00e9nyes vall\u00e1snak Magyarorsz\u00e1gon, de gy\u00fclekezeteik m\u00e1r 1873-t\u00f3l l\u00e9teztek haz\u00e1nkban. A baptista egyh\u00e1znak nincsen jogfolytonoss\u00e1ga a t\u00f6rt\u00e9neti el\u0151zm\u00e9nyeket jelent\u0151, 16\u201317. sz\u00e1zadi anabaptist\u00e1kkal. A magyarorsz\u00e1gi baptista egyh\u00e1z legf\u0151bb vezet\u0151 szerve az orsz\u00e1gos k\u00f6zgy\u0171l\u00e9s, amely \u00e9venk\u00e9nt besz\u00e1mol\u00f3, n\u00e9gy\u00e9venk\u00e9nt pedig v\u00e1laszt\u00f3 gy\u0171l\u00e9st tart. K\u00e9t k\u00f6zgy\u0171l\u00e9s k\u00f6z\u00f6tti id\u0151szakban az egyh\u00e1ztan\u00e1cs a f\u0151 tan\u00e1cskoz\u00f3- \u00e9s hat\u00e1rozathoz\u00f3 [&hellip;]","og_url":"https:\/\/archivportal.hu\/index.php\/archive\/baptista-leveltar\/","og_site_name":"Magyar Lev\u00e9lt\u00e1ri Port\u00e1l","article_publisher":"https:\/\/www.facebook.com\/magyarleveltarosok.egyesulete","article_modified_time":"2022-06-27T20:24:52+00:00","og_image":[{"width":1024,"height":768,"url":"https:\/\/archivportal.hu\/wp-content\/uploads\/2022\/06\/Baptista_leveltar_2-1024x768.jpg","type":"image\/jpeg"}],"twitter_card":"summary_large_image","twitter_misc":{"Est. reading time":"2 minutes"},"schema":{"@context":"https:\/\/schema.org","@graph":[{"@type":"WebPage","@id":"https:\/\/archivportal.hu\/index.php\/archive\/baptista-leveltar\/","url":"https:\/\/archivportal.hu\/index.php\/archive\/baptista-leveltar\/","name":"Baptista Lev\u00e9lt\u00e1r - Magyar Lev\u00e9lt\u00e1ri Port\u00e1l","isPartOf":{"@id":"https:\/\/archivportal.hu\/#website"},"primaryImageOfPage":{"@id":"https:\/\/archivportal.hu\/index.php\/archive\/baptista-leveltar\/#primaryimage"},"image":{"@id":"https:\/\/archivportal.hu\/index.php\/archive\/baptista-leveltar\/#primaryimage"},"thumbnailUrl":"https:\/\/archivportal.hu\/wp-content\/uploads\/2022\/06\/Baptista_leveltar_2.jpg","datePublished":"2022-06-26T16:49:38+00:00","dateModified":"2022-06-27T20:24:52+00:00","breadcrumb":{"@id":"https:\/\/archivportal.hu\/index.php\/archive\/baptista-leveltar\/#breadcrumb"},"inLanguage":"en-US","potentialAction":[{"@type":"ReadAction","target":["https:\/\/archivportal.hu\/index.php\/archive\/baptista-leveltar\/"]}]},{"@type":"ImageObject","inLanguage":"en-US","@id":"https:\/\/archivportal.hu\/index.php\/archive\/baptista-leveltar\/#primaryimage","url":"https:\/\/archivportal.hu\/wp-content\/uploads\/2022\/06\/Baptista_leveltar_2.jpg","contentUrl":"https:\/\/archivportal.hu\/wp-content\/uploads\/2022\/06\/Baptista_leveltar_2.jpg","width":1500,"height":1125},{"@type":"BreadcrumbList","@id":"https:\/\/archivportal.hu\/index.php\/archive\/baptista-leveltar\/#breadcrumb","itemListElement":[{"@type":"ListItem","position":1,"name":"Home","item":"https:\/\/archivportal.hu\/"},{"@type":"ListItem","position":2,"name":"Baptista Lev\u00e9lt\u00e1r"}]},{"@type":"WebSite","@id":"https:\/\/archivportal.hu\/#website","url":"https:\/\/archivportal.hu\/","name":"Magyar Lev\u00e9lt\u00e1ri Port\u00e1l","description":"Az online foly\u00f3irat","publisher":{"@id":"https:\/\/archivportal.hu\/#organization"},"potentialAction":[{"@type":"SearchAction","target":{"@type":"EntryPoint","urlTemplate":"https:\/\/archivportal.hu\/?s={search_term_string}"},"query-input":{"@type":"PropertyValueSpecification","valueRequired":true,"valueName":"search_term_string"}}],"inLanguage":"en-US"},{"@type":"Organization","@id":"https:\/\/archivportal.hu\/#organization","name":"Magyar Lev\u00e9lt\u00e1ri Port\u00e1l","url":"https:\/\/archivportal.hu\/","logo":{"@type":"ImageObject","inLanguage":"en-US","@id":"https:\/\/archivportal.hu\/#\/schema\/logo\/image\/","url":"https:\/\/archivportal.hu\/wp-content\/uploads\/2022\/06\/MLP_logo_HU.png","contentUrl":"https:\/\/archivportal.hu\/wp-content\/uploads\/2022\/06\/MLP_logo_HU.png","width":1252,"height":144,"caption":"Magyar Lev\u00e9lt\u00e1ri Port\u00e1l"},"image":{"@id":"https:\/\/archivportal.hu\/#\/schema\/logo\/image\/"},"sameAs":["https:\/\/www.facebook.com\/magyarleveltarosok.egyesulete"]}]}},"_links":{"self":[{"href":"https:\/\/archivportal.hu\/index.php\/wp-json\/wp\/v2\/archive\/2997","targetHints":{"allow":["GET"]}}],"collection":[{"href":"https:\/\/archivportal.hu\/index.php\/wp-json\/wp\/v2\/archive"}],"about":[{"href":"https:\/\/archivportal.hu\/index.php\/wp-json\/wp\/v2\/types\/archive"}],"version-history":[{"count":2,"href":"https:\/\/archivportal.hu\/index.php\/wp-json\/wp\/v2\/archive\/2997\/revisions"}],"predecessor-version":[{"id":3000,"href":"https:\/\/archivportal.hu\/index.php\/wp-json\/wp\/v2\/archive\/2997\/revisions\/3000"}],"wp:featuredmedia":[{"embeddable":true,"href":"https:\/\/archivportal.hu\/index.php\/wp-json\/wp\/v2\/media\/3453"}],"wp:attachment":[{"href":"https:\/\/archivportal.hu\/index.php\/wp-json\/wp\/v2\/media?parent=2997"}],"wp:term":[{"taxonomy":"category","embeddable":true,"href":"https:\/\/archivportal.hu\/index.php\/wp-json\/wp\/v2\/categories?post=2997"},{"taxonomy":"post_tag","embeddable":true,"href":"https:\/\/archivportal.hu\/index.php\/wp-json\/wp\/v2\/tags?post=2997"}],"curies":[{"name":"wp","href":"https:\/\/api.w.org\/{rel}","templated":true}]}}