{"id":4848,"date":"2022-06-26T12:48:18","date_gmt":"2022-06-26T12:48:18","guid":{"rendered":"http:\/\/t1.archivportal.hu\/?post_type=archive&#038;p=4848"},"modified":"2022-07-10T14:27:08","modified_gmt":"2022-07-10T14:27:08","slug":"the-archives-of-the-archdiocese-of-kalocsa","status":"publish","type":"archive","link":"https:\/\/archivportal.hu\/index.php\/en\/archive\/the-archives-of-the-archdiocese-of-kalocsa\/","title":{"rendered":"The Archives of the Archdiocese of Kalocsa"},"content":{"rendered":"\n<p>Presumably the Diocese of Kalocsa was one of the first bishoprics established by Saint Stephen of Hungary in 1002. In the person of Astrik, it was headed by one of the strongest supporters of the king. Probably it was due to him that the bishopric was promoted to the rank of archbishopric, in all probability already in Saint Stephen\u2019s lifetime. In the beginning Kalocsa was the centre of the medieval archbishopric; later, from the 1090s the archbishops lived in the castle of B\u00e1cs. That is the origin of the double name, which was retained until 1968: Archbishopric of Kalocsa-B\u00e1cs. After the First World War two-thirds of the diocese\u2019s parishes got outside the Hungarian borders. Until 1923 the parts in B\u00e1cska were governed by the Vicar of the Archbishop of Kalocsa, then the Holy See established the Subotica (B\u00e1cs) Apostolic Administration, which became a bishopric in 1968. Due to the provision of Pope John Paul II, the diocese was increased by new territories on the North and its name was changed, too. From this time onwards the Archdiocese of Kalocsa-Kecskem\u00e9t is contiguous with the territory of B\u00e1cs-Kiskun County.<\/p>\n\n\n\n<p>The medieval archives of the Archbishopric and the Chapter were almost completely devastated after the Turkish occupation of 1529; only several records were replaced through collection by the archbishops of modern times. The collection of the modern archbishopric archives can be considered continuous since the period of Archbishop G\u00e1bor Patachic (1733\u20131745). The protocols of the archbishops can be found from 1733 and an index was created to them. The archives were moved to the new building of the Seminar in 1765, under Archbishop J\u00f3zsef Batthy\u00e1ny (1760\u20131776) and the first systematic catalogue was made at this time, too. At the beginning of the 19<sup>th<\/sup>&nbsp;century the archives and its furnishing were moved to the ground floor of the western wing; at present the greater part of the material can be found there. After a few changes in the second half of the 19<sup>th<\/sup>&nbsp;century the permanent system of record management (according to current number, subject-heading) was formed and the earlier records were also integrated into the system. The methodical mid-level classification of the material was completed in the 1990s.<\/p>\n\n\n\n<p>The material of the archives of the Chapter, starting from the 18<sup>th<\/sup>&nbsp;century, was stored in the Cathedral, in the rooms above the chapter sacristy and it was moved to the archbishop\u2019s palace about 1950. Apart from the private documents regarding the body of the chapter, there are the records of administering the foundation and the records of the chapter\u2019s estate; also, as a separate unit, the archives of the place of authentication. The latter was nationalized in 1950 and in January 1973 moved to Kecskem\u00e9t, to the B\u00e1cs-Kiskun County Archives. At the request of the Archbishop and the Grand Provost it was returned to Kalocsa in September 1997.<\/p>\n\n\n\n<p>The economic archives consist of the documents collected by the organs of the archiepiscopal estate (protector\u2019s office, engineering office, audit office); these cover the period from the reorganization of the diocese after the Ottoman occupation of Hungary to the 1945 land reform. Its map collection helps to follow the changes of the agricultural holdings of the archiepiscopate. The material of the economic archives, including the records that were<\/p>\n\n\n\n<p>collected from the barn of the former engineering office and the archiepiscopate\u2019s records concerning the estate, got to their recent storage place in 1986 and kept in the house of Canon Istv\u00e1n Katona, historian. Between 1986 and 1999 it was administered by the Municipality of Kalocsa, then in 2000 the archival material together with the building became church property and part of the Archives of the Archdiocese.<\/p>\n","protected":false},"excerpt":{"rendered":"<p>Presumably the Diocese of Kalocsa was one of the first bishoprics established by Saint Stephen of Hungary in 1002. In the person of Astrik, it was headed by one of the strongest supporters of the king. Probably it was due to him that the bishopric was promoted to the rank of archbishopric, in all probability [&hellip;]<\/p>\n","protected":false},"featured_media":3367,"template":"","meta":{"_acf_changed":false,"_links_to":"","_links_to_target":""},"categories":[138,220,218],"tags":[],"class_list":["post-4848","archive","type-archive","status-publish","has-post-thumbnail","hentry","category-archives","category-catholic-archives","category-ecclesiastical-archives"],"acf":[],"yoast_head":"<!-- This site is optimized with the Yoast SEO plugin v27.5 - https:\/\/yoast.com\/product\/yoast-seo-wordpress\/ -->\n<title>The Archives of the Archdiocese of Kalocsa - Magyar Lev\u00e9lt\u00e1ri Port\u00e1l<\/title>\n<meta name=\"robots\" content=\"index, follow, max-snippet:-1, max-image-preview:large, max-video-preview:-1\" \/>\n<meta property=\"og:locale\" content=\"en_US\" \/>\n<meta property=\"og:type\" content=\"article\" \/>\n<meta property=\"og:title\" content=\"The Archives of the Archdiocese of Kalocsa - Magyar Lev\u00e9lt\u00e1ri Port\u00e1l\" \/>\n<meta property=\"og:description\" content=\"Presumably the Diocese of Kalocsa was one of the first bishoprics established by Saint Stephen of Hungary in 1002. In the person of Astrik, it was headed by one of the strongest supporters of the king. Probably it was due to him that the bishopric was promoted to the rank of archbishopric, in all probability [&hellip;]\" \/>\n<meta property=\"og:url\" content=\"https:\/\/archivportal.hu\/index.php\/en\/archive\/the-archives-of-the-archdiocese-of-kalocsa\/\" \/>\n<meta property=\"og:site_name\" content=\"Magyar Lev\u00e9lt\u00e1ri Port\u00e1l\" \/>\n<meta property=\"article:publisher\" content=\"https:\/\/www.facebook.com\/magyarleveltarosok.egyesulete\" \/>\n<meta property=\"article:modified_time\" content=\"2022-07-10T14:27:08+00:00\" \/>\n<meta property=\"og:image\" content=\"https:\/\/archivportal.hu\/wp-content\/uploads\/2022\/06\/Kalocsai-Foegyhazmegyei-Leveltar.jpg\" \/>\n\t<meta property=\"og:image:width\" content=\"2048\" \/>\n\t<meta property=\"og:image:height\" content=\"1365\" \/>\n\t<meta property=\"og:image:type\" content=\"image\/jpeg\" \/>\n<meta name=\"twitter:card\" content=\"summary_large_image\" \/>\n<meta name=\"twitter:label1\" content=\"Est. reading time\" \/>\n\t<meta name=\"twitter:data1\" content=\"3 minutes\" \/>\n<script type=\"application\/ld+json\" class=\"yoast-schema-graph\">{\"@context\":\"https:\\\/\\\/schema.org\",\"@graph\":[{\"@type\":\"WebPage\",\"@id\":\"https:\\\/\\\/archivportal.hu\\\/index.php\\\/en\\\/archive\\\/the-archives-of-the-archdiocese-of-kalocsa\\\/\",\"url\":\"https:\\\/\\\/archivportal.hu\\\/index.php\\\/en\\\/archive\\\/the-archives-of-the-archdiocese-of-kalocsa\\\/\",\"name\":\"The Archives of the Archdiocese of Kalocsa - Magyar Lev\u00e9lt\u00e1ri Port\u00e1l\",\"isPartOf\":{\"@id\":\"https:\\\/\\\/archivportal.hu\\\/#website\"},\"primaryImageOfPage\":{\"@id\":\"https:\\\/\\\/archivportal.hu\\\/index.php\\\/en\\\/archive\\\/the-archives-of-the-archdiocese-of-kalocsa\\\/#primaryimage\"},\"image\":{\"@id\":\"https:\\\/\\\/archivportal.hu\\\/index.php\\\/en\\\/archive\\\/the-archives-of-the-archdiocese-of-kalocsa\\\/#primaryimage\"},\"thumbnailUrl\":\"https:\\\/\\\/archivportal.hu\\\/wp-content\\\/uploads\\\/2022\\\/06\\\/Kalocsai-Foegyhazmegyei-Leveltar.jpg\",\"datePublished\":\"2022-06-26T12:48:18+00:00\",\"dateModified\":\"2022-07-10T14:27:08+00:00\",\"breadcrumb\":{\"@id\":\"https:\\\/\\\/archivportal.hu\\\/index.php\\\/en\\\/archive\\\/the-archives-of-the-archdiocese-of-kalocsa\\\/#breadcrumb\"},\"inLanguage\":\"en-US\",\"potentialAction\":[{\"@type\":\"ReadAction\",\"target\":[\"https:\\\/\\\/archivportal.hu\\\/index.php\\\/en\\\/archive\\\/the-archives-of-the-archdiocese-of-kalocsa\\\/\"]}]},{\"@type\":\"ImageObject\",\"inLanguage\":\"en-US\",\"@id\":\"https:\\\/\\\/archivportal.hu\\\/index.php\\\/en\\\/archive\\\/the-archives-of-the-archdiocese-of-kalocsa\\\/#primaryimage\",\"url\":\"https:\\\/\\\/archivportal.hu\\\/wp-content\\\/uploads\\\/2022\\\/06\\\/Kalocsai-Foegyhazmegyei-Leveltar.jpg\",\"contentUrl\":\"https:\\\/\\\/archivportal.hu\\\/wp-content\\\/uploads\\\/2022\\\/06\\\/Kalocsai-Foegyhazmegyei-Leveltar.jpg\",\"width\":2048,\"height\":1365},{\"@type\":\"BreadcrumbList\",\"@id\":\"https:\\\/\\\/archivportal.hu\\\/index.php\\\/en\\\/archive\\\/the-archives-of-the-archdiocese-of-kalocsa\\\/#breadcrumb\",\"itemListElement\":[{\"@type\":\"ListItem\",\"position\":1,\"name\":\"Home\",\"item\":\"https:\\\/\\\/archivportal.hu\\\/\"},{\"@type\":\"ListItem\",\"position\":2,\"name\":\"The Archives of the Archdiocese of Kalocsa\"}]},{\"@type\":\"WebSite\",\"@id\":\"https:\\\/\\\/archivportal.hu\\\/#website\",\"url\":\"https:\\\/\\\/archivportal.hu\\\/\",\"name\":\"Magyar Lev\u00e9lt\u00e1ri Port\u00e1l\",\"description\":\"Az online foly\u00f3irat\",\"publisher\":{\"@id\":\"https:\\\/\\\/archivportal.hu\\\/#organization\"},\"potentialAction\":[{\"@type\":\"SearchAction\",\"target\":{\"@type\":\"EntryPoint\",\"urlTemplate\":\"https:\\\/\\\/archivportal.hu\\\/?s={search_term_string}\"},\"query-input\":{\"@type\":\"PropertyValueSpecification\",\"valueRequired\":true,\"valueName\":\"search_term_string\"}}],\"inLanguage\":\"en-US\"},{\"@type\":\"Organization\",\"@id\":\"https:\\\/\\\/archivportal.hu\\\/#organization\",\"name\":\"Magyar Lev\u00e9lt\u00e1ri Port\u00e1l\",\"url\":\"https:\\\/\\\/archivportal.hu\\\/\",\"logo\":{\"@type\":\"ImageObject\",\"inLanguage\":\"en-US\",\"@id\":\"https:\\\/\\\/archivportal.hu\\\/#\\\/schema\\\/logo\\\/image\\\/\",\"url\":\"https:\\\/\\\/archivportal.hu\\\/wp-content\\\/uploads\\\/2022\\\/06\\\/MLP_logo_HU.png\",\"contentUrl\":\"https:\\\/\\\/archivportal.hu\\\/wp-content\\\/uploads\\\/2022\\\/06\\\/MLP_logo_HU.png\",\"width\":1252,\"height\":144,\"caption\":\"Magyar Lev\u00e9lt\u00e1ri Port\u00e1l\"},\"image\":{\"@id\":\"https:\\\/\\\/archivportal.hu\\\/#\\\/schema\\\/logo\\\/image\\\/\"},\"sameAs\":[\"https:\\\/\\\/www.facebook.com\\\/magyarleveltarosok.egyesulete\"]}]}<\/script>\n<!-- \/ Yoast SEO plugin. -->","yoast_head_json":{"title":"The Archives of the Archdiocese of Kalocsa - Magyar Lev\u00e9lt\u00e1ri Port\u00e1l","robots":{"index":"index","follow":"follow","max-snippet":"max-snippet:-1","max-image-preview":"max-image-preview:large","max-video-preview":"max-video-preview:-1"},"og_locale":"en_US","og_type":"article","og_title":"The Archives of the Archdiocese of Kalocsa - Magyar Lev\u00e9lt\u00e1ri Port\u00e1l","og_description":"Presumably the Diocese of Kalocsa was one of the first bishoprics established by Saint Stephen of Hungary in 1002. In the person of Astrik, it was headed by one of the strongest supporters of the king. Probably it was due to him that the bishopric was promoted to the rank of archbishopric, in all probability [&hellip;]","og_url":"https:\/\/archivportal.hu\/index.php\/en\/archive\/the-archives-of-the-archdiocese-of-kalocsa\/","og_site_name":"Magyar Lev\u00e9lt\u00e1ri Port\u00e1l","article_publisher":"https:\/\/www.facebook.com\/magyarleveltarosok.egyesulete","article_modified_time":"2022-07-10T14:27:08+00:00","og_image":[{"width":2048,"height":1365,"url":"https:\/\/archivportal.hu\/wp-content\/uploads\/2022\/06\/Kalocsai-Foegyhazmegyei-Leveltar.jpg","type":"image\/jpeg"}],"twitter_card":"summary_large_image","twitter_misc":{"Est. reading time":"3 minutes"},"schema":{"@context":"https:\/\/schema.org","@graph":[{"@type":"WebPage","@id":"https:\/\/archivportal.hu\/index.php\/en\/archive\/the-archives-of-the-archdiocese-of-kalocsa\/","url":"https:\/\/archivportal.hu\/index.php\/en\/archive\/the-archives-of-the-archdiocese-of-kalocsa\/","name":"The Archives of the Archdiocese of Kalocsa - Magyar Lev\u00e9lt\u00e1ri Port\u00e1l","isPartOf":{"@id":"https:\/\/archivportal.hu\/#website"},"primaryImageOfPage":{"@id":"https:\/\/archivportal.hu\/index.php\/en\/archive\/the-archives-of-the-archdiocese-of-kalocsa\/#primaryimage"},"image":{"@id":"https:\/\/archivportal.hu\/index.php\/en\/archive\/the-archives-of-the-archdiocese-of-kalocsa\/#primaryimage"},"thumbnailUrl":"https:\/\/archivportal.hu\/wp-content\/uploads\/2022\/06\/Kalocsai-Foegyhazmegyei-Leveltar.jpg","datePublished":"2022-06-26T12:48:18+00:00","dateModified":"2022-07-10T14:27:08+00:00","breadcrumb":{"@id":"https:\/\/archivportal.hu\/index.php\/en\/archive\/the-archives-of-the-archdiocese-of-kalocsa\/#breadcrumb"},"inLanguage":"en-US","potentialAction":[{"@type":"ReadAction","target":["https:\/\/archivportal.hu\/index.php\/en\/archive\/the-archives-of-the-archdiocese-of-kalocsa\/"]}]},{"@type":"ImageObject","inLanguage":"en-US","@id":"https:\/\/archivportal.hu\/index.php\/en\/archive\/the-archives-of-the-archdiocese-of-kalocsa\/#primaryimage","url":"https:\/\/archivportal.hu\/wp-content\/uploads\/2022\/06\/Kalocsai-Foegyhazmegyei-Leveltar.jpg","contentUrl":"https:\/\/archivportal.hu\/wp-content\/uploads\/2022\/06\/Kalocsai-Foegyhazmegyei-Leveltar.jpg","width":2048,"height":1365},{"@type":"BreadcrumbList","@id":"https:\/\/archivportal.hu\/index.php\/en\/archive\/the-archives-of-the-archdiocese-of-kalocsa\/#breadcrumb","itemListElement":[{"@type":"ListItem","position":1,"name":"Home","item":"https:\/\/archivportal.hu\/"},{"@type":"ListItem","position":2,"name":"The Archives of the Archdiocese of Kalocsa"}]},{"@type":"WebSite","@id":"https:\/\/archivportal.hu\/#website","url":"https:\/\/archivportal.hu\/","name":"Magyar Lev\u00e9lt\u00e1ri Port\u00e1l","description":"Az online foly\u00f3irat","publisher":{"@id":"https:\/\/archivportal.hu\/#organization"},"potentialAction":[{"@type":"SearchAction","target":{"@type":"EntryPoint","urlTemplate":"https:\/\/archivportal.hu\/?s={search_term_string}"},"query-input":{"@type":"PropertyValueSpecification","valueRequired":true,"valueName":"search_term_string"}}],"inLanguage":"en-US"},{"@type":"Organization","@id":"https:\/\/archivportal.hu\/#organization","name":"Magyar Lev\u00e9lt\u00e1ri Port\u00e1l","url":"https:\/\/archivportal.hu\/","logo":{"@type":"ImageObject","inLanguage":"en-US","@id":"https:\/\/archivportal.hu\/#\/schema\/logo\/image\/","url":"https:\/\/archivportal.hu\/wp-content\/uploads\/2022\/06\/MLP_logo_HU.png","contentUrl":"https:\/\/archivportal.hu\/wp-content\/uploads\/2022\/06\/MLP_logo_HU.png","width":1252,"height":144,"caption":"Magyar Lev\u00e9lt\u00e1ri Port\u00e1l"},"image":{"@id":"https:\/\/archivportal.hu\/#\/schema\/logo\/image\/"},"sameAs":["https:\/\/www.facebook.com\/magyarleveltarosok.egyesulete"]}]}},"_links":{"self":[{"href":"https:\/\/archivportal.hu\/index.php\/wp-json\/wp\/v2\/archive\/4848","targetHints":{"allow":["GET"]}}],"collection":[{"href":"https:\/\/archivportal.hu\/index.php\/wp-json\/wp\/v2\/archive"}],"about":[{"href":"https:\/\/archivportal.hu\/index.php\/wp-json\/wp\/v2\/types\/archive"}],"version-history":[{"count":2,"href":"https:\/\/archivportal.hu\/index.php\/wp-json\/wp\/v2\/archive\/4848\/revisions"}],"predecessor-version":[{"id":4850,"href":"https:\/\/archivportal.hu\/index.php\/wp-json\/wp\/v2\/archive\/4848\/revisions\/4850"}],"wp:featuredmedia":[{"embeddable":true,"href":"https:\/\/archivportal.hu\/index.php\/wp-json\/wp\/v2\/media\/3367"}],"wp:attachment":[{"href":"https:\/\/archivportal.hu\/index.php\/wp-json\/wp\/v2\/media?parent=4848"}],"wp:term":[{"taxonomy":"category","embeddable":true,"href":"https:\/\/archivportal.hu\/index.php\/wp-json\/wp\/v2\/categories?post=4848"},{"taxonomy":"post_tag","embeddable":true,"href":"https:\/\/archivportal.hu\/index.php\/wp-json\/wp\/v2\/tags?post=4848"}],"curies":[{"name":"wp","href":"https:\/\/api.w.org\/{rel}","templated":true}]}}