{"id":4863,"date":"2022-06-26T14:52:13","date_gmt":"2022-06-26T14:52:13","guid":{"rendered":"http:\/\/t1.archivportal.hu\/?post_type=archive&#038;p=4863"},"modified":"2022-07-10T14:33:37","modified_gmt":"2022-07-10T14:33:37","slug":"archiv-der-mindszenty-stiftung-ungarn","status":"publish","type":"archive","link":"https:\/\/archivportal.hu\/index.php\/de\/archive\/archiv-der-mindszenty-stiftung-ungarn\/","title":{"rendered":"Archiv der Mindszenty Stiftung Ungarn"},"content":{"rendered":"\n<p>J\u00f3zsef Kardinal Mindszenty (1892\u20131975), Erzbischof von Esztergom (Gran), wurde 1948 von den kommunistischen Beh\u00f6rden verhaftet und in einem Schauprozess zu lebenslanger Gef\u00e4ngnishaft verurteilt. 1956 suchte er und erhielt Asyl in der US-Botschaft in Budapest, bis er Ungarn im Jahre 1971 verlassen durfte. Anschlie\u00dfend k\u00fcmmerte er sich, bis er seines Amtes als Erzbischof von Esztergom enthoben wurde (1973) und sogar danach, vor allem um die Pastoration der im Ausland, in der Diaspora lebenden Ungarn. Zu dieser Zeit, im Jahre 1972, gr\u00fcndete er die Mindszenty-Stiftung in Lichtenstein, in erster Linie um ungarische, christliche, karitative und kulturelle Institutionen und Organisationen zu f\u00f6rdern. Ferner sollte die Stiftung den schriftstellerischen Nachlass des Kardinals betreuen. Diese Ziele machte sich auch die 1994 gegr\u00fcndete Mindszenty Stiftung Ungarn zu eigen.<\/p>\n\n\n\n<p>Nach dem Tod von J\u00f3zsef Mindszenty wurde der gr\u00f6\u00dfere Teil seines Schriftennachlasses aus den Exiljahren in Mariazell, und ein kleinerer, wertvollerer Teil in Vaduz (Lichtenstein) verwahrt. Die Dokumente wurden in den 1970er und 1980er Jahren prim\u00e4r von Schwester Geraldine Galovits geordnet, die thematische Dossiers erstellte (Mindszenty im Gef\u00e4ngnis, Der Kardinal und der Ungarische Volksaufstand, Briefwechsel aus der Botschaft, Briefe an Papst Paul VI., Memoiren; Glaube und Moral im kommunistischen Ungarn etc.).<\/p>\n\n\n\n<p>Im Oktober 1994 wurde das gesamte Material nach Ungarn verbracht. &nbsp;Besitzer und Verwalter des Nachlasses ist die Mindszenty Stiftung Ungarn, die ihr Archiv seit 1996 als \u00f6ffentliches Privatarchiv betreibt. Das Archiv wurde in dem auch als Hauptsitz der Stiftung dienenden L\u00e1szl\u00f3 Majth\u00e9nyi Ordenshaus der Salesianer (Fels\u0151 Sv\u00e1bhegyi \u00fat 12.) untergebracht, wo Archivleiter J\u00e1nos Sz\u0151ke als Salesianerbruder lebte. Nach seinem Tod, im Sommer 2012, zogen die Stiftung und das Archiv unter der Leitung von Gergely Kov\u00e1cs in das Haus des Jesuitenordens in der Hor\u00e1nszky utca um.<\/p>\n\n\n\n<p>Das Archiv verwahrt nicht nur den aus dem Nachlass des Kardinals bestehenden \u201eStammbestand\u201d, sondern es erweiterte die Sammlung auch um weitere Kopien. So gelangten etwa 2003 die Kopien der Dokumente des US- Nationalarchivs in Washington mit Bezug zu Kardinal Mindszenty und 2004 die Kopien des Dokumentennachlasses des letzten Sekret\u00e4rs des Kardinals, Tibor M\u00e9sz\u00e1ros, in den Besitz des Archivs. Dar\u00fcber hinaus \u00fcbergaben dem Archiv auch viele Privatpersonen bzw. Institutionen ihre schriftlichen oder bildlichen Erinnerungsst\u00fccke an J\u00f3zsef Mindszenty.<\/p>\n","protected":false},"excerpt":{"rendered":"<p>J\u00f3zsef Kardinal Mindszenty (1892\u20131975), Erzbischof von Esztergom (Gran), wurde 1948 von den kommunistischen Beh\u00f6rden verhaftet und in einem Schauprozess zu lebenslanger Gef\u00e4ngnishaft verurteilt. 1956 suchte er und erhielt Asyl in der US-Botschaft in Budapest, bis er Ungarn im Jahre 1971 verlassen durfte. Anschlie\u00dfend k\u00fcmmerte er sich, bis er seines Amtes als Erzbischof von Esztergom enthoben [&hellip;]<\/p>\n","protected":false},"featured_media":3369,"template":"","meta":{"_acf_changed":false,"_links_to":"","_links_to_target":""},"categories":[145,225,223],"tags":[],"class_list":["post-4863","archive","type-archive","status-publish","has-post-thumbnail","hentry","category-archive","category-archive-der-katholischen-kirche","category-kirchliche-archive"],"acf":[],"yoast_head":"<!-- This site is optimized with the Yoast SEO plugin v27.5 - https:\/\/yoast.com\/product\/yoast-seo-wordpress\/ -->\n<title>Archiv der Mindszenty Stiftung Ungarn - Magyar Lev\u00e9lt\u00e1ri Port\u00e1l<\/title>\n<meta name=\"robots\" content=\"index, follow, max-snippet:-1, max-image-preview:large, max-video-preview:-1\" \/>\n<meta property=\"og:locale\" content=\"en_US\" \/>\n<meta property=\"og:type\" content=\"article\" \/>\n<meta property=\"og:title\" content=\"Archiv der Mindszenty Stiftung Ungarn - Magyar Lev\u00e9lt\u00e1ri Port\u00e1l\" \/>\n<meta property=\"og:description\" content=\"J\u00f3zsef Kardinal Mindszenty (1892\u20131975), Erzbischof von Esztergom (Gran), wurde 1948 von den kommunistischen Beh\u00f6rden verhaftet und in einem Schauprozess zu lebenslanger Gef\u00e4ngnishaft verurteilt. 1956 suchte er und erhielt Asyl in der US-Botschaft in Budapest, bis er Ungarn im Jahre 1971 verlassen durfte. Anschlie\u00dfend k\u00fcmmerte er sich, bis er seines Amtes als Erzbischof von Esztergom enthoben [&hellip;]\" \/>\n<meta property=\"og:url\" content=\"https:\/\/archivportal.hu\/index.php\/de\/archive\/archiv-der-mindszenty-stiftung-ungarn\/\" \/>\n<meta property=\"og:site_name\" content=\"Magyar Lev\u00e9lt\u00e1ri Port\u00e1l\" \/>\n<meta property=\"article:publisher\" content=\"https:\/\/www.facebook.com\/magyarleveltarosok.egyesulete\" \/>\n<meta property=\"article:modified_time\" content=\"2022-07-10T14:33:37+00:00\" \/>\n<meta property=\"og:image\" content=\"https:\/\/archivportal.hu\/wp-content\/uploads\/2022\/06\/Magyarorszagi-Mindszenty-Leveltar.jpg\" \/>\n\t<meta property=\"og:image:width\" content=\"2048\" \/>\n\t<meta property=\"og:image:height\" content=\"1521\" \/>\n\t<meta property=\"og:image:type\" content=\"image\/jpeg\" \/>\n<meta name=\"twitter:card\" content=\"summary_large_image\" \/>\n<meta name=\"twitter:label1\" content=\"Est. reading time\" \/>\n\t<meta name=\"twitter:data1\" content=\"2 minutes\" \/>\n<script type=\"application\/ld+json\" class=\"yoast-schema-graph\">{\"@context\":\"https:\\\/\\\/schema.org\",\"@graph\":[{\"@type\":\"WebPage\",\"@id\":\"https:\\\/\\\/archivportal.hu\\\/index.php\\\/de\\\/archive\\\/archiv-der-mindszenty-stiftung-ungarn\\\/\",\"url\":\"https:\\\/\\\/archivportal.hu\\\/index.php\\\/de\\\/archive\\\/archiv-der-mindszenty-stiftung-ungarn\\\/\",\"name\":\"Archiv der Mindszenty Stiftung Ungarn - Magyar Lev\u00e9lt\u00e1ri Port\u00e1l\",\"isPartOf\":{\"@id\":\"https:\\\/\\\/archivportal.hu\\\/#website\"},\"primaryImageOfPage\":{\"@id\":\"https:\\\/\\\/archivportal.hu\\\/index.php\\\/de\\\/archive\\\/archiv-der-mindszenty-stiftung-ungarn\\\/#primaryimage\"},\"image\":{\"@id\":\"https:\\\/\\\/archivportal.hu\\\/index.php\\\/de\\\/archive\\\/archiv-der-mindszenty-stiftung-ungarn\\\/#primaryimage\"},\"thumbnailUrl\":\"https:\\\/\\\/archivportal.hu\\\/wp-content\\\/uploads\\\/2022\\\/06\\\/Magyarorszagi-Mindszenty-Leveltar.jpg\",\"datePublished\":\"2022-06-26T14:52:13+00:00\",\"dateModified\":\"2022-07-10T14:33:37+00:00\",\"breadcrumb\":{\"@id\":\"https:\\\/\\\/archivportal.hu\\\/index.php\\\/de\\\/archive\\\/archiv-der-mindszenty-stiftung-ungarn\\\/#breadcrumb\"},\"inLanguage\":\"en-US\",\"potentialAction\":[{\"@type\":\"ReadAction\",\"target\":[\"https:\\\/\\\/archivportal.hu\\\/index.php\\\/de\\\/archive\\\/archiv-der-mindszenty-stiftung-ungarn\\\/\"]}]},{\"@type\":\"ImageObject\",\"inLanguage\":\"en-US\",\"@id\":\"https:\\\/\\\/archivportal.hu\\\/index.php\\\/de\\\/archive\\\/archiv-der-mindszenty-stiftung-ungarn\\\/#primaryimage\",\"url\":\"https:\\\/\\\/archivportal.hu\\\/wp-content\\\/uploads\\\/2022\\\/06\\\/Magyarorszagi-Mindszenty-Leveltar.jpg\",\"contentUrl\":\"https:\\\/\\\/archivportal.hu\\\/wp-content\\\/uploads\\\/2022\\\/06\\\/Magyarorszagi-Mindszenty-Leveltar.jpg\",\"width\":2048,\"height\":1521},{\"@type\":\"BreadcrumbList\",\"@id\":\"https:\\\/\\\/archivportal.hu\\\/index.php\\\/de\\\/archive\\\/archiv-der-mindszenty-stiftung-ungarn\\\/#breadcrumb\",\"itemListElement\":[{\"@type\":\"ListItem\",\"position\":1,\"name\":\"Home\",\"item\":\"https:\\\/\\\/archivportal.hu\\\/\"},{\"@type\":\"ListItem\",\"position\":2,\"name\":\"Archiv der Mindszenty Stiftung Ungarn\"}]},{\"@type\":\"WebSite\",\"@id\":\"https:\\\/\\\/archivportal.hu\\\/#website\",\"url\":\"https:\\\/\\\/archivportal.hu\\\/\",\"name\":\"Magyar Lev\u00e9lt\u00e1ri Port\u00e1l\",\"description\":\"Az online foly\u00f3irat\",\"publisher\":{\"@id\":\"https:\\\/\\\/archivportal.hu\\\/#organization\"},\"potentialAction\":[{\"@type\":\"SearchAction\",\"target\":{\"@type\":\"EntryPoint\",\"urlTemplate\":\"https:\\\/\\\/archivportal.hu\\\/?s={search_term_string}\"},\"query-input\":{\"@type\":\"PropertyValueSpecification\",\"valueRequired\":true,\"valueName\":\"search_term_string\"}}],\"inLanguage\":\"en-US\"},{\"@type\":\"Organization\",\"@id\":\"https:\\\/\\\/archivportal.hu\\\/#organization\",\"name\":\"Magyar Lev\u00e9lt\u00e1ri Port\u00e1l\",\"url\":\"https:\\\/\\\/archivportal.hu\\\/\",\"logo\":{\"@type\":\"ImageObject\",\"inLanguage\":\"en-US\",\"@id\":\"https:\\\/\\\/archivportal.hu\\\/#\\\/schema\\\/logo\\\/image\\\/\",\"url\":\"https:\\\/\\\/archivportal.hu\\\/wp-content\\\/uploads\\\/2022\\\/06\\\/MLP_logo_HU.png\",\"contentUrl\":\"https:\\\/\\\/archivportal.hu\\\/wp-content\\\/uploads\\\/2022\\\/06\\\/MLP_logo_HU.png\",\"width\":1252,\"height\":144,\"caption\":\"Magyar Lev\u00e9lt\u00e1ri Port\u00e1l\"},\"image\":{\"@id\":\"https:\\\/\\\/archivportal.hu\\\/#\\\/schema\\\/logo\\\/image\\\/\"},\"sameAs\":[\"https:\\\/\\\/www.facebook.com\\\/magyarleveltarosok.egyesulete\"]}]}<\/script>\n<!-- \/ Yoast SEO plugin. -->","yoast_head_json":{"title":"Archiv der Mindszenty Stiftung Ungarn - Magyar Lev\u00e9lt\u00e1ri Port\u00e1l","robots":{"index":"index","follow":"follow","max-snippet":"max-snippet:-1","max-image-preview":"max-image-preview:large","max-video-preview":"max-video-preview:-1"},"og_locale":"en_US","og_type":"article","og_title":"Archiv der Mindszenty Stiftung Ungarn - Magyar Lev\u00e9lt\u00e1ri Port\u00e1l","og_description":"J\u00f3zsef Kardinal Mindszenty (1892\u20131975), Erzbischof von Esztergom (Gran), wurde 1948 von den kommunistischen Beh\u00f6rden verhaftet und in einem Schauprozess zu lebenslanger Gef\u00e4ngnishaft verurteilt. 1956 suchte er und erhielt Asyl in der US-Botschaft in Budapest, bis er Ungarn im Jahre 1971 verlassen durfte. Anschlie\u00dfend k\u00fcmmerte er sich, bis er seines Amtes als Erzbischof von Esztergom enthoben [&hellip;]","og_url":"https:\/\/archivportal.hu\/index.php\/de\/archive\/archiv-der-mindszenty-stiftung-ungarn\/","og_site_name":"Magyar Lev\u00e9lt\u00e1ri Port\u00e1l","article_publisher":"https:\/\/www.facebook.com\/magyarleveltarosok.egyesulete","article_modified_time":"2022-07-10T14:33:37+00:00","og_image":[{"width":2048,"height":1521,"url":"https:\/\/archivportal.hu\/wp-content\/uploads\/2022\/06\/Magyarorszagi-Mindszenty-Leveltar.jpg","type":"image\/jpeg"}],"twitter_card":"summary_large_image","twitter_misc":{"Est. reading time":"2 minutes"},"schema":{"@context":"https:\/\/schema.org","@graph":[{"@type":"WebPage","@id":"https:\/\/archivportal.hu\/index.php\/de\/archive\/archiv-der-mindszenty-stiftung-ungarn\/","url":"https:\/\/archivportal.hu\/index.php\/de\/archive\/archiv-der-mindszenty-stiftung-ungarn\/","name":"Archiv der Mindszenty Stiftung Ungarn - Magyar Lev\u00e9lt\u00e1ri Port\u00e1l","isPartOf":{"@id":"https:\/\/archivportal.hu\/#website"},"primaryImageOfPage":{"@id":"https:\/\/archivportal.hu\/index.php\/de\/archive\/archiv-der-mindszenty-stiftung-ungarn\/#primaryimage"},"image":{"@id":"https:\/\/archivportal.hu\/index.php\/de\/archive\/archiv-der-mindszenty-stiftung-ungarn\/#primaryimage"},"thumbnailUrl":"https:\/\/archivportal.hu\/wp-content\/uploads\/2022\/06\/Magyarorszagi-Mindszenty-Leveltar.jpg","datePublished":"2022-06-26T14:52:13+00:00","dateModified":"2022-07-10T14:33:37+00:00","breadcrumb":{"@id":"https:\/\/archivportal.hu\/index.php\/de\/archive\/archiv-der-mindszenty-stiftung-ungarn\/#breadcrumb"},"inLanguage":"en-US","potentialAction":[{"@type":"ReadAction","target":["https:\/\/archivportal.hu\/index.php\/de\/archive\/archiv-der-mindszenty-stiftung-ungarn\/"]}]},{"@type":"ImageObject","inLanguage":"en-US","@id":"https:\/\/archivportal.hu\/index.php\/de\/archive\/archiv-der-mindszenty-stiftung-ungarn\/#primaryimage","url":"https:\/\/archivportal.hu\/wp-content\/uploads\/2022\/06\/Magyarorszagi-Mindszenty-Leveltar.jpg","contentUrl":"https:\/\/archivportal.hu\/wp-content\/uploads\/2022\/06\/Magyarorszagi-Mindszenty-Leveltar.jpg","width":2048,"height":1521},{"@type":"BreadcrumbList","@id":"https:\/\/archivportal.hu\/index.php\/de\/archive\/archiv-der-mindszenty-stiftung-ungarn\/#breadcrumb","itemListElement":[{"@type":"ListItem","position":1,"name":"Home","item":"https:\/\/archivportal.hu\/"},{"@type":"ListItem","position":2,"name":"Archiv der Mindszenty Stiftung Ungarn"}]},{"@type":"WebSite","@id":"https:\/\/archivportal.hu\/#website","url":"https:\/\/archivportal.hu\/","name":"Magyar Lev\u00e9lt\u00e1ri Port\u00e1l","description":"Az online foly\u00f3irat","publisher":{"@id":"https:\/\/archivportal.hu\/#organization"},"potentialAction":[{"@type":"SearchAction","target":{"@type":"EntryPoint","urlTemplate":"https:\/\/archivportal.hu\/?s={search_term_string}"},"query-input":{"@type":"PropertyValueSpecification","valueRequired":true,"valueName":"search_term_string"}}],"inLanguage":"en-US"},{"@type":"Organization","@id":"https:\/\/archivportal.hu\/#organization","name":"Magyar Lev\u00e9lt\u00e1ri Port\u00e1l","url":"https:\/\/archivportal.hu\/","logo":{"@type":"ImageObject","inLanguage":"en-US","@id":"https:\/\/archivportal.hu\/#\/schema\/logo\/image\/","url":"https:\/\/archivportal.hu\/wp-content\/uploads\/2022\/06\/MLP_logo_HU.png","contentUrl":"https:\/\/archivportal.hu\/wp-content\/uploads\/2022\/06\/MLP_logo_HU.png","width":1252,"height":144,"caption":"Magyar Lev\u00e9lt\u00e1ri Port\u00e1l"},"image":{"@id":"https:\/\/archivportal.hu\/#\/schema\/logo\/image\/"},"sameAs":["https:\/\/www.facebook.com\/magyarleveltarosok.egyesulete"]}]}},"_links":{"self":[{"href":"https:\/\/archivportal.hu\/index.php\/wp-json\/wp\/v2\/archive\/4863","targetHints":{"allow":["GET"]}}],"collection":[{"href":"https:\/\/archivportal.hu\/index.php\/wp-json\/wp\/v2\/archive"}],"about":[{"href":"https:\/\/archivportal.hu\/index.php\/wp-json\/wp\/v2\/types\/archive"}],"version-history":[{"count":2,"href":"https:\/\/archivportal.hu\/index.php\/wp-json\/wp\/v2\/archive\/4863\/revisions"}],"predecessor-version":[{"id":4865,"href":"https:\/\/archivportal.hu\/index.php\/wp-json\/wp\/v2\/archive\/4863\/revisions\/4865"}],"wp:featuredmedia":[{"embeddable":true,"href":"https:\/\/archivportal.hu\/index.php\/wp-json\/wp\/v2\/media\/3369"}],"wp:attachment":[{"href":"https:\/\/archivportal.hu\/index.php\/wp-json\/wp\/v2\/media?parent=4863"}],"wp:term":[{"taxonomy":"category","embeddable":true,"href":"https:\/\/archivportal.hu\/index.php\/wp-json\/wp\/v2\/categories?post=4863"},{"taxonomy":"post_tag","embeddable":true,"href":"https:\/\/archivportal.hu\/index.php\/wp-json\/wp\/v2\/tags?post=4863"}],"curies":[{"name":"wp","href":"https:\/\/api.w.org\/{rel}","templated":true}]}}