{"id":4869,"date":"2022-06-26T14:56:27","date_gmt":"2022-06-26T14:56:27","guid":{"rendered":"http:\/\/t1.archivportal.hu\/?post_type=archive&#038;p=4869"},"modified":"2022-07-10T14:37:14","modified_gmt":"2022-07-10T14:37:14","slug":"archiv-der-benediktiner-erzabtei-pannonhalma","status":"publish","type":"archive","link":"https:\/\/archivportal.hu\/index.php\/de\/archive\/archiv-der-benediktiner-erzabtei-pannonhalma\/","title":{"rendered":"Archiv der Benediktiner-Erzabtei Pannonhalma"},"content":{"rendered":"\n<p>Die von Gro\u00dff\u00fcrst G\u00e9za im Jahre 996 gegr\u00fcndete Abtei verf\u00fcgte aller Wahrscheinlichkeit nach von Anfang an \u00fcber ein Archiv, dessen erstes Schriftst\u00fcck der dem Kloster im Jahre 1001 vom hl. Stephan erteilte Privilegienbrief ist. Das Archiv f\u00fchrte seine T\u00e4tigkeit bis auf kleinere Unterbrechungen stets an seinem urspr\u00fcnglichen Ort fort, nur unter der osmanischen Herrschaft wurde der Archivbestand an sicherere Orte verbracht, bzw. musste er nach der Aufl\u00f6sung des ungarischen Benediktinerordens unter Joseph II. bis Anfang des 19. Jahrhunderts nach Buda (Ofen) gebracht werden. Dank der sorgf\u00e4ltigen Verwahrung blieb der Gro\u00dfteil des fr\u00fchen Urkundenbestands erhalten, so verf\u00fcgt Pannonhalma \u00fcber eine der reichsten und wertvollsten Urkundensammlungen aus den ersten Jahrhunderten der ungarischen Staatlichkeit. Neben der Privilegienurkunde des Klosters wird hier auch ein Konskriptionsbrief aus der Zeit von Ladislaus I. und die erste in urspr\u00fcnglicher Form \u00fcberlieferte p\u00e4pstliche Urkunde Ungarns (von Papst Paschalis II., 1102) verwahrt. Einen wertvollen Teil des sog. Capsariums bildet die reiche Sammlung der Privaturkunden aus dem 12. Jahrhundert. Mit dem Schriftgut anderer mittelalterlicher Abteien gelangten zahlreiche \u00e4hnlich wertvolle fr\u00fche Urkunden nach Pannonhalma: die Gr\u00fcndungsurkunde der Abtei Tihany ist das \u00e4lteste schriftliche Denkmal der ungarischen Sprache.<\/p>\n\n\n\n<p>Im 17-18. Jahrhundert erweiterte sich der Archivbestand um das alte Schriftgut einiger wieder belebten Abteien (Bakonyb\u00e9l, Tihany, D\u00f6m\u00f6lk), mehrerer ausgestorbener Kl\u00f6ster sowie des neuzeitlichen Archivguts der Abtei Zalav\u00e1r, die sich erst Ende des 19. Jahrhunderts der ungarischen Benediktinerkongregation anschloss. Ab Ende des 19. Jahrhunderts bereicherten auch wichtige Familienarchive (von den Familien Guary, Chernel, Somogyi, Kende und Erd\u0151dy) als Depositen das Archiv. 1945 gelangte das Archiv der belgischen Prinzessin Stephanie und ihres Ehegatten, Elem\u00e9r L\u00f3nyay, als Nachlass nach Pannonhalma.<\/p>\n\n\n\n<p>In den Sammlungsbereich des Archivs geh\u00f6ren die Dokumente der Benediktiner-Erzabtei Pannonhalma und s\u00e4mtlicher anderer Abteien und Ordensh\u00e4user der ungarischen Benediktinerkongregation sowie ihrer Filialabteien und der Territorialabtei. Von diesen sind die Dokumente der Ordensleitung, aus den \u00c4mtern des Erzabtes und der Prioren sowie des Generalkapitels hervorzuheben, in den Sammelkreis geh\u00f6ren aber auch die Dokumente der zum Orden geh\u00f6renden Schuleinrichtungen, Wirtschafts\u00e4mter und Unternehmen sowie die Unterlagen aus den Institutionen der Filialabteien. Der Archivbestand umfasst etwa 200 lfm.<\/p>\n","protected":false},"excerpt":{"rendered":"<p>Die von Gro\u00dff\u00fcrst G\u00e9za im Jahre 996 gegr\u00fcndete Abtei verf\u00fcgte aller Wahrscheinlichkeit nach von Anfang an \u00fcber ein Archiv, dessen erstes Schriftst\u00fcck der dem Kloster im Jahre 1001 vom hl. Stephan erteilte Privilegienbrief ist. Das Archiv f\u00fchrte seine T\u00e4tigkeit bis auf kleinere Unterbrechungen stets an seinem urspr\u00fcnglichen Ort fort, nur unter der osmanischen Herrschaft wurde [&hellip;]<\/p>\n","protected":false},"featured_media":3370,"template":"","meta":{"_acf_changed":false,"_links_to":"","_links_to_target":""},"categories":[145,225,223],"tags":[],"class_list":["post-4869","archive","type-archive","status-publish","has-post-thumbnail","hentry","category-archive","category-archive-der-katholischen-kirche","category-kirchliche-archive"],"acf":[],"yoast_head":"<!-- This site is optimized with the Yoast SEO plugin v27.5 - https:\/\/yoast.com\/product\/yoast-seo-wordpress\/ -->\n<title>Archiv der Benediktiner-Erzabtei Pannonhalma - Magyar Lev\u00e9lt\u00e1ri Port\u00e1l<\/title>\n<meta name=\"robots\" content=\"index, follow, max-snippet:-1, max-image-preview:large, max-video-preview:-1\" \/>\n<meta property=\"og:locale\" content=\"en_US\" \/>\n<meta property=\"og:type\" content=\"article\" \/>\n<meta property=\"og:title\" content=\"Archiv der Benediktiner-Erzabtei Pannonhalma - Magyar Lev\u00e9lt\u00e1ri Port\u00e1l\" \/>\n<meta property=\"og:description\" content=\"Die von Gro\u00dff\u00fcrst G\u00e9za im Jahre 996 gegr\u00fcndete Abtei verf\u00fcgte aller Wahrscheinlichkeit nach von Anfang an \u00fcber ein Archiv, dessen erstes Schriftst\u00fcck der dem Kloster im Jahre 1001 vom hl. Stephan erteilte Privilegienbrief ist. Das Archiv f\u00fchrte seine T\u00e4tigkeit bis auf kleinere Unterbrechungen stets an seinem urspr\u00fcnglichen Ort fort, nur unter der osmanischen Herrschaft wurde [&hellip;]\" \/>\n<meta property=\"og:url\" content=\"https:\/\/archivportal.hu\/index.php\/de\/archive\/archiv-der-benediktiner-erzabtei-pannonhalma\/\" \/>\n<meta property=\"og:site_name\" content=\"Magyar Lev\u00e9lt\u00e1ri Port\u00e1l\" \/>\n<meta property=\"article:publisher\" content=\"https:\/\/www.facebook.com\/magyarleveltarosok.egyesulete\" \/>\n<meta property=\"article:modified_time\" content=\"2022-07-10T14:37:14+00:00\" \/>\n<meta property=\"og:image\" content=\"https:\/\/archivportal.hu\/wp-content\/uploads\/2022\/06\/Pannonhalmi-Foapatsagi-Leveltar.jpg\" \/>\n\t<meta property=\"og:image:width\" content=\"1240\" \/>\n\t<meta property=\"og:image:height\" content=\"916\" \/>\n\t<meta property=\"og:image:type\" content=\"image\/jpeg\" \/>\n<meta name=\"twitter:card\" content=\"summary_large_image\" \/>\n<meta name=\"twitter:label1\" content=\"Est. reading time\" \/>\n\t<meta name=\"twitter:data1\" content=\"2 minutes\" \/>\n<script type=\"application\/ld+json\" class=\"yoast-schema-graph\">{\"@context\":\"https:\\\/\\\/schema.org\",\"@graph\":[{\"@type\":\"WebPage\",\"@id\":\"https:\\\/\\\/archivportal.hu\\\/index.php\\\/de\\\/archive\\\/archiv-der-benediktiner-erzabtei-pannonhalma\\\/\",\"url\":\"https:\\\/\\\/archivportal.hu\\\/index.php\\\/de\\\/archive\\\/archiv-der-benediktiner-erzabtei-pannonhalma\\\/\",\"name\":\"Archiv der Benediktiner-Erzabtei Pannonhalma - Magyar Lev\u00e9lt\u00e1ri Port\u00e1l\",\"isPartOf\":{\"@id\":\"https:\\\/\\\/archivportal.hu\\\/#website\"},\"primaryImageOfPage\":{\"@id\":\"https:\\\/\\\/archivportal.hu\\\/index.php\\\/de\\\/archive\\\/archiv-der-benediktiner-erzabtei-pannonhalma\\\/#primaryimage\"},\"image\":{\"@id\":\"https:\\\/\\\/archivportal.hu\\\/index.php\\\/de\\\/archive\\\/archiv-der-benediktiner-erzabtei-pannonhalma\\\/#primaryimage\"},\"thumbnailUrl\":\"https:\\\/\\\/archivportal.hu\\\/wp-content\\\/uploads\\\/2022\\\/06\\\/Pannonhalmi-Foapatsagi-Leveltar.jpg\",\"datePublished\":\"2022-06-26T14:56:27+00:00\",\"dateModified\":\"2022-07-10T14:37:14+00:00\",\"breadcrumb\":{\"@id\":\"https:\\\/\\\/archivportal.hu\\\/index.php\\\/de\\\/archive\\\/archiv-der-benediktiner-erzabtei-pannonhalma\\\/#breadcrumb\"},\"inLanguage\":\"en-US\",\"potentialAction\":[{\"@type\":\"ReadAction\",\"target\":[\"https:\\\/\\\/archivportal.hu\\\/index.php\\\/de\\\/archive\\\/archiv-der-benediktiner-erzabtei-pannonhalma\\\/\"]}]},{\"@type\":\"ImageObject\",\"inLanguage\":\"en-US\",\"@id\":\"https:\\\/\\\/archivportal.hu\\\/index.php\\\/de\\\/archive\\\/archiv-der-benediktiner-erzabtei-pannonhalma\\\/#primaryimage\",\"url\":\"https:\\\/\\\/archivportal.hu\\\/wp-content\\\/uploads\\\/2022\\\/06\\\/Pannonhalmi-Foapatsagi-Leveltar.jpg\",\"contentUrl\":\"https:\\\/\\\/archivportal.hu\\\/wp-content\\\/uploads\\\/2022\\\/06\\\/Pannonhalmi-Foapatsagi-Leveltar.jpg\",\"width\":1240,\"height\":916},{\"@type\":\"BreadcrumbList\",\"@id\":\"https:\\\/\\\/archivportal.hu\\\/index.php\\\/de\\\/archive\\\/archiv-der-benediktiner-erzabtei-pannonhalma\\\/#breadcrumb\",\"itemListElement\":[{\"@type\":\"ListItem\",\"position\":1,\"name\":\"Home\",\"item\":\"https:\\\/\\\/archivportal.hu\\\/\"},{\"@type\":\"ListItem\",\"position\":2,\"name\":\"Archiv der Benediktiner-Erzabtei Pannonhalma\"}]},{\"@type\":\"WebSite\",\"@id\":\"https:\\\/\\\/archivportal.hu\\\/#website\",\"url\":\"https:\\\/\\\/archivportal.hu\\\/\",\"name\":\"Magyar Lev\u00e9lt\u00e1ri Port\u00e1l\",\"description\":\"Az online foly\u00f3irat\",\"publisher\":{\"@id\":\"https:\\\/\\\/archivportal.hu\\\/#organization\"},\"potentialAction\":[{\"@type\":\"SearchAction\",\"target\":{\"@type\":\"EntryPoint\",\"urlTemplate\":\"https:\\\/\\\/archivportal.hu\\\/?s={search_term_string}\"},\"query-input\":{\"@type\":\"PropertyValueSpecification\",\"valueRequired\":true,\"valueName\":\"search_term_string\"}}],\"inLanguage\":\"en-US\"},{\"@type\":\"Organization\",\"@id\":\"https:\\\/\\\/archivportal.hu\\\/#organization\",\"name\":\"Magyar Lev\u00e9lt\u00e1ri Port\u00e1l\",\"url\":\"https:\\\/\\\/archivportal.hu\\\/\",\"logo\":{\"@type\":\"ImageObject\",\"inLanguage\":\"en-US\",\"@id\":\"https:\\\/\\\/archivportal.hu\\\/#\\\/schema\\\/logo\\\/image\\\/\",\"url\":\"https:\\\/\\\/archivportal.hu\\\/wp-content\\\/uploads\\\/2022\\\/06\\\/MLP_logo_HU.png\",\"contentUrl\":\"https:\\\/\\\/archivportal.hu\\\/wp-content\\\/uploads\\\/2022\\\/06\\\/MLP_logo_HU.png\",\"width\":1252,\"height\":144,\"caption\":\"Magyar Lev\u00e9lt\u00e1ri Port\u00e1l\"},\"image\":{\"@id\":\"https:\\\/\\\/archivportal.hu\\\/#\\\/schema\\\/logo\\\/image\\\/\"},\"sameAs\":[\"https:\\\/\\\/www.facebook.com\\\/magyarleveltarosok.egyesulete\"]}]}<\/script>\n<!-- \/ Yoast SEO plugin. -->","yoast_head_json":{"title":"Archiv der Benediktiner-Erzabtei Pannonhalma - Magyar Lev\u00e9lt\u00e1ri Port\u00e1l","robots":{"index":"index","follow":"follow","max-snippet":"max-snippet:-1","max-image-preview":"max-image-preview:large","max-video-preview":"max-video-preview:-1"},"og_locale":"en_US","og_type":"article","og_title":"Archiv der Benediktiner-Erzabtei Pannonhalma - Magyar Lev\u00e9lt\u00e1ri Port\u00e1l","og_description":"Die von Gro\u00dff\u00fcrst G\u00e9za im Jahre 996 gegr\u00fcndete Abtei verf\u00fcgte aller Wahrscheinlichkeit nach von Anfang an \u00fcber ein Archiv, dessen erstes Schriftst\u00fcck der dem Kloster im Jahre 1001 vom hl. Stephan erteilte Privilegienbrief ist. Das Archiv f\u00fchrte seine T\u00e4tigkeit bis auf kleinere Unterbrechungen stets an seinem urspr\u00fcnglichen Ort fort, nur unter der osmanischen Herrschaft wurde [&hellip;]","og_url":"https:\/\/archivportal.hu\/index.php\/de\/archive\/archiv-der-benediktiner-erzabtei-pannonhalma\/","og_site_name":"Magyar Lev\u00e9lt\u00e1ri Port\u00e1l","article_publisher":"https:\/\/www.facebook.com\/magyarleveltarosok.egyesulete","article_modified_time":"2022-07-10T14:37:14+00:00","og_image":[{"width":1240,"height":916,"url":"https:\/\/archivportal.hu\/wp-content\/uploads\/2022\/06\/Pannonhalmi-Foapatsagi-Leveltar.jpg","type":"image\/jpeg"}],"twitter_card":"summary_large_image","twitter_misc":{"Est. reading time":"2 minutes"},"schema":{"@context":"https:\/\/schema.org","@graph":[{"@type":"WebPage","@id":"https:\/\/archivportal.hu\/index.php\/de\/archive\/archiv-der-benediktiner-erzabtei-pannonhalma\/","url":"https:\/\/archivportal.hu\/index.php\/de\/archive\/archiv-der-benediktiner-erzabtei-pannonhalma\/","name":"Archiv der Benediktiner-Erzabtei Pannonhalma - Magyar Lev\u00e9lt\u00e1ri Port\u00e1l","isPartOf":{"@id":"https:\/\/archivportal.hu\/#website"},"primaryImageOfPage":{"@id":"https:\/\/archivportal.hu\/index.php\/de\/archive\/archiv-der-benediktiner-erzabtei-pannonhalma\/#primaryimage"},"image":{"@id":"https:\/\/archivportal.hu\/index.php\/de\/archive\/archiv-der-benediktiner-erzabtei-pannonhalma\/#primaryimage"},"thumbnailUrl":"https:\/\/archivportal.hu\/wp-content\/uploads\/2022\/06\/Pannonhalmi-Foapatsagi-Leveltar.jpg","datePublished":"2022-06-26T14:56:27+00:00","dateModified":"2022-07-10T14:37:14+00:00","breadcrumb":{"@id":"https:\/\/archivportal.hu\/index.php\/de\/archive\/archiv-der-benediktiner-erzabtei-pannonhalma\/#breadcrumb"},"inLanguage":"en-US","potentialAction":[{"@type":"ReadAction","target":["https:\/\/archivportal.hu\/index.php\/de\/archive\/archiv-der-benediktiner-erzabtei-pannonhalma\/"]}]},{"@type":"ImageObject","inLanguage":"en-US","@id":"https:\/\/archivportal.hu\/index.php\/de\/archive\/archiv-der-benediktiner-erzabtei-pannonhalma\/#primaryimage","url":"https:\/\/archivportal.hu\/wp-content\/uploads\/2022\/06\/Pannonhalmi-Foapatsagi-Leveltar.jpg","contentUrl":"https:\/\/archivportal.hu\/wp-content\/uploads\/2022\/06\/Pannonhalmi-Foapatsagi-Leveltar.jpg","width":1240,"height":916},{"@type":"BreadcrumbList","@id":"https:\/\/archivportal.hu\/index.php\/de\/archive\/archiv-der-benediktiner-erzabtei-pannonhalma\/#breadcrumb","itemListElement":[{"@type":"ListItem","position":1,"name":"Home","item":"https:\/\/archivportal.hu\/"},{"@type":"ListItem","position":2,"name":"Archiv der Benediktiner-Erzabtei Pannonhalma"}]},{"@type":"WebSite","@id":"https:\/\/archivportal.hu\/#website","url":"https:\/\/archivportal.hu\/","name":"Magyar Lev\u00e9lt\u00e1ri Port\u00e1l","description":"Az online foly\u00f3irat","publisher":{"@id":"https:\/\/archivportal.hu\/#organization"},"potentialAction":[{"@type":"SearchAction","target":{"@type":"EntryPoint","urlTemplate":"https:\/\/archivportal.hu\/?s={search_term_string}"},"query-input":{"@type":"PropertyValueSpecification","valueRequired":true,"valueName":"search_term_string"}}],"inLanguage":"en-US"},{"@type":"Organization","@id":"https:\/\/archivportal.hu\/#organization","name":"Magyar Lev\u00e9lt\u00e1ri Port\u00e1l","url":"https:\/\/archivportal.hu\/","logo":{"@type":"ImageObject","inLanguage":"en-US","@id":"https:\/\/archivportal.hu\/#\/schema\/logo\/image\/","url":"https:\/\/archivportal.hu\/wp-content\/uploads\/2022\/06\/MLP_logo_HU.png","contentUrl":"https:\/\/archivportal.hu\/wp-content\/uploads\/2022\/06\/MLP_logo_HU.png","width":1252,"height":144,"caption":"Magyar Lev\u00e9lt\u00e1ri Port\u00e1l"},"image":{"@id":"https:\/\/archivportal.hu\/#\/schema\/logo\/image\/"},"sameAs":["https:\/\/www.facebook.com\/magyarleveltarosok.egyesulete"]}]}},"_links":{"self":[{"href":"https:\/\/archivportal.hu\/index.php\/wp-json\/wp\/v2\/archive\/4869","targetHints":{"allow":["GET"]}}],"collection":[{"href":"https:\/\/archivportal.hu\/index.php\/wp-json\/wp\/v2\/archive"}],"about":[{"href":"https:\/\/archivportal.hu\/index.php\/wp-json\/wp\/v2\/types\/archive"}],"version-history":[{"count":2,"href":"https:\/\/archivportal.hu\/index.php\/wp-json\/wp\/v2\/archive\/4869\/revisions"}],"predecessor-version":[{"id":4871,"href":"https:\/\/archivportal.hu\/index.php\/wp-json\/wp\/v2\/archive\/4869\/revisions\/4871"}],"wp:featuredmedia":[{"embeddable":true,"href":"https:\/\/archivportal.hu\/index.php\/wp-json\/wp\/v2\/media\/3370"}],"wp:attachment":[{"href":"https:\/\/archivportal.hu\/index.php\/wp-json\/wp\/v2\/media?parent=4869"}],"wp:term":[{"taxonomy":"category","embeddable":true,"href":"https:\/\/archivportal.hu\/index.php\/wp-json\/wp\/v2\/categories?post=4869"},{"taxonomy":"post_tag","embeddable":true,"href":"https:\/\/archivportal.hu\/index.php\/wp-json\/wp\/v2\/tags?post=4869"}],"curies":[{"name":"wp","href":"https:\/\/api.w.org\/{rel}","templated":true}]}}