{"id":4929,"date":"2022-06-26T15:56:16","date_gmt":"2022-06-26T15:56:16","guid":{"rendered":"http:\/\/t1.archivportal.hu\/?post_type=archive&#038;p=4929"},"modified":"2022-07-10T15:07:54","modified_gmt":"2022-07-10T15:07:54","slug":"das-raday-archiv-des-reformierten-kirchendistrikts-an-der-donau","status":"publish","type":"archive","link":"https:\/\/archivportal.hu\/index.php\/de\/archive\/das-raday-archiv-des-reformierten-kirchendistrikts-an-der-donau\/","title":{"rendered":"Das R\u00e1day-Archiv des Reformierten Kirchendistrikts an der Donau"},"content":{"rendered":"\n<p>Das R\u00e1day-Archiv verwahrt etwa 850 laufende Meter Dokumente in 350 Best\u00e4nden. Etwa zwei Drittel des Schriftmaterials machen die Unterlagen des Reformierten Distrikts an der Donau sowie seiner Einrichtungen aus. Das \u00e4lteste Protokoll des Kirchendistrikts beginnt 1626, die Verwaltungsdokumente sind ab 1790 in gr\u00f6\u00dferer Zahl erhalten, und die Protokolle der Kirchenkreise sind ab der zweiten H\u00e4lfte der 1700er Jahre \u00fcberliefert. Im Archiv werden die Dokumente von 60 der etwa 300 Kirchengemeinden des Kirchendistrikts verwahrt (die anderen befinden sich in den Kirchengemeinden oder im Archiv des jeweiligen Kirchenkreises), die \u00fcberwiegend aus dem 19\u201320. Jahrhundert stammen. Unter den Dokumenten der Einrichtungen finden wir das Schriftgut der Theologischen Akademie von Budapest \u2013 seit Kurzem die Theologische Fakult\u00e4t der K\u00e1roli G\u00e1sp\u00e1r Universit\u00e4t der Reformierten Kirche in Ungarn \u2013 sowie des L\u00f3nyay-Gymnasiums und des Ba\u00e1r-Madas-Gymnasiums in Budapest. Zu der anderen gro\u00dfen Gruppe der Sammlungsbest\u00e4nde geh\u00f6ren das umfangreiche Schriftgut der protestantischen Vertreter am Hofe unter dem Namen\u00a0<em>Archivum Agentiale<\/em>, das in Bezug auf das 18. Jahrhundert, die Szemere-Sammlung, die in Bezug auf das 19. Jahrhundert, und die Jerney-Sammlung, die in Bezug auf das 16-17. Jahrhundert als Quelle von landesweiter Bedeutung dient, ebenso wie das Archivgut der Genealogischen Dar\u00f3czy-Sammlung aus dem Johanniterarchiv. Von den Familien- und Personennachl\u00e4ssen steht sowohl aufgrund seines Inhalts als auch wegen seines Umfangs das Archiv der Familie R\u00e1day an erster Stelle. In diesem Bestand finden wir die Mehrheit der etwas mehr als hundert ungarischen Urkunden aus der Zeit vor der Schlacht bei Moh\u00e1cs.\u00a0 Die bislang ver\u00f6ffentlichte wichtigste Quellenausgabe aus dem Schriftgut der R\u00e1days \u2013 herausgegeben u.a. von K\u00e1lm\u00e1n Benda \u2013 enth\u00e4lt die Dokumente von P\u00e1l R\u00e1day aus der Zeit zwischen 1703\u20131711.<\/p>\n","protected":false},"excerpt":{"rendered":"<p>Das R\u00e1day-Archiv verwahrt etwa 850 laufende Meter Dokumente in 350 Best\u00e4nden. Etwa zwei Drittel des Schriftmaterials machen die Unterlagen des Reformierten Distrikts an der Donau sowie seiner Einrichtungen aus. Das \u00e4lteste Protokoll des Kirchendistrikts beginnt 1626, die Verwaltungsdokumente sind ab 1790 in gr\u00f6\u00dferer Zahl erhalten, und die Protokolle der Kirchenkreise sind ab der zweiten H\u00e4lfte [&hellip;]<\/p>\n","protected":false},"featured_media":3378,"template":"","meta":{"_acf_changed":false,"_links_to":"","_links_to_target":""},"categories":[145,248,223],"tags":[],"class_list":["post-4929","archive","type-archive","status-publish","has-post-thumbnail","hentry","category-archive","category-archive-der-reformierten-kirche","category-kirchliche-archive"],"acf":[],"yoast_head":"<!-- This site is optimized with the Yoast SEO plugin v27.5 - https:\/\/yoast.com\/product\/yoast-seo-wordpress\/ -->\n<title>Das R\u00e1day-Archiv des Reformierten Kirchendistrikts an der Donau - Magyar Lev\u00e9lt\u00e1ri Port\u00e1l<\/title>\n<meta name=\"robots\" content=\"index, follow, max-snippet:-1, max-image-preview:large, max-video-preview:-1\" \/>\n<meta property=\"og:locale\" content=\"en_US\" \/>\n<meta property=\"og:type\" content=\"article\" \/>\n<meta property=\"og:title\" content=\"Das R\u00e1day-Archiv des Reformierten Kirchendistrikts an der Donau - Magyar Lev\u00e9lt\u00e1ri Port\u00e1l\" \/>\n<meta property=\"og:description\" content=\"Das R\u00e1day-Archiv verwahrt etwa 850 laufende Meter Dokumente in 350 Best\u00e4nden. Etwa zwei Drittel des Schriftmaterials machen die Unterlagen des Reformierten Distrikts an der Donau sowie seiner Einrichtungen aus. Das \u00e4lteste Protokoll des Kirchendistrikts beginnt 1626, die Verwaltungsdokumente sind ab 1790 in gr\u00f6\u00dferer Zahl erhalten, und die Protokolle der Kirchenkreise sind ab der zweiten H\u00e4lfte [&hellip;]\" \/>\n<meta property=\"og:url\" content=\"https:\/\/archivportal.hu\/index.php\/de\/archive\/das-raday-archiv-des-reformierten-kirchendistrikts-an-der-donau\/\" \/>\n<meta property=\"og:site_name\" content=\"Magyar Lev\u00e9lt\u00e1ri Port\u00e1l\" \/>\n<meta property=\"article:publisher\" content=\"https:\/\/www.facebook.com\/magyarleveltarosok.egyesulete\" \/>\n<meta property=\"article:modified_time\" content=\"2022-07-10T15:07:54+00:00\" \/>\n<meta property=\"og:image\" content=\"https:\/\/archivportal.hu\/wp-content\/uploads\/2022\/06\/Dunamelleki-Reformatus-Egyhazkerulet-Raday-Leveltara.jpg\" \/>\n\t<meta property=\"og:image:width\" content=\"1007\" \/>\n\t<meta property=\"og:image:height\" content=\"504\" \/>\n\t<meta property=\"og:image:type\" content=\"image\/jpeg\" \/>\n<meta name=\"twitter:card\" content=\"summary_large_image\" \/>\n<meta name=\"twitter:label1\" content=\"Est. reading time\" \/>\n\t<meta name=\"twitter:data1\" content=\"1 minute\" \/>\n<script type=\"application\/ld+json\" class=\"yoast-schema-graph\">{\"@context\":\"https:\\\/\\\/schema.org\",\"@graph\":[{\"@type\":\"WebPage\",\"@id\":\"https:\\\/\\\/archivportal.hu\\\/index.php\\\/de\\\/archive\\\/das-raday-archiv-des-reformierten-kirchendistrikts-an-der-donau\\\/\",\"url\":\"https:\\\/\\\/archivportal.hu\\\/index.php\\\/de\\\/archive\\\/das-raday-archiv-des-reformierten-kirchendistrikts-an-der-donau\\\/\",\"name\":\"Das R\u00e1day-Archiv des Reformierten Kirchendistrikts an der Donau - Magyar Lev\u00e9lt\u00e1ri Port\u00e1l\",\"isPartOf\":{\"@id\":\"https:\\\/\\\/archivportal.hu\\\/#website\"},\"primaryImageOfPage\":{\"@id\":\"https:\\\/\\\/archivportal.hu\\\/index.php\\\/de\\\/archive\\\/das-raday-archiv-des-reformierten-kirchendistrikts-an-der-donau\\\/#primaryimage\"},\"image\":{\"@id\":\"https:\\\/\\\/archivportal.hu\\\/index.php\\\/de\\\/archive\\\/das-raday-archiv-des-reformierten-kirchendistrikts-an-der-donau\\\/#primaryimage\"},\"thumbnailUrl\":\"https:\\\/\\\/archivportal.hu\\\/wp-content\\\/uploads\\\/2022\\\/06\\\/Dunamelleki-Reformatus-Egyhazkerulet-Raday-Leveltara.jpg\",\"datePublished\":\"2022-06-26T15:56:16+00:00\",\"dateModified\":\"2022-07-10T15:07:54+00:00\",\"breadcrumb\":{\"@id\":\"https:\\\/\\\/archivportal.hu\\\/index.php\\\/de\\\/archive\\\/das-raday-archiv-des-reformierten-kirchendistrikts-an-der-donau\\\/#breadcrumb\"},\"inLanguage\":\"en-US\",\"potentialAction\":[{\"@type\":\"ReadAction\",\"target\":[\"https:\\\/\\\/archivportal.hu\\\/index.php\\\/de\\\/archive\\\/das-raday-archiv-des-reformierten-kirchendistrikts-an-der-donau\\\/\"]}]},{\"@type\":\"ImageObject\",\"inLanguage\":\"en-US\",\"@id\":\"https:\\\/\\\/archivportal.hu\\\/index.php\\\/de\\\/archive\\\/das-raday-archiv-des-reformierten-kirchendistrikts-an-der-donau\\\/#primaryimage\",\"url\":\"https:\\\/\\\/archivportal.hu\\\/wp-content\\\/uploads\\\/2022\\\/06\\\/Dunamelleki-Reformatus-Egyhazkerulet-Raday-Leveltara.jpg\",\"contentUrl\":\"https:\\\/\\\/archivportal.hu\\\/wp-content\\\/uploads\\\/2022\\\/06\\\/Dunamelleki-Reformatus-Egyhazkerulet-Raday-Leveltara.jpg\",\"width\":1007,\"height\":504},{\"@type\":\"BreadcrumbList\",\"@id\":\"https:\\\/\\\/archivportal.hu\\\/index.php\\\/de\\\/archive\\\/das-raday-archiv-des-reformierten-kirchendistrikts-an-der-donau\\\/#breadcrumb\",\"itemListElement\":[{\"@type\":\"ListItem\",\"position\":1,\"name\":\"Home\",\"item\":\"https:\\\/\\\/archivportal.hu\\\/\"},{\"@type\":\"ListItem\",\"position\":2,\"name\":\"Das R\u00e1day-Archiv des Reformierten Kirchendistrikts an der Donau\"}]},{\"@type\":\"WebSite\",\"@id\":\"https:\\\/\\\/archivportal.hu\\\/#website\",\"url\":\"https:\\\/\\\/archivportal.hu\\\/\",\"name\":\"Magyar Lev\u00e9lt\u00e1ri Port\u00e1l\",\"description\":\"Az online foly\u00f3irat\",\"publisher\":{\"@id\":\"https:\\\/\\\/archivportal.hu\\\/#organization\"},\"potentialAction\":[{\"@type\":\"SearchAction\",\"target\":{\"@type\":\"EntryPoint\",\"urlTemplate\":\"https:\\\/\\\/archivportal.hu\\\/?s={search_term_string}\"},\"query-input\":{\"@type\":\"PropertyValueSpecification\",\"valueRequired\":true,\"valueName\":\"search_term_string\"}}],\"inLanguage\":\"en-US\"},{\"@type\":\"Organization\",\"@id\":\"https:\\\/\\\/archivportal.hu\\\/#organization\",\"name\":\"Magyar Lev\u00e9lt\u00e1ri Port\u00e1l\",\"url\":\"https:\\\/\\\/archivportal.hu\\\/\",\"logo\":{\"@type\":\"ImageObject\",\"inLanguage\":\"en-US\",\"@id\":\"https:\\\/\\\/archivportal.hu\\\/#\\\/schema\\\/logo\\\/image\\\/\",\"url\":\"https:\\\/\\\/archivportal.hu\\\/wp-content\\\/uploads\\\/2022\\\/06\\\/MLP_logo_HU.png\",\"contentUrl\":\"https:\\\/\\\/archivportal.hu\\\/wp-content\\\/uploads\\\/2022\\\/06\\\/MLP_logo_HU.png\",\"width\":1252,\"height\":144,\"caption\":\"Magyar Lev\u00e9lt\u00e1ri Port\u00e1l\"},\"image\":{\"@id\":\"https:\\\/\\\/archivportal.hu\\\/#\\\/schema\\\/logo\\\/image\\\/\"},\"sameAs\":[\"https:\\\/\\\/www.facebook.com\\\/magyarleveltarosok.egyesulete\"]}]}<\/script>\n<!-- \/ Yoast SEO plugin. -->","yoast_head_json":{"title":"Das R\u00e1day-Archiv des Reformierten Kirchendistrikts an der Donau - Magyar Lev\u00e9lt\u00e1ri Port\u00e1l","robots":{"index":"index","follow":"follow","max-snippet":"max-snippet:-1","max-image-preview":"max-image-preview:large","max-video-preview":"max-video-preview:-1"},"og_locale":"en_US","og_type":"article","og_title":"Das R\u00e1day-Archiv des Reformierten Kirchendistrikts an der Donau - Magyar Lev\u00e9lt\u00e1ri Port\u00e1l","og_description":"Das R\u00e1day-Archiv verwahrt etwa 850 laufende Meter Dokumente in 350 Best\u00e4nden. Etwa zwei Drittel des Schriftmaterials machen die Unterlagen des Reformierten Distrikts an der Donau sowie seiner Einrichtungen aus. Das \u00e4lteste Protokoll des Kirchendistrikts beginnt 1626, die Verwaltungsdokumente sind ab 1790 in gr\u00f6\u00dferer Zahl erhalten, und die Protokolle der Kirchenkreise sind ab der zweiten H\u00e4lfte [&hellip;]","og_url":"https:\/\/archivportal.hu\/index.php\/de\/archive\/das-raday-archiv-des-reformierten-kirchendistrikts-an-der-donau\/","og_site_name":"Magyar Lev\u00e9lt\u00e1ri Port\u00e1l","article_publisher":"https:\/\/www.facebook.com\/magyarleveltarosok.egyesulete","article_modified_time":"2022-07-10T15:07:54+00:00","og_image":[{"width":1007,"height":504,"url":"https:\/\/archivportal.hu\/wp-content\/uploads\/2022\/06\/Dunamelleki-Reformatus-Egyhazkerulet-Raday-Leveltara.jpg","type":"image\/jpeg"}],"twitter_card":"summary_large_image","twitter_misc":{"Est. reading time":"1 minute"},"schema":{"@context":"https:\/\/schema.org","@graph":[{"@type":"WebPage","@id":"https:\/\/archivportal.hu\/index.php\/de\/archive\/das-raday-archiv-des-reformierten-kirchendistrikts-an-der-donau\/","url":"https:\/\/archivportal.hu\/index.php\/de\/archive\/das-raday-archiv-des-reformierten-kirchendistrikts-an-der-donau\/","name":"Das R\u00e1day-Archiv des Reformierten Kirchendistrikts an der Donau - Magyar Lev\u00e9lt\u00e1ri Port\u00e1l","isPartOf":{"@id":"https:\/\/archivportal.hu\/#website"},"primaryImageOfPage":{"@id":"https:\/\/archivportal.hu\/index.php\/de\/archive\/das-raday-archiv-des-reformierten-kirchendistrikts-an-der-donau\/#primaryimage"},"image":{"@id":"https:\/\/archivportal.hu\/index.php\/de\/archive\/das-raday-archiv-des-reformierten-kirchendistrikts-an-der-donau\/#primaryimage"},"thumbnailUrl":"https:\/\/archivportal.hu\/wp-content\/uploads\/2022\/06\/Dunamelleki-Reformatus-Egyhazkerulet-Raday-Leveltara.jpg","datePublished":"2022-06-26T15:56:16+00:00","dateModified":"2022-07-10T15:07:54+00:00","breadcrumb":{"@id":"https:\/\/archivportal.hu\/index.php\/de\/archive\/das-raday-archiv-des-reformierten-kirchendistrikts-an-der-donau\/#breadcrumb"},"inLanguage":"en-US","potentialAction":[{"@type":"ReadAction","target":["https:\/\/archivportal.hu\/index.php\/de\/archive\/das-raday-archiv-des-reformierten-kirchendistrikts-an-der-donau\/"]}]},{"@type":"ImageObject","inLanguage":"en-US","@id":"https:\/\/archivportal.hu\/index.php\/de\/archive\/das-raday-archiv-des-reformierten-kirchendistrikts-an-der-donau\/#primaryimage","url":"https:\/\/archivportal.hu\/wp-content\/uploads\/2022\/06\/Dunamelleki-Reformatus-Egyhazkerulet-Raday-Leveltara.jpg","contentUrl":"https:\/\/archivportal.hu\/wp-content\/uploads\/2022\/06\/Dunamelleki-Reformatus-Egyhazkerulet-Raday-Leveltara.jpg","width":1007,"height":504},{"@type":"BreadcrumbList","@id":"https:\/\/archivportal.hu\/index.php\/de\/archive\/das-raday-archiv-des-reformierten-kirchendistrikts-an-der-donau\/#breadcrumb","itemListElement":[{"@type":"ListItem","position":1,"name":"Home","item":"https:\/\/archivportal.hu\/"},{"@type":"ListItem","position":2,"name":"Das R\u00e1day-Archiv des Reformierten Kirchendistrikts an der Donau"}]},{"@type":"WebSite","@id":"https:\/\/archivportal.hu\/#website","url":"https:\/\/archivportal.hu\/","name":"Magyar Lev\u00e9lt\u00e1ri Port\u00e1l","description":"Az online foly\u00f3irat","publisher":{"@id":"https:\/\/archivportal.hu\/#organization"},"potentialAction":[{"@type":"SearchAction","target":{"@type":"EntryPoint","urlTemplate":"https:\/\/archivportal.hu\/?s={search_term_string}"},"query-input":{"@type":"PropertyValueSpecification","valueRequired":true,"valueName":"search_term_string"}}],"inLanguage":"en-US"},{"@type":"Organization","@id":"https:\/\/archivportal.hu\/#organization","name":"Magyar Lev\u00e9lt\u00e1ri Port\u00e1l","url":"https:\/\/archivportal.hu\/","logo":{"@type":"ImageObject","inLanguage":"en-US","@id":"https:\/\/archivportal.hu\/#\/schema\/logo\/image\/","url":"https:\/\/archivportal.hu\/wp-content\/uploads\/2022\/06\/MLP_logo_HU.png","contentUrl":"https:\/\/archivportal.hu\/wp-content\/uploads\/2022\/06\/MLP_logo_HU.png","width":1252,"height":144,"caption":"Magyar Lev\u00e9lt\u00e1ri Port\u00e1l"},"image":{"@id":"https:\/\/archivportal.hu\/#\/schema\/logo\/image\/"},"sameAs":["https:\/\/www.facebook.com\/magyarleveltarosok.egyesulete"]}]}},"_links":{"self":[{"href":"https:\/\/archivportal.hu\/index.php\/wp-json\/wp\/v2\/archive\/4929","targetHints":{"allow":["GET"]}}],"collection":[{"href":"https:\/\/archivportal.hu\/index.php\/wp-json\/wp\/v2\/archive"}],"about":[{"href":"https:\/\/archivportal.hu\/index.php\/wp-json\/wp\/v2\/types\/archive"}],"version-history":[{"count":2,"href":"https:\/\/archivportal.hu\/index.php\/wp-json\/wp\/v2\/archive\/4929\/revisions"}],"predecessor-version":[{"id":4931,"href":"https:\/\/archivportal.hu\/index.php\/wp-json\/wp\/v2\/archive\/4929\/revisions\/4931"}],"wp:featuredmedia":[{"embeddable":true,"href":"https:\/\/archivportal.hu\/index.php\/wp-json\/wp\/v2\/media\/3378"}],"wp:attachment":[{"href":"https:\/\/archivportal.hu\/index.php\/wp-json\/wp\/v2\/media?parent=4929"}],"wp:term":[{"taxonomy":"category","embeddable":true,"href":"https:\/\/archivportal.hu\/index.php\/wp-json\/wp\/v2\/categories?post=4929"},{"taxonomy":"post_tag","embeddable":true,"href":"https:\/\/archivportal.hu\/index.php\/wp-json\/wp\/v2\/tags?post=4929"}],"curies":[{"name":"wp","href":"https:\/\/api.w.org\/{rel}","templated":true}]}}