{"id":4938,"date":"2022-06-26T16:03:15","date_gmt":"2022-06-26T16:03:15","guid":{"rendered":"http:\/\/t1.archivportal.hu\/?post_type=archive&#038;p=4938"},"modified":"2022-07-10T15:11:59","modified_gmt":"2022-07-10T15:11:59","slug":"reformed-collections-of-papa-archives","status":"publish","type":"archive","link":"https:\/\/archivportal.hu\/index.php\/en\/archive\/reformed-collections-of-papa-archives\/","title":{"rendered":"Reformed Collections of P\u00e1pa &#8211; Archives"},"content":{"rendered":"\n<p>The Transdanubian Reformed Church District became independent in 1595 under Bishop Istv\u00e1n Bejthe. Earlier its territory had belonged to the Gy\u0151r and Veszpr\u00e9m Catholic Episcopates. It consisted of eight dioceses: K\u0151szeg, V\u00e9p, K\u00f6rmend, N\u00e9met\u00fajv\u00e1r, V\u00edzlendva, P\u00e1pa, Veszpr\u00e9m and Kiskom\u00e1rom. The Outer Somogy Diocese separated from the latter two and joined the Danubian District from 1629; in turn, at the beginning of the 18<sup>th<\/sup>&nbsp;century the Inner Somogy Diocese was attached to the Transdanubian District. In 1710 its bishop, a Veszpr\u00e9m pastor named S\u00e1muel Hodosi was expelled by Ott\u00f3 J\u00e1nos Volkra, Catholic Bishop of Veszpr\u00e9m, so until 1736 the district did not have a bishop. Then in accordance with the Carolina Resolutio it merged with the Somorja (Upper Danubian) District and the bishop of the latter, Istv\u00e1n Kocsi Major continued his service in the united church district, which henceforward was called \u201cTransdanubian\u201d. At first it also had eight dioceses: P\u00e1pa, Veszpr\u00e9m, Inner Somogy, Tata, Mez\u0151f\u00f6ld, Kom\u00e1rom, Bars and Dr\u00e9gelypal\u00e1nk, then in 1808 a ninth diocese, \u0150rs\u00e9g joined it. As a consequence of the Trianon Peace Treaty the northern part of the church district was annexed to Czechoslovakia and soon it formed an independent church district. The recent borders of the church district were fixed in 1952. Since then the Transdanubian part of Hungary has belonged to the district, with the exception of Baranya, Tolna and Pest Counties and the northern part of Fej\u00e9r County.<\/p>\n\n\n\n<p>The 1765 Ad\u00e1sztevel general assembly of the Tansdanubian Church District decreed to establish archives, stating: \u201cA collection should be established. The dioceses (tractus) should have their own sections according to numbers, and the letters of the diocese should be conserved here like in an archive\u201d. This archival collection did not have a permanent place, it was always held at the residence of the bishop of the time (Ad\u00e1sztevel, Kocs, Losonc and D\u00e1d).<\/p>\n\n\n\n<p>In 1821 chief notary Ferenc T\u00f3th granted his rich record collection to the archives of the church district and others followed suit. After having been elected bishop in 1827, Ferenc T\u00f3th transferred the archives from Dad to his seat, P\u00e1pa, and made a catalogue prepared. The work lasted one and a half decade, in the end it was completed by D\u00e1niel M\u00f3rocza county-court judge. After the death of Ferenc T\u00f3th in 1844 the archives were moved to the residence of the following bishops, at first to Kocs then to R\u00e9vkom\u00e1rom, and the records of the bishopric and the chief notary were handled separately again. After the death of B\u00e9la Sz\u00e9ki chief notary in 1871, the chief notary\u2019s records were placed in the library of the Reformed College of P\u00e1pa, where the documents were arranged by Professor Istv\u00e1n R\u00f3zsa. In 1874 the documents of the bishopric were transferred here as well.<\/p>\n\n\n\n<p>The collected material was arranged by priest Mih\u00e1ly Szekeres and he moved it from the Seminary building to an old library of the Old College. From that time onwards the church district continuously had an appointed archivist, usually a college professor. During the First World War, between 1914 and 1918 the archives were temporarily moved to the Seminary building but the records got mixed up and were re-arranged in 1924 only by archivist J\u00f3zsef Pongr\u00e1cz. In 1927 the material of the P\u00e1pa Diocese and in 1927 the material of the Tata Diocese were taken in by the archives of the district.<\/p>\n\n\n\n<p>In 1935 Bishop G\u00e9za Antal made a separate archival building built at his own expense on the courtyard of the Seminary (S\u00e9llyei Istv\u00e1n Street). Nevertheless, the Second World War caused huge damage. The material was re-arranged from the 1950s by Dezs\u0151 Tr\u00f3cs\u00e1nyi and Zsolt K\u00f6vy. During the Communist dictatorship the archival building as well as the Reformed schools of P\u00e1pa were nationalized, so in 1951\/1952 the archives were moved to the church district building at 16 J\u00f3kai Street, then in 1969 it was moved to 17 Cs\u00e1ky L\u00e1szl\u00f3 (then Teleki Blanka) Street. In 1958 the library and the archives of P\u00e1pa, then from 1972 the museum were fused by the Church and the unified organization was named \u201cThe Scientific Collections of the Transdanubian Reformed Church District\u201d.<\/p>\n","protected":false},"excerpt":{"rendered":"<p>The Transdanubian Reformed Church District became independent in 1595 under Bishop Istv\u00e1n Bejthe. Earlier its territory had belonged to the Gy\u0151r and Veszpr\u00e9m Catholic Episcopates. It consisted of eight dioceses: K\u0151szeg, V\u00e9p, K\u00f6rmend, N\u00e9met\u00fajv\u00e1r, V\u00edzlendva, P\u00e1pa, Veszpr\u00e9m and Kiskom\u00e1rom. The Outer Somogy Diocese separated from the latter two and joined the Danubian District from 1629; [&hellip;]<\/p>\n","protected":false},"featured_media":3380,"template":"","meta":{"_acf_changed":false,"_links_to":"","_links_to_target":""},"categories":[138,245,218],"tags":[],"class_list":["post-4938","archive","type-archive","status-publish","has-post-thumbnail","hentry","category-archives","category-archives-of-the-reformed-church","category-ecclesiastical-archives"],"acf":[],"yoast_head":"<!-- This site is optimized with the Yoast SEO plugin v27.5 - https:\/\/yoast.com\/product\/yoast-seo-wordpress\/ -->\n<title>Reformed Collections of P\u00e1pa - Archives - Magyar Lev\u00e9lt\u00e1ri Port\u00e1l<\/title>\n<meta name=\"robots\" content=\"index, follow, max-snippet:-1, max-image-preview:large, max-video-preview:-1\" \/>\n<meta property=\"og:locale\" content=\"en_US\" \/>\n<meta property=\"og:type\" content=\"article\" \/>\n<meta property=\"og:title\" content=\"Reformed Collections of P\u00e1pa - Archives - Magyar Lev\u00e9lt\u00e1ri Port\u00e1l\" \/>\n<meta property=\"og:description\" content=\"The Transdanubian Reformed Church District became independent in 1595 under Bishop Istv\u00e1n Bejthe. Earlier its territory had belonged to the Gy\u0151r and Veszpr\u00e9m Catholic Episcopates. It consisted of eight dioceses: K\u0151szeg, V\u00e9p, K\u00f6rmend, N\u00e9met\u00fajv\u00e1r, V\u00edzlendva, P\u00e1pa, Veszpr\u00e9m and Kiskom\u00e1rom. The Outer Somogy Diocese separated from the latter two and joined the Danubian District from 1629; [&hellip;]\" \/>\n<meta property=\"og:url\" content=\"https:\/\/archivportal.hu\/index.php\/en\/archive\/reformed-collections-of-papa-archives\/\" \/>\n<meta property=\"og:site_name\" content=\"Magyar Lev\u00e9lt\u00e1ri Port\u00e1l\" \/>\n<meta property=\"article:publisher\" content=\"https:\/\/www.facebook.com\/magyarleveltarosok.egyesulete\" \/>\n<meta property=\"article:modified_time\" content=\"2022-07-10T15:11:59+00:00\" \/>\n<meta property=\"og:image\" content=\"https:\/\/archivportal.hu\/wp-content\/uploads\/2022\/06\/Papai-Reformatus-Gyujtemenyek-Leveltar.jpg\" \/>\n\t<meta property=\"og:image:width\" content=\"863\" \/>\n\t<meta property=\"og:image:height\" content=\"647\" \/>\n\t<meta property=\"og:image:type\" content=\"image\/jpeg\" \/>\n<meta name=\"twitter:card\" content=\"summary_large_image\" \/>\n<meta name=\"twitter:label1\" content=\"Est. reading time\" \/>\n\t<meta name=\"twitter:data1\" content=\"4 minutes\" \/>\n<script type=\"application\/ld+json\" class=\"yoast-schema-graph\">{\"@context\":\"https:\\\/\\\/schema.org\",\"@graph\":[{\"@type\":\"WebPage\",\"@id\":\"https:\\\/\\\/archivportal.hu\\\/index.php\\\/en\\\/archive\\\/reformed-collections-of-papa-archives\\\/\",\"url\":\"https:\\\/\\\/archivportal.hu\\\/index.php\\\/en\\\/archive\\\/reformed-collections-of-papa-archives\\\/\",\"name\":\"Reformed Collections of P\u00e1pa - Archives - Magyar Lev\u00e9lt\u00e1ri Port\u00e1l\",\"isPartOf\":{\"@id\":\"https:\\\/\\\/archivportal.hu\\\/#website\"},\"primaryImageOfPage\":{\"@id\":\"https:\\\/\\\/archivportal.hu\\\/index.php\\\/en\\\/archive\\\/reformed-collections-of-papa-archives\\\/#primaryimage\"},\"image\":{\"@id\":\"https:\\\/\\\/archivportal.hu\\\/index.php\\\/en\\\/archive\\\/reformed-collections-of-papa-archives\\\/#primaryimage\"},\"thumbnailUrl\":\"https:\\\/\\\/archivportal.hu\\\/wp-content\\\/uploads\\\/2022\\\/06\\\/Papai-Reformatus-Gyujtemenyek-Leveltar.jpg\",\"datePublished\":\"2022-06-26T16:03:15+00:00\",\"dateModified\":\"2022-07-10T15:11:59+00:00\",\"breadcrumb\":{\"@id\":\"https:\\\/\\\/archivportal.hu\\\/index.php\\\/en\\\/archive\\\/reformed-collections-of-papa-archives\\\/#breadcrumb\"},\"inLanguage\":\"en-US\",\"potentialAction\":[{\"@type\":\"ReadAction\",\"target\":[\"https:\\\/\\\/archivportal.hu\\\/index.php\\\/en\\\/archive\\\/reformed-collections-of-papa-archives\\\/\"]}]},{\"@type\":\"ImageObject\",\"inLanguage\":\"en-US\",\"@id\":\"https:\\\/\\\/archivportal.hu\\\/index.php\\\/en\\\/archive\\\/reformed-collections-of-papa-archives\\\/#primaryimage\",\"url\":\"https:\\\/\\\/archivportal.hu\\\/wp-content\\\/uploads\\\/2022\\\/06\\\/Papai-Reformatus-Gyujtemenyek-Leveltar.jpg\",\"contentUrl\":\"https:\\\/\\\/archivportal.hu\\\/wp-content\\\/uploads\\\/2022\\\/06\\\/Papai-Reformatus-Gyujtemenyek-Leveltar.jpg\",\"width\":863,\"height\":647},{\"@type\":\"BreadcrumbList\",\"@id\":\"https:\\\/\\\/archivportal.hu\\\/index.php\\\/en\\\/archive\\\/reformed-collections-of-papa-archives\\\/#breadcrumb\",\"itemListElement\":[{\"@type\":\"ListItem\",\"position\":1,\"name\":\"Home\",\"item\":\"https:\\\/\\\/archivportal.hu\\\/\"},{\"@type\":\"ListItem\",\"position\":2,\"name\":\"Reformed Collections of P\u00e1pa &#8211; Archives\"}]},{\"@type\":\"WebSite\",\"@id\":\"https:\\\/\\\/archivportal.hu\\\/#website\",\"url\":\"https:\\\/\\\/archivportal.hu\\\/\",\"name\":\"Magyar Lev\u00e9lt\u00e1ri Port\u00e1l\",\"description\":\"Az online foly\u00f3irat\",\"publisher\":{\"@id\":\"https:\\\/\\\/archivportal.hu\\\/#organization\"},\"potentialAction\":[{\"@type\":\"SearchAction\",\"target\":{\"@type\":\"EntryPoint\",\"urlTemplate\":\"https:\\\/\\\/archivportal.hu\\\/?s={search_term_string}\"},\"query-input\":{\"@type\":\"PropertyValueSpecification\",\"valueRequired\":true,\"valueName\":\"search_term_string\"}}],\"inLanguage\":\"en-US\"},{\"@type\":\"Organization\",\"@id\":\"https:\\\/\\\/archivportal.hu\\\/#organization\",\"name\":\"Magyar Lev\u00e9lt\u00e1ri Port\u00e1l\",\"url\":\"https:\\\/\\\/archivportal.hu\\\/\",\"logo\":{\"@type\":\"ImageObject\",\"inLanguage\":\"en-US\",\"@id\":\"https:\\\/\\\/archivportal.hu\\\/#\\\/schema\\\/logo\\\/image\\\/\",\"url\":\"https:\\\/\\\/archivportal.hu\\\/wp-content\\\/uploads\\\/2022\\\/06\\\/MLP_logo_HU.png\",\"contentUrl\":\"https:\\\/\\\/archivportal.hu\\\/wp-content\\\/uploads\\\/2022\\\/06\\\/MLP_logo_HU.png\",\"width\":1252,\"height\":144,\"caption\":\"Magyar Lev\u00e9lt\u00e1ri Port\u00e1l\"},\"image\":{\"@id\":\"https:\\\/\\\/archivportal.hu\\\/#\\\/schema\\\/logo\\\/image\\\/\"},\"sameAs\":[\"https:\\\/\\\/www.facebook.com\\\/magyarleveltarosok.egyesulete\"]}]}<\/script>\n<!-- \/ Yoast SEO plugin. -->","yoast_head_json":{"title":"Reformed Collections of P\u00e1pa - Archives - Magyar Lev\u00e9lt\u00e1ri Port\u00e1l","robots":{"index":"index","follow":"follow","max-snippet":"max-snippet:-1","max-image-preview":"max-image-preview:large","max-video-preview":"max-video-preview:-1"},"og_locale":"en_US","og_type":"article","og_title":"Reformed Collections of P\u00e1pa - Archives - Magyar Lev\u00e9lt\u00e1ri Port\u00e1l","og_description":"The Transdanubian Reformed Church District became independent in 1595 under Bishop Istv\u00e1n Bejthe. Earlier its territory had belonged to the Gy\u0151r and Veszpr\u00e9m Catholic Episcopates. It consisted of eight dioceses: K\u0151szeg, V\u00e9p, K\u00f6rmend, N\u00e9met\u00fajv\u00e1r, V\u00edzlendva, P\u00e1pa, Veszpr\u00e9m and Kiskom\u00e1rom. The Outer Somogy Diocese separated from the latter two and joined the Danubian District from 1629; [&hellip;]","og_url":"https:\/\/archivportal.hu\/index.php\/en\/archive\/reformed-collections-of-papa-archives\/","og_site_name":"Magyar Lev\u00e9lt\u00e1ri Port\u00e1l","article_publisher":"https:\/\/www.facebook.com\/magyarleveltarosok.egyesulete","article_modified_time":"2022-07-10T15:11:59+00:00","og_image":[{"width":863,"height":647,"url":"https:\/\/archivportal.hu\/wp-content\/uploads\/2022\/06\/Papai-Reformatus-Gyujtemenyek-Leveltar.jpg","type":"image\/jpeg"}],"twitter_card":"summary_large_image","twitter_misc":{"Est. reading time":"4 minutes"},"schema":{"@context":"https:\/\/schema.org","@graph":[{"@type":"WebPage","@id":"https:\/\/archivportal.hu\/index.php\/en\/archive\/reformed-collections-of-papa-archives\/","url":"https:\/\/archivportal.hu\/index.php\/en\/archive\/reformed-collections-of-papa-archives\/","name":"Reformed Collections of P\u00e1pa - Archives - Magyar Lev\u00e9lt\u00e1ri Port\u00e1l","isPartOf":{"@id":"https:\/\/archivportal.hu\/#website"},"primaryImageOfPage":{"@id":"https:\/\/archivportal.hu\/index.php\/en\/archive\/reformed-collections-of-papa-archives\/#primaryimage"},"image":{"@id":"https:\/\/archivportal.hu\/index.php\/en\/archive\/reformed-collections-of-papa-archives\/#primaryimage"},"thumbnailUrl":"https:\/\/archivportal.hu\/wp-content\/uploads\/2022\/06\/Papai-Reformatus-Gyujtemenyek-Leveltar.jpg","datePublished":"2022-06-26T16:03:15+00:00","dateModified":"2022-07-10T15:11:59+00:00","breadcrumb":{"@id":"https:\/\/archivportal.hu\/index.php\/en\/archive\/reformed-collections-of-papa-archives\/#breadcrumb"},"inLanguage":"en-US","potentialAction":[{"@type":"ReadAction","target":["https:\/\/archivportal.hu\/index.php\/en\/archive\/reformed-collections-of-papa-archives\/"]}]},{"@type":"ImageObject","inLanguage":"en-US","@id":"https:\/\/archivportal.hu\/index.php\/en\/archive\/reformed-collections-of-papa-archives\/#primaryimage","url":"https:\/\/archivportal.hu\/wp-content\/uploads\/2022\/06\/Papai-Reformatus-Gyujtemenyek-Leveltar.jpg","contentUrl":"https:\/\/archivportal.hu\/wp-content\/uploads\/2022\/06\/Papai-Reformatus-Gyujtemenyek-Leveltar.jpg","width":863,"height":647},{"@type":"BreadcrumbList","@id":"https:\/\/archivportal.hu\/index.php\/en\/archive\/reformed-collections-of-papa-archives\/#breadcrumb","itemListElement":[{"@type":"ListItem","position":1,"name":"Home","item":"https:\/\/archivportal.hu\/"},{"@type":"ListItem","position":2,"name":"Reformed Collections of P\u00e1pa &#8211; Archives"}]},{"@type":"WebSite","@id":"https:\/\/archivportal.hu\/#website","url":"https:\/\/archivportal.hu\/","name":"Magyar Lev\u00e9lt\u00e1ri Port\u00e1l","description":"Az online foly\u00f3irat","publisher":{"@id":"https:\/\/archivportal.hu\/#organization"},"potentialAction":[{"@type":"SearchAction","target":{"@type":"EntryPoint","urlTemplate":"https:\/\/archivportal.hu\/?s={search_term_string}"},"query-input":{"@type":"PropertyValueSpecification","valueRequired":true,"valueName":"search_term_string"}}],"inLanguage":"en-US"},{"@type":"Organization","@id":"https:\/\/archivportal.hu\/#organization","name":"Magyar Lev\u00e9lt\u00e1ri Port\u00e1l","url":"https:\/\/archivportal.hu\/","logo":{"@type":"ImageObject","inLanguage":"en-US","@id":"https:\/\/archivportal.hu\/#\/schema\/logo\/image\/","url":"https:\/\/archivportal.hu\/wp-content\/uploads\/2022\/06\/MLP_logo_HU.png","contentUrl":"https:\/\/archivportal.hu\/wp-content\/uploads\/2022\/06\/MLP_logo_HU.png","width":1252,"height":144,"caption":"Magyar Lev\u00e9lt\u00e1ri Port\u00e1l"},"image":{"@id":"https:\/\/archivportal.hu\/#\/schema\/logo\/image\/"},"sameAs":["https:\/\/www.facebook.com\/magyarleveltarosok.egyesulete"]}]}},"_links":{"self":[{"href":"https:\/\/archivportal.hu\/index.php\/wp-json\/wp\/v2\/archive\/4938","targetHints":{"allow":["GET"]}}],"collection":[{"href":"https:\/\/archivportal.hu\/index.php\/wp-json\/wp\/v2\/archive"}],"about":[{"href":"https:\/\/archivportal.hu\/index.php\/wp-json\/wp\/v2\/types\/archive"}],"version-history":[{"count":2,"href":"https:\/\/archivportal.hu\/index.php\/wp-json\/wp\/v2\/archive\/4938\/revisions"}],"predecessor-version":[{"id":4940,"href":"https:\/\/archivportal.hu\/index.php\/wp-json\/wp\/v2\/archive\/4938\/revisions\/4940"}],"wp:featuredmedia":[{"embeddable":true,"href":"https:\/\/archivportal.hu\/index.php\/wp-json\/wp\/v2\/media\/3380"}],"wp:attachment":[{"href":"https:\/\/archivportal.hu\/index.php\/wp-json\/wp\/v2\/media?parent=4938"}],"wp:term":[{"taxonomy":"category","embeddable":true,"href":"https:\/\/archivportal.hu\/index.php\/wp-json\/wp\/v2\/categories?post=4938"},{"taxonomy":"post_tag","embeddable":true,"href":"https:\/\/archivportal.hu\/index.php\/wp-json\/wp\/v2\/tags?post=4938"}],"curies":[{"name":"wp","href":"https:\/\/api.w.org\/{rel}","templated":true}]}}