{"id":5362,"date":"2022-07-26T16:24:06","date_gmt":"2022-07-26T16:24:06","guid":{"rendered":"http:\/\/t1.archivportal.hu\/?page_id=5362"},"modified":"2022-07-26T18:20:20","modified_gmt":"2022-07-26T18:20:20","slug":"nyitott-leveltarak-2015-2016","status":"publish","type":"page","link":"https:\/\/archivportal.hu\/index.php\/nyitott-leveltarak-2015-2016\/","title":{"rendered":"Nyitott lev\u00e9lt\u00e1rak 2015-2016"},"content":{"rendered":"\t\t<div data-elementor-type=\"wp-page\" data-elementor-id=\"5362\" class=\"elementor elementor-5362\" data-elementor-post-type=\"page\">\n\t\t\t\t\t\t<section class=\"elementor-section elementor-top-section elementor-element elementor-element-0463e2f elementor-section-boxed elementor-section-height-default elementor-section-height-default\" data-id=\"0463e2f\" data-element_type=\"section\" data-e-type=\"section\">\n\t\t\t\t\t\t<div class=\"elementor-container elementor-column-gap-default\">\n\t\t\t\t\t<div class=\"elementor-column elementor-col-100 elementor-top-column elementor-element elementor-element-69bd27c\" data-id=\"69bd27c\" data-element_type=\"column\" data-e-type=\"column\" data-settings=\"{&quot;background_background&quot;:&quot;gradient&quot;}\">\n\t\t\t<div class=\"elementor-widget-wrap elementor-element-populated\">\n\t\t\t\t\t\t<div class=\"elementor-element elementor-element-7166da3 elementor-widget elementor-widget-heading\" data-id=\"7166da3\" data-element_type=\"widget\" data-e-type=\"widget\" data-widget_type=\"heading.default\">\n\t\t\t\t<div class=\"elementor-widget-container\">\n\t\t\t\t\t<h2 class=\"elementor-heading-title elementor-size-default\">Nyitott Lev\u00e9lt\u00e1rak 2015-2016<\/h2>\t\t\t\t<\/div>\n\t\t\t\t<\/div>\n\t\t\t\t<div class=\"elementor-element elementor-element-30878a5 cover elementor-widget elementor-widget-spacer\" data-id=\"30878a5\" data-element_type=\"widget\" data-e-type=\"widget\" data-widget_type=\"spacer.default\">\n\t\t\t\t<div class=\"elementor-widget-container\">\n\t\t\t\t\t\t\t<div class=\"elementor-spacer\">\n\t\t\t<div class=\"elementor-spacer-inner\"><\/div>\n\t\t<\/div>\n\t\t\t\t\t\t<\/div>\n\t\t\t\t<\/div>\n\t\t\t\t\t<\/div>\n\t\t<\/div>\n\t\t\t\t\t<\/div>\n\t\t<\/section>\n\t\t\t\t<section class=\"elementor-section elementor-top-section elementor-element elementor-element-f0f997a elementor-reverse-mobile elementor-section-boxed elementor-section-height-default elementor-section-height-default\" data-id=\"f0f997a\" data-element_type=\"section\" data-e-type=\"section\">\n\t\t\t\t\t\t<div class=\"elementor-container elementor-column-gap-default\">\n\t\t\t\t\t<div class=\"elementor-column elementor-col-100 elementor-top-column elementor-element elementor-element-5b697b7\" data-id=\"5b697b7\" data-element_type=\"column\" data-e-type=\"column\" data-settings=\"{&quot;background_background&quot;:&quot;gradient&quot;}\">\n\t\t\t<div class=\"elementor-widget-wrap elementor-element-populated\">\n\t\t\t\t\t\t<div class=\"elementor-element elementor-element-50bd626 elementor-widget elementor-widget-heading\" data-id=\"50bd626\" data-element_type=\"widget\" data-e-type=\"widget\" data-widget_type=\"heading.default\">\n\t\t\t\t<div class=\"elementor-widget-container\">\n\t\t\t\t\t<h2 class=\"elementor-heading-title elementor-size-default\">K\u00f6sz\u00f6nt\u0151<\/h2>\t\t\t\t<\/div>\n\t\t\t\t<\/div>\n\t\t\t\t<div class=\"elementor-element elementor-element-4ecc524 elementor-widget elementor-widget-text-editor\" data-id=\"4ecc524\" data-element_type=\"widget\" data-e-type=\"widget\" data-widget_type=\"text-editor.default\">\n\t\t\t\t<div class=\"elementor-widget-container\">\n\t\t\t\t\t\t\t\t\t<p>A Magyar Lev\u00e9lt\u00e1rosok Egyes\u00fclete 2015-ben m\u00e1r negyedik alkalommal ind\u00edtotta \u00fatj\u00e1ra a Nyitott Lev\u00e9lt\u00e1rak programsorozatot, amelynek c\u00e9lja a lev\u00e9lt\u00e1rak megismertet\u00e9se \u00e9s n\u00e9pszer\u0171s\u00edt\u00e9se a nagyk\u00f6z\u00f6ns\u00e9ggel.<\/p><p>A\u00a0<em>Nyitott Lev\u00e9lt\u00e1rak 2015<\/em>\u00a0programsorozat c\u00e9lja, hogy \u2013 a kijel\u00f6lt csom\u00f3pontok, k\u00f6zponti programok seg\u00edts\u00e9g\u00e9vel \u2013 hozz\u00e1j\u00e1ruljon a nemzeti \u00f6r\u00f6ks\u00e9g egyedi \u00e9s p\u00f3tolhatatlan r\u00e9sz\u00e9t k\u00e9pez\u0151 lev\u00e9lt\u00e1ri anyag t\u00e1rsadalmi hasznosul\u00e1s\u00e1hoz, ismertebb\u00e9 tegye a maradand\u00f3 \u00e9rt\u00e9k\u0171 iratok felhaszn\u00e1l\u00e1s\u00e1nak m\u00f3djait, lehet\u0151s\u00e9geit, a lev\u00e9lt\u00e1ri feladatok \u00e9s munkav\u00e9gz\u00e9s mibenl\u00e9t\u00e9t. Kit\u0171z\u00f6tt c\u00e9lunk, hogy a programok seg\u00edts\u00e9g\u00e9vel el\u0151seg\u00edts\u00fck az \u00e1llampolg\u00e1ri tudatoss\u00e1got, a kultur\u00e1lis szint emelked\u00e9s\u00e9t, valamint a jog\u00e9rv\u00e9nyes\u00edt\u00e9s k\u00e9szs\u00e9g\u00e9nek er\u0151s\u00f6d\u00e9s\u00e9t.<\/p>\t\t\t\t\t\t\t\t<\/div>\n\t\t\t\t<\/div>\n\t\t\t\t<div class=\"elementor-element elementor-element-73e593e elementor-widget elementor-widget-text-editor\" data-id=\"73e593e\" data-element_type=\"widget\" data-e-type=\"widget\" data-widget_type=\"text-editor.default\">\n\t\t\t\t<div class=\"elementor-widget-container\">\n\t\t\t\t\t\t\t\t\t<div class=\"col-md-9 middle\"><p><em>Tyekvicska \u00c1rp\u00e1d eln\u00f6k<\/em><\/p><\/div>\t\t\t\t\t\t\t\t<\/div>\n\t\t\t\t<\/div>\n\t\t\t\t<div class=\"elementor-element elementor-element-1893a4f elementor-align-left elementor-widget elementor-widget-button\" data-id=\"1893a4f\" data-element_type=\"widget\" data-e-type=\"widget\" data-widget_type=\"button.default\">\n\t\t\t\t<div class=\"elementor-widget-container\">\n\t\t\t\t\t\t\t\t\t<div class=\"elementor-button-wrapper\">\n\t\t\t\t\t<a class=\"elementor-button elementor-button-link elementor-size-sm\" href=\"https:\/\/archivportal.hu\/wp-content\/uploads\/2022\/07\/nyitott_leveltarak_programfuzet_2015.pdf\" target=\"_blank\">\n\t\t\t\t\t\t<span class=\"elementor-button-content-wrapper\">\n\t\t\t\t\t\t\t\t\t<span class=\"elementor-button-text\">Programf\u00fczet<\/span>\n\t\t\t\t\t<\/span>\n\t\t\t\t\t<\/a>\n\t\t\t\t<\/div>\n\t\t\t\t\t\t\t\t<\/div>\n\t\t\t\t<\/div>\n\t\t\t\t\t<\/div>\n\t\t<\/div>\n\t\t\t\t\t<\/div>\n\t\t<\/section>\n\t\t\t\t<section class=\"elementor-section elementor-top-section elementor-element elementor-element-ed788f4 elementor-section-boxed elementor-section-height-default elementor-section-height-default\" data-id=\"ed788f4\" data-element_type=\"section\" data-e-type=\"section\">\n\t\t\t\t\t\t<div class=\"elementor-container elementor-column-gap-default\">\n\t\t\t\t\t<div class=\"elementor-column elementor-col-100 elementor-top-column elementor-element elementor-element-cf645c7\" data-id=\"cf645c7\" data-element_type=\"column\" data-e-type=\"column\" data-settings=\"{&quot;background_background&quot;:&quot;gradient&quot;}\">\n\t\t\t<div class=\"elementor-widget-wrap elementor-element-populated\">\n\t\t\t\t\t\t<section class=\"elementor-section elementor-inner-section elementor-element elementor-element-a98caaa elementor-section-boxed elementor-section-height-default elementor-section-height-default\" data-id=\"a98caaa\" data-element_type=\"section\" data-e-type=\"section\">\n\t\t\t\t\t\t<div class=\"elementor-container elementor-column-gap-no\">\n\t\t\t\t\t<div class=\"elementor-column elementor-col-50 elementor-inner-column elementor-element elementor-element-d4628dd\" data-id=\"d4628dd\" data-element_type=\"column\" data-e-type=\"column\">\n\t\t\t<div class=\"elementor-widget-wrap elementor-element-populated\">\n\t\t\t\t\t\t<div class=\"elementor-element elementor-element-88c7255 elementor-widget elementor-widget-heading\" data-id=\"88c7255\" data-element_type=\"widget\" data-e-type=\"widget\" data-widget_type=\"heading.default\">\n\t\t\t\t<div class=\"elementor-widget-container\">\n\t\t\t\t\t<h2 class=\"elementor-heading-title elementor-size-default\">Nyit\u00f3rendezv\u00e9ny\n<\/h2>\t\t\t\t<\/div>\n\t\t\t\t<\/div>\n\t\t\t\t\t<\/div>\n\t\t<\/div>\n\t\t\t\t<div class=\"elementor-column elementor-col-50 elementor-inner-column elementor-element elementor-element-0a19d2e\" data-id=\"0a19d2e\" data-element_type=\"column\" data-e-type=\"column\">\n\t\t\t<div class=\"elementor-widget-wrap elementor-element-populated\">\n\t\t\t\t\t\t<div class=\"elementor-element elementor-element-10e9bf7 elementor-widget elementor-widget-heading\" data-id=\"10e9bf7\" data-element_type=\"widget\" data-e-type=\"widget\" data-widget_type=\"heading.default\">\n\t\t\t\t<div class=\"elementor-widget-container\">\n\t\t\t\t\t<h4 class=\"elementor-heading-title elementor-size-default\">2015. j\u00fanius 11.<\/h4>\t\t\t\t<\/div>\n\t\t\t\t<\/div>\n\t\t\t\t<div class=\"elementor-element elementor-element-0d94734 elementor-widget elementor-widget-text-editor\" data-id=\"0d94734\" data-element_type=\"widget\" data-e-type=\"widget\" data-widget_type=\"text-editor.default\">\n\t\t\t\t<div class=\"elementor-widget-container\">\n\t\t\t\t\t\t\t\t\t<p><strong>Budapest F\u0151v\u00e1ros Lev\u00e9lt\u00e1ra<\/strong><\/p>\t\t\t\t\t\t\t\t<\/div>\n\t\t\t\t<\/div>\n\t\t\t\t\t<\/div>\n\t\t<\/div>\n\t\t\t\t\t<\/div>\n\t\t<\/section>\n\t\t\t\t<div class=\"elementor-element elementor-element-5a61d83 elementor-widget elementor-widget-text-editor\" data-id=\"5a61d83\" data-element_type=\"widget\" data-e-type=\"widget\" data-widget_type=\"text-editor.default\">\n\t\t\t\t<div class=\"elementor-widget-container\">\n\t\t\t\t\t\t\t\t\t<p><strong>A Nyitott Lev\u00e9lt\u00e1rak 2015 programsorozat megnyit\u00e1sa<\/strong><\/p><p>A Budapest +25 \u2013 v\u00e1laszt\u00e1s, mindennapok c\u00edm\u0171 ki\u00e1ll\u00edt\u00e1s megnyit\u00f3ja volt az id\u00e9n m\u00e1r negyedik alkalommal elindul\u00f3 orsz\u00e1gos programsorozat nyit\u00f3rendezv\u00e9nye. A Tarl\u00f3s Istv\u00e1n f\u0151polg\u00e1rmester v\u00e9dn\u00f6ks\u00e9g\u00e9vel Budapest F\u0151v\u00e1ros Lev\u00e9lt\u00e1r\u00e1ban megny\u00edl\u00f3 ki\u00e1ll\u00edt\u00e1s az 1990-es helyi, teh\u00e1t f\u0151v\u00e1rosi \u00f6nkorm\u00e1nyzati v\u00e1laszt\u00e1sokat k\u00edv\u00e1nja bemutatni.<br \/>Az 1989\/1990 folyam\u00e1n v\u00e9gbe ment v\u00e1ltoz\u00e1sok olyan sorsford\u00edt\u00f3 pillanatai voltak orsz\u00e1gunk t\u00f6rt\u00e9nelm\u00e9nek, amelyek hat\u00e1sa, kivet\u00fcl\u00e9se napjainkban is \u00e9rz\u0151dik. A p\u00e1rt\u00e1llamot felv\u00e1lt\u00f3 1990-es demokratikus orsz\u00e1ggy\u0171l\u00e9si v\u00e1laszt\u00e1sok mellett hasonl\u00f3an fontos szerepet j\u00e1tszottak a tan\u00e1csi rendszert felv\u00e1lt\u00f3 helyi \u00f6nkorm\u00e1nyzati v\u00e1laszt\u00e1sok. A f\u0151v\u00e1rosi vonatkoz\u00e1s\u00fa forr\u00e1sokat gy\u0171jt\u0151 Budapest F\u0151v\u00e1ros Lev\u00e9lt\u00e1ra a 25 \u00e9vvel ezel\u0151tti esem\u00e9nyekb\u0151l az 1990-es helyi, teh\u00e1t f\u0151v\u00e1rosi \u00f6nkorm\u00e1nyzati v\u00e1laszt\u00e1sokat mutatta be.<br \/>A t\u00e1rlat nem csup\u00e1n azokra a k\u00f6zponti t\u00f6rt\u00e9n\u00e9sekre f\u00f3kusz\u00e1l, amelyek a rendszerv\u00e1lt\u00e1s kronol\u00f3gi\u00e1j\u00e1ba meghat\u00e1roz\u00f3 epiz\u00f3dk\u00e9nt vonultak be, hanem \u00e1tl\u00e9pi a puszt\u00e1n politikat\u00f6rt\u00e9neti k\u00e9rd\u00e9sek k\u00f6r\u00e9 felrajzolt \u00e1ltal\u00e1nos tematikus gondolkod\u00e1sm\u00f3dot, \u00e9s a korszak mozgat\u00f3rug\u00f3it \u201ealuln\u00e9zetb\u0151l\u201d jelen\u00edti meg, kiemelten koncentr\u00e1lva a h\u00e9tk\u00f6znapokban, a t\u00e1rsadalom szintj\u00e9n lecsap\u00f3d\u00f3 v\u00e1ltoz\u00e1sok megjelen\u00e9s\u00e9re.<br \/>A Nyitott Lev\u00e9lt\u00e1rak 2015 nyit\u00f3 rendezv\u00e9nyek\u00e9nt megny\u00edl\u00f3 ki\u00e1ll\u00edt\u00e1son a v\u00e1laszt\u00e1sokkal kapcsolatos szcen\u00e1ri\u00f3k az eredeti iratanyagok \u00e9s a korszakot jellemz\u0151 t\u00e1rgyi kult\u00fara \u00f6tv\u00f6z\u00e9s\u00e9vel ker\u00fcltek felid\u00e9z\u00e9sre.<br \/>A Magyar Lev\u00e9lt\u00e1rosok Egyes\u00fclete \u00e1ltal kezdem\u00e9nyezett Nyitott Lev\u00e9lt\u00e1rak 2015 programsorozat c\u00e9lja \u2013 a lev\u00e9lt\u00e1rak megismertet\u00e9se \u00e9s n\u00e9pszer\u0171s\u00edt\u00e9se a nagyk\u00f6z\u00f6ns\u00e9ggel \u2013 j\u00f3l illeszkedett e lev\u00e9lt\u00e1ri rendezv\u00e9nyhez.<\/p>\t\t\t\t\t\t\t\t<\/div>\n\t\t\t\t<\/div>\n\t\t\t\t<div class=\"elementor-element elementor-element-2c95472 elementor-widget elementor-widget-gallery\" data-id=\"2c95472\" data-element_type=\"widget\" data-e-type=\"widget\" data-settings=\"{&quot;lazyload&quot;:&quot;yes&quot;,&quot;gallery_layout&quot;:&quot;grid&quot;,&quot;columns&quot;:4,&quot;columns_tablet&quot;:2,&quot;columns_mobile&quot;:1,&quot;gap&quot;:{&quot;unit&quot;:&quot;px&quot;,&quot;size&quot;:10,&quot;sizes&quot;:[]},&quot;gap_tablet&quot;:{&quot;unit&quot;:&quot;px&quot;,&quot;size&quot;:10,&quot;sizes&quot;:[]},&quot;gap_mobile&quot;:{&quot;unit&quot;:&quot;px&quot;,&quot;size&quot;:10,&quot;sizes&quot;:[]},&quot;link_to&quot;:&quot;file&quot;,&quot;aspect_ratio&quot;:&quot;3:2&quot;,&quot;overlay_background&quot;:&quot;yes&quot;,&quot;content_hover_animation&quot;:&quot;fade-in&quot;}\" data-widget_type=\"gallery.default\">\n\t\t\t\t<div class=\"elementor-widget-container\">\n\t\t\t\t\t\t\t<div class=\"elementor-gallery__container\">\n\t\t\t\t\t\t\t<a class=\"e-gallery-item elementor-gallery-item elementor-animated-content\" href=\"https:\/\/archivportal.hu\/wp-content\/uploads\/2022\/07\/ren_2098-640x424-1.jpg\" data-elementor-open-lightbox=\"yes\" data-elementor-lightbox-slideshow=\"2c95472\" data-e-action-hash=\"#elementor-action%3Aaction%3Dlightbox%26settings%3DeyJpZCI6NTM2NiwidXJsIjoiaHR0cHM6XC9cL2FyY2hpdnBvcnRhbC5odVwvd3AtY29udGVudFwvdXBsb2Fkc1wvMjAyMlwvMDdcL3Jlbl8yMDk4LTY0MHg0MjQtMS5qcGciLCJzbGlkZXNob3ciOiIyYzk1NDcyIn0%3D\">\n\t\t\t\t\t<div class=\"e-gallery-image elementor-gallery-item__image\" data-thumbnail=\"https:\/\/archivportal.hu\/wp-content\/uploads\/2022\/07\/ren_2098-640x424-1-300x199.jpg\" data-width=\"300\" data-height=\"199\" aria-label=\"\" role=\"img\" ><\/div>\n\t\t\t\t\t\t\t\t\t\t\t<div class=\"elementor-gallery-item__overlay\"><\/div>\n\t\t\t\t\t\t\t\t\t\t\t\t\t\t<\/a>\n\t\t\t\t\t\t\t<a class=\"e-gallery-item elementor-gallery-item elementor-animated-content\" href=\"https:\/\/archivportal.hu\/wp-content\/uploads\/2022\/07\/ren_2105-640x424-1.jpg\" data-elementor-open-lightbox=\"yes\" data-elementor-lightbox-slideshow=\"2c95472\" data-e-action-hash=\"#elementor-action%3Aaction%3Dlightbox%26settings%3DeyJpZCI6NTM2NywidXJsIjoiaHR0cHM6XC9cL2FyY2hpdnBvcnRhbC5odVwvd3AtY29udGVudFwvdXBsb2Fkc1wvMjAyMlwvMDdcL3Jlbl8yMTA1LTY0MHg0MjQtMS5qcGciLCJzbGlkZXNob3ciOiIyYzk1NDcyIn0%3D\">\n\t\t\t\t\t<div class=\"e-gallery-image elementor-gallery-item__image\" data-thumbnail=\"https:\/\/archivportal.hu\/wp-content\/uploads\/2022\/07\/ren_2105-640x424-1-300x199.jpg\" data-width=\"300\" data-height=\"199\" aria-label=\"\" role=\"img\" ><\/div>\n\t\t\t\t\t\t\t\t\t\t\t<div class=\"elementor-gallery-item__overlay\"><\/div>\n\t\t\t\t\t\t\t\t\t\t\t\t\t\t<\/a>\n\t\t\t\t\t\t\t<a class=\"e-gallery-item elementor-gallery-item elementor-animated-content\" href=\"https:\/\/archivportal.hu\/wp-content\/uploads\/2022\/07\/ren_2111-640x424-1.jpg\" data-elementor-open-lightbox=\"yes\" data-elementor-lightbox-slideshow=\"2c95472\" data-e-action-hash=\"#elementor-action%3Aaction%3Dlightbox%26settings%3DeyJpZCI6NTM2OCwidXJsIjoiaHR0cHM6XC9cL2FyY2hpdnBvcnRhbC5odVwvd3AtY29udGVudFwvdXBsb2Fkc1wvMjAyMlwvMDdcL3Jlbl8yMTExLTY0MHg0MjQtMS5qcGciLCJzbGlkZXNob3ciOiIyYzk1NDcyIn0%3D\">\n\t\t\t\t\t<div class=\"e-gallery-image elementor-gallery-item__image\" data-thumbnail=\"https:\/\/archivportal.hu\/wp-content\/uploads\/2022\/07\/ren_2111-640x424-1-300x199.jpg\" data-width=\"300\" data-height=\"199\" aria-label=\"\" role=\"img\" ><\/div>\n\t\t\t\t\t\t\t\t\t\t\t<div class=\"elementor-gallery-item__overlay\"><\/div>\n\t\t\t\t\t\t\t\t\t\t\t\t\t\t<\/a>\n\t\t\t\t\t\t\t<a class=\"e-gallery-item elementor-gallery-item elementor-animated-content\" href=\"https:\/\/archivportal.hu\/wp-content\/uploads\/2022\/07\/ren_2120-640x424-1.jpg\" data-elementor-open-lightbox=\"yes\" data-elementor-lightbox-slideshow=\"2c95472\" data-e-action-hash=\"#elementor-action%3Aaction%3Dlightbox%26settings%3DeyJpZCI6NTM2OSwidXJsIjoiaHR0cHM6XC9cL2FyY2hpdnBvcnRhbC5odVwvd3AtY29udGVudFwvdXBsb2Fkc1wvMjAyMlwvMDdcL3Jlbl8yMTIwLTY0MHg0MjQtMS5qcGciLCJzbGlkZXNob3ciOiIyYzk1NDcyIn0%3D\">\n\t\t\t\t\t<div class=\"e-gallery-image elementor-gallery-item__image\" data-thumbnail=\"https:\/\/archivportal.hu\/wp-content\/uploads\/2022\/07\/ren_2120-640x424-1-300x199.jpg\" data-width=\"300\" data-height=\"199\" aria-label=\"\" role=\"img\" ><\/div>\n\t\t\t\t\t\t\t\t\t\t\t<div class=\"elementor-gallery-item__overlay\"><\/div>\n\t\t\t\t\t\t\t\t\t\t\t\t\t\t<\/a>\n\t\t\t\t\t\t\t<a class=\"e-gallery-item elementor-gallery-item elementor-animated-content\" href=\"https:\/\/archivportal.hu\/wp-content\/uploads\/2022\/07\/ren_2136-640x424-1.jpg\" data-elementor-open-lightbox=\"yes\" data-elementor-lightbox-slideshow=\"2c95472\" data-e-action-hash=\"#elementor-action%3Aaction%3Dlightbox%26settings%3DeyJpZCI6NTM3MCwidXJsIjoiaHR0cHM6XC9cL2FyY2hpdnBvcnRhbC5odVwvd3AtY29udGVudFwvdXBsb2Fkc1wvMjAyMlwvMDdcL3Jlbl8yMTM2LTY0MHg0MjQtMS5qcGciLCJzbGlkZXNob3ciOiIyYzk1NDcyIn0%3D\">\n\t\t\t\t\t<div class=\"e-gallery-image elementor-gallery-item__image\" data-thumbnail=\"https:\/\/archivportal.hu\/wp-content\/uploads\/2022\/07\/ren_2136-640x424-1-300x199.jpg\" data-width=\"300\" data-height=\"199\" aria-label=\"\" role=\"img\" ><\/div>\n\t\t\t\t\t\t\t\t\t\t\t<div class=\"elementor-gallery-item__overlay\"><\/div>\n\t\t\t\t\t\t\t\t\t\t\t\t\t\t<\/a>\n\t\t\t\t\t\t\t<a class=\"e-gallery-item elementor-gallery-item elementor-animated-content\" href=\"https:\/\/archivportal.hu\/wp-content\/uploads\/2022\/07\/ren_2227-640x424-1.jpg\" data-elementor-open-lightbox=\"yes\" data-elementor-lightbox-slideshow=\"2c95472\" data-e-action-hash=\"#elementor-action%3Aaction%3Dlightbox%26settings%3DeyJpZCI6NTM3MSwidXJsIjoiaHR0cHM6XC9cL2FyY2hpdnBvcnRhbC5odVwvd3AtY29udGVudFwvdXBsb2Fkc1wvMjAyMlwvMDdcL3Jlbl8yMjI3LTY0MHg0MjQtMS5qcGciLCJzbGlkZXNob3ciOiIyYzk1NDcyIn0%3D\">\n\t\t\t\t\t<div class=\"e-gallery-image elementor-gallery-item__image\" data-thumbnail=\"https:\/\/archivportal.hu\/wp-content\/uploads\/2022\/07\/ren_2227-640x424-1-300x199.jpg\" data-width=\"300\" data-height=\"199\" aria-label=\"\" role=\"img\" ><\/div>\n\t\t\t\t\t\t\t\t\t\t\t<div class=\"elementor-gallery-item__overlay\"><\/div>\n\t\t\t\t\t\t\t\t\t\t\t\t\t\t<\/a>\n\t\t\t\t\t\t\t<a class=\"e-gallery-item elementor-gallery-item elementor-animated-content\" href=\"https:\/\/archivportal.hu\/wp-content\/uploads\/2022\/07\/ren_2300-640x424-1.jpg\" data-elementor-open-lightbox=\"yes\" data-elementor-lightbox-slideshow=\"2c95472\" data-e-action-hash=\"#elementor-action%3Aaction%3Dlightbox%26settings%3DeyJpZCI6NTM3MiwidXJsIjoiaHR0cHM6XC9cL2FyY2hpdnBvcnRhbC5odVwvd3AtY29udGVudFwvdXBsb2Fkc1wvMjAyMlwvMDdcL3Jlbl8yMzAwLTY0MHg0MjQtMS5qcGciLCJzbGlkZXNob3ciOiIyYzk1NDcyIn0%3D\">\n\t\t\t\t\t<div class=\"e-gallery-image elementor-gallery-item__image\" data-thumbnail=\"https:\/\/archivportal.hu\/wp-content\/uploads\/2022\/07\/ren_2300-640x424-1-300x199.jpg\" data-width=\"300\" data-height=\"199\" aria-label=\"\" role=\"img\" ><\/div>\n\t\t\t\t\t\t\t\t\t\t\t<div class=\"elementor-gallery-item__overlay\"><\/div>\n\t\t\t\t\t\t\t\t\t\t\t\t\t\t<\/a>\n\t\t\t\t\t\t\t<a class=\"e-gallery-item elementor-gallery-item elementor-animated-content\" href=\"https:\/\/archivportal.hu\/wp-content\/uploads\/2022\/07\/ren_2301-640x424-1.jpg\" data-elementor-open-lightbox=\"yes\" data-elementor-lightbox-slideshow=\"2c95472\" data-e-action-hash=\"#elementor-action%3Aaction%3Dlightbox%26settings%3DeyJpZCI6NTM3MywidXJsIjoiaHR0cHM6XC9cL2FyY2hpdnBvcnRhbC5odVwvd3AtY29udGVudFwvdXBsb2Fkc1wvMjAyMlwvMDdcL3Jlbl8yMzAxLTY0MHg0MjQtMS5qcGciLCJzbGlkZXNob3ciOiIyYzk1NDcyIn0%3D\">\n\t\t\t\t\t<div class=\"e-gallery-image elementor-gallery-item__image\" data-thumbnail=\"https:\/\/archivportal.hu\/wp-content\/uploads\/2022\/07\/ren_2301-640x424-1-300x199.jpg\" data-width=\"300\" data-height=\"199\" aria-label=\"\" role=\"img\" ><\/div>\n\t\t\t\t\t\t\t\t\t\t\t<div class=\"elementor-gallery-item__overlay\"><\/div>\n\t\t\t\t\t\t\t\t\t\t\t\t\t\t<\/a>\n\t\t\t\t\t<\/div>\n\t\t\t\t\t<\/div>\n\t\t\t\t<\/div>\n\t\t\t\t\t<\/div>\n\t\t<\/div>\n\t\t\t\t\t<\/div>\n\t\t<\/section>\n\t\t\t\t<section class=\"elementor-section elementor-top-section elementor-element elementor-element-28b76b5 elementor-reverse-mobile elementor-section-boxed elementor-section-height-default elementor-section-height-default\" data-id=\"28b76b5\" data-element_type=\"section\" data-e-type=\"section\">\n\t\t\t\t\t\t<div class=\"elementor-container elementor-column-gap-default\">\n\t\t\t\t\t<div class=\"elementor-column elementor-col-100 elementor-top-column elementor-element elementor-element-8240641\" data-id=\"8240641\" data-element_type=\"column\" data-e-type=\"column\" data-settings=\"{&quot;background_background&quot;:&quot;gradient&quot;}\">\n\t\t\t<div class=\"elementor-widget-wrap elementor-element-populated\">\n\t\t\t\t\t\t<div class=\"elementor-element elementor-element-42bddfd elementor-widget elementor-widget-heading\" data-id=\"42bddfd\" data-element_type=\"widget\" data-e-type=\"widget\" data-widget_type=\"heading.default\">\n\t\t\t\t<div class=\"elementor-widget-container\">\n\t\t\t\t\t<h2 class=\"elementor-heading-title elementor-size-default\">Az \u00c9v Lev\u00e9lt\u00e1ra<\/h2>\t\t\t\t<\/div>\n\t\t\t\t<\/div>\n\t\t\t\t<div class=\"elementor-element elementor-element-b32feae elementor-widget elementor-widget-text-editor\" data-id=\"b32feae\" data-element_type=\"widget\" data-e-type=\"widget\" data-widget_type=\"text-editor.default\">\n\t\t\t\t<div class=\"elementor-widget-container\">\n\t\t\t\t\t\t\t\t\t<p><strong>Az \u00c9v Lev\u00e9lt\u00e1ra D\u00edj \u00e1tad\u00e1sa<br \/><\/strong><strong>Magyar Nemzeti Lev\u00e9lt\u00e1r Orsz\u00e1gos Lev\u00e9lt\u00e1ra<br \/><\/strong><strong>2015. november 23.<\/strong><\/p><p>A Magyar Nemzeti Lev\u00e9lt\u00e1r (MNL) Szabolcs-Szatm\u00e1r-Bereg Megyei Lev\u00e9lt\u00e1ra nyerte el id\u00e9n az \u00c9v Lev\u00e9lt\u00e1ra d\u00edjat. A kit\u00fcntet\u00e9st Z\u00e1vogy\u00e1n Magdolna adta \u00e1t. Az EMMI kult\u00far\u00e1\u00e9rt felel\u0151s helyettes \u00e1llamtitk\u00e1ra k\u00f6sz\u00f6nt\u0151 besz\u00e9d\u00e9ben kiemelte a d\u00edjazott lev\u00e9lt\u00e1r sz\u00e9les nemzetk\u00f6zi, k\u00f6zt\u00fck a k\u00e1rp\u00e1taljai iratt\u00e1rakhoz f\u0171z\u0151d\u0151 szakmai kapcsolatait, valamint m\u00e9ltatta a helyt\u00f6rt\u00e9neti m\u0171helyk\u00e9nt \u00e9s k\u00f6zm\u0171vel\u0151d\u00e9si int\u00e9zm\u00e9nyk\u00e9nt v\u00e9gzett tev\u00e9kenys\u00e9g\u00e9t is. \u201eA lev\u00e9lt\u00e1rosok nem kevesebbre v\u00e1llalkoznak, mint az egy\u00e9ni \u00e9s a k\u00f6z\u00f6ss\u00e9gi identit\u00e1s er\u0151s\u00edt\u00e9s\u00e9re, amelyhez a lev\u00e9lt\u00e1ri dokumentumokat h\u00edvj\u00e1k seg\u00edts\u00e9g\u00fcl\u201d &#8211; fogalmazott a helyettes \u00e1llamtitk\u00e1r.<\/p><p>Tyekvicska \u00c1rp\u00e1d, a Magyar Lev\u00e9lt\u00e1rosok Egyes\u00fclet\u00e9nek eln\u00f6ke elmondta: a negyedik alkalommal \u00e1tadott, 350 ezer forint p\u00e9nzjutalommal j\u00e1r\u00f3, oklev\u00e9lb\u0151l, eml\u00e9kt\u00e1bl\u00e1b\u00f3l \u00e9s egy v\u00e1ndord\u00edjb\u00f3l \u00e1ll\u00f3 kit\u00fcntet\u00e9s a kiemelked\u0151 szakmai munk\u00e1t, a soksz\u00edn\u0171, kultur\u00e1lis \u00e9rt\u00e9kteremt\u0151 \u00e9s meg\u0151rz\u0151 tev\u00e9kenys\u00e9get ismeri el. Tyekvicska \u00c1rp\u00e1d a Szabolcs-Szatm\u00e1r-Bereg Megyei Lev\u00e9lt\u00e1r munkat\u00e1rsait olyan \u00f6sszetart\u00f3, szakmailag is jelent\u0151s k\u00f6z\u00f6ss\u00e9gk\u00e9nt m\u00e9ltatta, amelyet biztos k\u00e9zzel vezet az int\u00e9zm\u00e9ny igazgat\u00f3ja, Mecsei \u00c9va.<\/p><p>Az \u00c9v Lev\u00e9lt\u00e1ra c\u00edm az\u00e9rt fontos, mert szemben m\u00e1s elismer\u00e9sekkel, nem az egy\u00e9ni teljes\u00edtm\u00e9nyt, hanem a csapatmunk\u00e1t ismeri el &#8211; hangs\u00falyozta a d\u00edj\u00e1tad\u00f3n Mik\u00f3 Zsuzsanna, az MNL f\u0151igazgat\u00f3ja.<\/p><p>Sz\u00f6gi L\u00e1szl\u00f3, az MLE v\u00e1lasztm\u00e1nyi tagja m\u00e9ltat\u00e1s\u00e1ban hangs\u00falyozta, hogy a ny\u00edregyh\u00e1zi int\u00e9zm\u00e9ny h\u00e1rom egykori v\u00e1rmegye ter\u00fclet\u00e9nek t\u00f6rt\u00e9nelmi dokumentumaiban is illet\u00e9kes, \u00e9s p\u00e9ldamutat\u00f3 m\u00f3don igyekszik \u00f6sszekapcsolni ezt a hat\u00e1rok \u00e1ltal sz\u00e9tv\u00e1lasztott ter\u00fcletet.<\/p><p>A d\u00edj\u00e1tad\u00f3n jelen volt Bacskai J\u00f3zsef, a K\u00fclgazdas\u00e1gi \u00e9s K\u00fcl\u00fcgyminiszt\u00e9rium gazdas\u00e1gi \u00fcgyek\u00e9rt felel\u0151s helyettes \u00e1llamtitk\u00e1ra, volt ungv\u00e1ri f\u0151konzul, aki \u00fagy fogalmazott, hogy a Szabolcs-Szatm\u00e1r-Bereg Megyei Lev\u00e9lt\u00e1r felbecs\u00fclhetetlen \u00e9rt\u00e9ket k\u00e9pvisel minden magyar ember sz\u00e1m\u00e1ra.<\/p><p>Az esem\u00e9nyen emellett m\u00e9ltatta a d\u00edjazott lev\u00e9lt\u00e1rat Szab\u00f3 Istv\u00e1n, a Szabolcs-Szatm\u00e1r-Bereg megyei k\u00f6zgy\u0171l\u00e9s aleln\u00f6ke, Ulrich Attila, Ny\u00edregyh\u00e1za alpolg\u00e1rmestere, Barab\u00e1s L\u00e1szl\u00f3 Ausztria ny\u00edregyh\u00e1zi tiszteletbeli konzulja, az ukr\u00e1n K\u00e1rp\u00e1taljai Ter\u00fcleti \u00c1llami Lev\u00e9lt\u00e1r igazgat\u00f3ja, Mihajlo Miszjuk, valamint igazgat\u00f3helyettese, Kutassy Ilona is.<\/p>\t\t\t\t\t\t\t\t<\/div>\n\t\t\t\t<\/div>\n\t\t\t\t<div class=\"elementor-element elementor-element-fe82722 elementor-widget elementor-widget-gallery\" data-id=\"fe82722\" data-element_type=\"widget\" data-e-type=\"widget\" data-settings=\"{&quot;columns&quot;:5,&quot;lazyload&quot;:&quot;yes&quot;,&quot;gallery_layout&quot;:&quot;grid&quot;,&quot;columns_tablet&quot;:2,&quot;columns_mobile&quot;:1,&quot;gap&quot;:{&quot;unit&quot;:&quot;px&quot;,&quot;size&quot;:10,&quot;sizes&quot;:[]},&quot;gap_tablet&quot;:{&quot;unit&quot;:&quot;px&quot;,&quot;size&quot;:10,&quot;sizes&quot;:[]},&quot;gap_mobile&quot;:{&quot;unit&quot;:&quot;px&quot;,&quot;size&quot;:10,&quot;sizes&quot;:[]},&quot;link_to&quot;:&quot;file&quot;,&quot;aspect_ratio&quot;:&quot;3:2&quot;,&quot;overlay_background&quot;:&quot;yes&quot;,&quot;content_hover_animation&quot;:&quot;fade-in&quot;}\" data-widget_type=\"gallery.default\">\n\t\t\t\t<div class=\"elementor-widget-container\">\n\t\t\t\t\t\t\t<div class=\"elementor-gallery__container\">\n\t\t\t\t\t\t\t<a class=\"e-gallery-item elementor-gallery-item elementor-animated-content\" href=\"https:\/\/archivportal.hu\/wp-content\/uploads\/2022\/07\/ev_leveltara_2015_06.jpg\" data-elementor-open-lightbox=\"yes\" data-elementor-lightbox-slideshow=\"fe82722\" data-e-action-hash=\"#elementor-action%3Aaction%3Dlightbox%26settings%3DeyJpZCI6NTM4MCwidXJsIjoiaHR0cHM6XC9cL2FyY2hpdnBvcnRhbC5odVwvd3AtY29udGVudFwvdXBsb2Fkc1wvMjAyMlwvMDdcL2V2X2xldmVsdGFyYV8yMDE1XzA2LmpwZyIsInNsaWRlc2hvdyI6ImZlODI3MjIifQ%3D%3D\">\n\t\t\t\t\t<div class=\"e-gallery-image elementor-gallery-item__image\" data-thumbnail=\"https:\/\/archivportal.hu\/wp-content\/uploads\/2022\/07\/ev_leveltara_2015_06-300x199.jpg\" data-width=\"300\" data-height=\"199\" aria-label=\"\" role=\"img\" ><\/div>\n\t\t\t\t\t\t\t\t\t\t\t<div class=\"elementor-gallery-item__overlay\"><\/div>\n\t\t\t\t\t\t\t\t\t\t\t\t\t\t<\/a>\n\t\t\t\t\t\t\t<a class=\"e-gallery-item elementor-gallery-item elementor-animated-content\" href=\"https:\/\/archivportal.hu\/wp-content\/uploads\/2022\/07\/ev_leveltara_2015_07.jpg\" data-elementor-open-lightbox=\"yes\" data-elementor-lightbox-slideshow=\"fe82722\" data-e-action-hash=\"#elementor-action%3Aaction%3Dlightbox%26settings%3DeyJpZCI6NTM4MSwidXJsIjoiaHR0cHM6XC9cL2FyY2hpdnBvcnRhbC5odVwvd3AtY29udGVudFwvdXBsb2Fkc1wvMjAyMlwvMDdcL2V2X2xldmVsdGFyYV8yMDE1XzA3LmpwZyIsInNsaWRlc2hvdyI6ImZlODI3MjIifQ%3D%3D\">\n\t\t\t\t\t<div class=\"e-gallery-image elementor-gallery-item__image\" data-thumbnail=\"https:\/\/archivportal.hu\/wp-content\/uploads\/2022\/07\/ev_leveltara_2015_07-300x215.jpg\" data-width=\"300\" data-height=\"215\" aria-label=\"\" role=\"img\" ><\/div>\n\t\t\t\t\t\t\t\t\t\t\t<div class=\"elementor-gallery-item__overlay\"><\/div>\n\t\t\t\t\t\t\t\t\t\t\t\t\t\t<\/a>\n\t\t\t\t\t\t\t<a class=\"e-gallery-item elementor-gallery-item elementor-animated-content\" href=\"https:\/\/archivportal.hu\/wp-content\/uploads\/2022\/07\/ev_leveltara_2015_01-scaled.jpg\" data-elementor-open-lightbox=\"yes\" data-elementor-lightbox-slideshow=\"fe82722\" data-e-action-hash=\"#elementor-action%3Aaction%3Dlightbox%26settings%3DeyJpZCI6NTM4MiwidXJsIjoiaHR0cHM6XC9cL2FyY2hpdnBvcnRhbC5odVwvd3AtY29udGVudFwvdXBsb2Fkc1wvMjAyMlwvMDdcL2V2X2xldmVsdGFyYV8yMDE1XzAxLXNjYWxlZC5qcGciLCJzbGlkZXNob3ciOiJmZTgyNzIyIn0%3D\">\n\t\t\t\t\t<div class=\"e-gallery-image elementor-gallery-item__image\" data-thumbnail=\"https:\/\/archivportal.hu\/wp-content\/uploads\/2022\/07\/ev_leveltara_2015_01-300x200.jpg\" data-width=\"300\" data-height=\"200\" aria-label=\"\" role=\"img\" ><\/div>\n\t\t\t\t\t\t\t\t\t\t\t<div class=\"elementor-gallery-item__overlay\"><\/div>\n\t\t\t\t\t\t\t\t\t\t\t\t\t\t<\/a>\n\t\t\t\t\t\t\t<a class=\"e-gallery-item elementor-gallery-item elementor-animated-content\" href=\"https:\/\/archivportal.hu\/wp-content\/uploads\/2022\/07\/ev_leveltara_2015_02.jpg\" data-elementor-open-lightbox=\"yes\" data-elementor-lightbox-slideshow=\"fe82722\" data-e-action-hash=\"#elementor-action%3Aaction%3Dlightbox%26settings%3DeyJpZCI6NTM4MywidXJsIjoiaHR0cHM6XC9cL2FyY2hpdnBvcnRhbC5odVwvd3AtY29udGVudFwvdXBsb2Fkc1wvMjAyMlwvMDdcL2V2X2xldmVsdGFyYV8yMDE1XzAyLmpwZyIsInNsaWRlc2hvdyI6ImZlODI3MjIifQ%3D%3D\">\n\t\t\t\t\t<div class=\"e-gallery-image elementor-gallery-item__image\" data-thumbnail=\"https:\/\/archivportal.hu\/wp-content\/uploads\/2022\/07\/ev_leveltara_2015_02-300x226.jpg\" data-width=\"300\" data-height=\"226\" aria-label=\"\" role=\"img\" ><\/div>\n\t\t\t\t\t\t\t\t\t\t\t<div class=\"elementor-gallery-item__overlay\"><\/div>\n\t\t\t\t\t\t\t\t\t\t\t\t\t\t<\/a>\n\t\t\t\t\t\t\t<a class=\"e-gallery-item elementor-gallery-item elementor-animated-content\" href=\"https:\/\/archivportal.hu\/wp-content\/uploads\/2022\/07\/ev_leveltara_2015_03.jpg\" data-elementor-open-lightbox=\"yes\" data-elementor-lightbox-slideshow=\"fe82722\" data-e-action-hash=\"#elementor-action%3Aaction%3Dlightbox%26settings%3DeyJpZCI6NTM4NCwidXJsIjoiaHR0cHM6XC9cL2FyY2hpdnBvcnRhbC5odVwvd3AtY29udGVudFwvdXBsb2Fkc1wvMjAyMlwvMDdcL2V2X2xldmVsdGFyYV8yMDE1XzAzLmpwZyIsInNsaWRlc2hvdyI6ImZlODI3MjIifQ%3D%3D\">\n\t\t\t\t\t<div class=\"e-gallery-image elementor-gallery-item__image\" data-thumbnail=\"https:\/\/archivportal.hu\/wp-content\/uploads\/2022\/07\/ev_leveltara_2015_03-300x198.jpg\" data-width=\"300\" data-height=\"198\" aria-label=\"\" role=\"img\" ><\/div>\n\t\t\t\t\t\t\t\t\t\t\t<div class=\"elementor-gallery-item__overlay\"><\/div>\n\t\t\t\t\t\t\t\t\t\t\t\t\t\t<\/a>\n\t\t\t\t\t<\/div>\n\t\t\t\t\t<\/div>\n\t\t\t\t<\/div>\n\t\t\t\t\t<\/div>\n\t\t<\/div>\n\t\t\t\t\t<\/div>\n\t\t<\/section>\n\t\t\t\t<section class=\"elementor-section elementor-top-section elementor-element elementor-element-3f470d1 elementor-section-boxed elementor-section-height-default elementor-section-height-default\" data-id=\"3f470d1\" data-element_type=\"section\" data-e-type=\"section\">\n\t\t\t\t\t\t<div class=\"elementor-container elementor-column-gap-default\">\n\t\t\t\t\t<div class=\"elementor-column elementor-col-100 elementor-top-column elementor-element elementor-element-272be67\" data-id=\"272be67\" data-element_type=\"column\" data-e-type=\"column\" data-settings=\"{&quot;background_background&quot;:&quot;gradient&quot;}\">\n\t\t\t<div class=\"elementor-widget-wrap elementor-element-populated\">\n\t\t\t\t\t\t<div class=\"elementor-element elementor-element-19e0840 elementor-widget elementor-widget-heading\" data-id=\"19e0840\" data-element_type=\"widget\" data-e-type=\"widget\" data-widget_type=\"heading.default\">\n\t\t\t\t<div class=\"elementor-widget-container\">\n\t\t\t\t\t<h2 class=\"elementor-heading-title elementor-size-default\">Az \u00c9v Lev\u00e9lt\u00e1ri Kiadv\u00e1nya\n<\/h2>\t\t\t\t<\/div>\n\t\t\t\t<\/div>\n\t\t\t\t<div class=\"elementor-element elementor-element-f8fec78 elementor-widget elementor-widget-text-editor\" data-id=\"f8fec78\" data-element_type=\"widget\" data-e-type=\"widget\" data-widget_type=\"text-editor.default\">\n\t\t\t\t<div class=\"elementor-widget-container\">\n\t\t\t\t\t\t\t\t\t<p><strong>\u00c9rt\u00e9kes \u00e9s izgalmas kiadv\u00e1nyokkal k\u00f6zvet\u00edtenek tud\u00e1st a hazai \u00e9s hat\u00e1ron t\u00fali magyar lev\u00e9lt\u00e1rak<\/strong><\/p><p>N\u00e9gy kateg\u00f3ri\u00e1ban adt\u00e1k \u00e1t az \u00c9v Lev\u00e9lt\u00e1ri Kiadv\u00e1nya d\u00edjat 2016. janu\u00e1r 28-\u00e1n Budapesten.<\/p><p>A Magyar Lev\u00e9lt\u00e1rosok Egyes\u00fclete 2013 \u00f3ta \u00edt\u00e9li oda az elismer\u00e9seket a kiemelt k\u00f6zm\u0171vel\u0151d\u00e9si jelent\u0151s\u00e9g\u0171, magas szakmai \u00e9s eszt\u00e9tikai sz\u00ednvonal\u00fa k\u00f6teteknek, illetve a korszer\u0171 technol\u00f3gi\u00e1val el\u00e9rhet\u0151 adatb\u00e1zisoknak.<\/p><p>\u201eGazdag \u00e9s meg\u00fajul\u00e1sra k\u00e9sz a lev\u00e9lt\u00e1ros szakma\u201d \u2013 jelentette ki az \u00c1llambiztons\u00e1gi Szolg\u00e1latok T\u00f6rt\u00e9neti Lev\u00e9lt\u00e1r\u00e1ban tartott \u00fcnneps\u00e9gen\u00a0<strong>V\u00edgh Annam\u00e1ria<\/strong>. Az\u00a0<strong>EMMI K\u00f6zgy\u0171jtem\u00e9nyi F\u0151oszt\u00e1ly\u00e1nak vezet\u0151je<\/strong>\u00a0szerint a lev\u00e9lt\u00e1rak \u00e1ltal kiadott kiadv\u00e1nyok egyre sz\u00e9lesebb k\u00f6z\u00f6ns\u00e9get c\u00e9loznak meg. A szakember ugyanakkor nyomat\u00e9kos\u00edtotta, hogy ezeknek a k\u00f6nyveknek a hat\u00e9konyabb terjeszt\u00e9se tov\u00e1bb er\u0151s\u00edtend\u0151 feladat az int\u00e9zm\u00e9nyek sz\u00e1m\u00e1ra.<\/p><p>\u201eEls\u0151 alkalommal p\u00e1ly\u00e1zott \u00e9s nyert d\u00edjat hat\u00e1ron t\u00fali magyar iratokat \u0151rz\u0151 lev\u00e9lt\u00e1r\u201d \u2013 h\u00edvta fel a figyelmet\u00a0<strong>Tyekvicska \u00c1rp\u00e1d<\/strong>. A d\u00edjat alap\u00edt\u00f3\u00a0<strong>Magyar Lev\u00e9lt\u00e1rosok Egyes\u00fclete eln\u00f6ke<\/strong>\u00a0hozz\u00e1tette: a hazai egyh\u00e1zi lev\u00e9lt\u00e1rak is kiemelked\u0151 teljes\u00edtm\u00e9nyt ny\u00fajtottak tudom\u00e1nyos m\u0171helyk\u00e9nt, m\u00e1r nem az els\u0151 alkalommal. Tyekvicska \u00c1rp\u00e1d elmondta: a lev\u00e9lt\u00e1rosok c\u00e9lja, hogy az \u00e1ltaluk felt\u00e1rt ismeretanyag ne bels\u0151 tud\u00e1s maradjon, hanem a t\u00e1rsadalom sz\u00e1m\u00e1ra is ismertt\u00e9 v\u00e1ljon. A szakma ez\u00e9rt k\u00edv\u00e1ncsian figyeli a lev\u00e9lt\u00e1ri kiadv\u00e1nyok d\u00f6nt\u0151 r\u00e9sz\u00e9t finansz\u00edroz\u00f3 NKA m\u0171k\u00f6d\u00e9s\u00e9vel kapcsolatos v\u00e1ltoz\u00e1sokat.<\/p><p>\u201eA tud\u00e1s\u00e1tad\u00e1s, tud\u00e1sk\u00f6zvet\u00edt\u00e9s legfontosabb form\u00e1ja 2016-ban is a k\u00f6nyv\u201d \u2013 jelentette ki\u00a0<strong>Biszak S\u00e1ndor<\/strong>. A hazai lev\u00e9lt\u00e1rakkal r\u00e9g\u00f3ta egy\u00fcttm\u0171k\u00f6d\u0151\u00a0<strong>Arcanum Adatb\u00e1zis Kft. \u00fcgyvezet\u0151 igazgat\u00f3ja<\/strong>\u00a025 \u00e9ve foglalkozik digitaliz\u00e1lt kiadv\u00e1nyokkal. A szakember hangs\u00falyozta: az elektronikus kiadv\u00e1nyok nem tudtak a k\u00f6nyvek hely\u00e9re l\u00e9pni, ugyanakkor a digit\u00e1lis jelenl\u00e9t fontos a k\u00f6nyvek sz\u00e1m\u00e1ra, mivel \u201eelviszi azok h\u00edr\u00e9t\u201d, a digitaliz\u00e1l\u00e1s pedig \u00faj min\u0151s\u00e9get, kereshet\u0151s\u00e9get adhat egy kiadv\u00e1nynak.<\/p><p>A rangos szakmai zs\u0171ri \u00e9rt\u00e9kel\u00e9se szerint a megl\u00e9v\u0151 stabil lev\u00e9lt\u00e1ri tudom\u00e1nyos m\u0171helyek mellett \u00fajak is megjelentek, vagyis orsz\u00e1gszerte komoly kiadv\u00e1nyk\u00e9sz\u00edt\u0151 tev\u00e9kenys\u00e9g folyik a lev\u00e9lt\u00e1rakban. A zs\u0171ri tagjai\u00a0<strong>\u00c1. Varga L\u00e1szl\u00f3<\/strong>,\u00a0<strong>Kollega-Tarsoly Istv\u00e1n<\/strong>,\u00a0<strong>Szak\u00e1ly S\u00e1ndor<\/strong>,\u00a0<strong>Sz\u00f6gi L\u00e1szl\u00f3\u00a0<\/strong>\u00e9s\u00a0<strong>Cseh Gerg\u0151 Bendeg\u00faz<\/strong>\u00a0voltak.<\/p><p>A d\u00edjakat a Nemzeti Kultur\u00e1lis Alap t\u00e1mogat\u00e1s\u00e1val megval\u00f3sul\u00f3 Nyitott Lev\u00e9lt\u00e1rak 2015 programsorozat z\u00e1r\u00e1sak\u00e9nt adt\u00e1k \u00e1t.<\/p>\t\t\t\t\t\t\t\t<\/div>\n\t\t\t\t<\/div>\n\t\t\t\t<section class=\"elementor-section elementor-inner-section elementor-element elementor-element-ded8f8d elementor-section-boxed elementor-section-height-default elementor-section-height-default\" data-id=\"ded8f8d\" data-element_type=\"section\" data-e-type=\"section\">\n\t\t\t\t\t\t<div class=\"elementor-container elementor-column-gap-default\">\n\t\t\t\t\t<div class=\"elementor-column elementor-col-50 elementor-inner-column elementor-element elementor-element-6122411\" data-id=\"6122411\" data-element_type=\"column\" data-e-type=\"column\" data-settings=\"{&quot;background_background&quot;:&quot;classic&quot;}\">\n\t\t\t<div class=\"elementor-widget-wrap elementor-element-populated\">\n\t\t\t\t\t\t<div class=\"elementor-element elementor-element-98b9a98 elementor-widget elementor-widget-heading\" data-id=\"98b9a98\" data-element_type=\"widget\" data-e-type=\"widget\" data-widget_type=\"heading.default\">\n\t\t\t\t<div class=\"elementor-widget-container\">\n\t\t\t\t\t<h4 class=\"elementor-heading-title elementor-size-default\">Forr\u00e1skiadv\u00e1nyok kateg\u00f3ria d\u00edjazottjai<\/h4>\t\t\t\t<\/div>\n\t\t\t\t<\/div>\n\t\t\t\t<div class=\"elementor-element elementor-element-4dff03c elementor-widget elementor-widget-text-editor\" data-id=\"4dff03c\" data-element_type=\"widget\" data-e-type=\"widget\" data-widget_type=\"text-editor.default\">\n\t\t\t\t<div class=\"elementor-widget-container\">\n\t\t\t\t\t\t\t\t\t<ol><li>M\u00e1rki S\u00e1ndor napl\u00f3i I. 1873-1892. Szerk. Erd\u00e9sz \u00c1d\u00e1m (Magyar Nemzeti Lev\u00e9lt\u00e1r B\u00e9k\u00e9s Megyei Lev\u00e9lt\u00e1ra)<br \/>A p\u00e1lyam\u0171vet Pajkossy G\u00e1bor, az ELTE BTK T\u00f6rt\u00e9neti Int\u00e9zet \u00daj- \u00e9s Jelenkori Magyar T\u00f6rt\u00e9neti Tansz\u00e9k egyetemi docense m\u00e9ltatta.<\/li><li>Nemes G\u00e1bor: Brevia Clementina. Magyar vonatkoz\u00e1s\u00fa br\u00e9v\u00e9k VII. Kelemen p\u00e1pa idej\u00e9b\u0151l 1523 \u2013 1526 (Gy\u0151ri Egyh\u00e1zmegyei Lev\u00e9lt\u00e1r)<\/li><li>\u201eT\u00f6rv\u00e9nyes\u201d megsz\u00e1ll\u00e1s. Szovjet csapatok Magyarorsz\u00e1gon 1944-1947 k\u00f6z\u00f6tt (Magyar Nemzeti Lev\u00e9lt\u00e1r Orsz\u00e1gos Lev\u00e9lt\u00e1ra)<\/li><\/ol>\t\t\t\t\t\t\t\t<\/div>\n\t\t\t\t<\/div>\n\t\t\t\t\t<\/div>\n\t\t<\/div>\n\t\t\t\t<div class=\"elementor-column elementor-col-50 elementor-inner-column elementor-element elementor-element-f8faa95\" data-id=\"f8faa95\" data-element_type=\"column\" data-e-type=\"column\" data-settings=\"{&quot;background_background&quot;:&quot;classic&quot;}\">\n\t\t\t<div class=\"elementor-widget-wrap elementor-element-populated\">\n\t\t\t\t\t\t<div class=\"elementor-element elementor-element-83b7b52 elementor-widget elementor-widget-heading\" data-id=\"83b7b52\" data-element_type=\"widget\" data-e-type=\"widget\" data-widget_type=\"heading.default\">\n\t\t\t\t<div class=\"elementor-widget-container\">\n\t\t\t\t\t<h4 class=\"elementor-heading-title elementor-size-default\">Monogr\u00e1fi\u00e1k, tanulm\u00e1nyk\u00f6tetek kateg\u00f3ria d\u00edjazottjai<\/h4>\t\t\t\t<\/div>\n\t\t\t\t<\/div>\n\t\t\t\t<div class=\"elementor-element elementor-element-6dfa988 elementor-widget elementor-widget-text-editor\" data-id=\"6dfa988\" data-element_type=\"widget\" data-e-type=\"widget\" data-widget_type=\"text-editor.default\">\n\t\t\t\t<div class=\"elementor-widget-container\">\n\t\t\t\t\t\t\t\t\t<ol><li>T\u00f3th Tam\u00e1s: A Kalocsa-B\u00e1csi F\u0151egyh\u00e1zmegye 18. sz\u00e1zadi meg\u00fajul\u00e1sa Patachich G\u00e1bor \u00e9s Patachich \u00c1d\u00e1m \u00e9rsekek idej\u00e9n (1733\u20131784) (Kalocsai F\u0151egyh\u00e1zmegyei Lev\u00e9lt\u00e1r)<br \/>A p\u00e1lyam\u0171vet Sipt\u00e1r D\u00e1niel, a Piarista Rend Magyar Tartom\u00e1nya K\u00f6zponti Lev\u00e9lt\u00e1ra tudom\u00e1nyos munkat\u00e1rsa mutatta be a k\u00f6z\u00f6ns\u00e9gnek.<\/li><li>Hermann Istv\u00e1n: A veszpr\u00e9mi egyh\u00e1zmegye igazgat\u00e1sa a 18. sz\u00e1zadban (1700-1777) (Magyar Nemzeti Lev\u00e9lt\u00e1r Veszpr\u00e9m Megyei Lev\u00e9lt\u00e1ra)<\/li><li>A Hajd\u00fa-Bihar Megyei Lev\u00e9lt\u00e1r \u00e9vk\u00f6nyve 34. (Magyar Nemzeti Lev\u00e9lt\u00e1r Hajd\u00fa-Bihar Megyei Lev\u00e9lt\u00e1ra)<\/li><\/ol>\t\t\t\t\t\t\t\t<\/div>\n\t\t\t\t<\/div>\n\t\t\t\t\t<\/div>\n\t\t<\/div>\n\t\t\t\t\t<\/div>\n\t\t<\/section>\n\t\t\t\t<section class=\"elementor-section elementor-inner-section elementor-element elementor-element-ebd1ebc elementor-section-boxed elementor-section-height-default elementor-section-height-default\" data-id=\"ebd1ebc\" data-element_type=\"section\" data-e-type=\"section\">\n\t\t\t\t\t\t<div class=\"elementor-container elementor-column-gap-default\">\n\t\t\t\t\t<div class=\"elementor-column elementor-col-50 elementor-inner-column elementor-element elementor-element-cdf122d\" data-id=\"cdf122d\" data-element_type=\"column\" data-e-type=\"column\" data-settings=\"{&quot;background_background&quot;:&quot;classic&quot;}\">\n\t\t\t<div class=\"elementor-widget-wrap elementor-element-populated\">\n\t\t\t\t\t\t<div class=\"elementor-element elementor-element-480a104 elementor-widget elementor-widget-heading\" data-id=\"480a104\" data-element_type=\"widget\" data-e-type=\"widget\" data-widget_type=\"heading.default\">\n\t\t\t\t<div class=\"elementor-widget-container\">\n\t\t\t\t\t<h4 class=\"elementor-heading-title elementor-size-default\">Lev\u00e9lt\u00e1ri szakmai kiadv\u00e1nyok kateg\u00f3ria d\u00edjazottjai<\/h4>\t\t\t\t<\/div>\n\t\t\t\t<\/div>\n\t\t\t\t<div class=\"elementor-element elementor-element-4ab4d2d elementor-widget elementor-widget-text-editor\" data-id=\"4ab4d2d\" data-element_type=\"widget\" data-e-type=\"widget\" data-widget_type=\"text-editor.default\">\n\t\t\t\t<div class=\"elementor-widget-container\">\n\t\t\t\t\t\t\t\t\t<ol><li>Fazekas Istv\u00e1n: A Haus-, Hof- und Staatsarchiv magyar vonatkoz\u00e1s\u00fa iratai (Magyar Nemzeti Lev\u00e9lt\u00e1r Orsz\u00e1gos Lev\u00e9lt\u00e1ra)<br \/>A p\u00e1lyam\u0171vet Kulcs\u00e1r Krisztina f\u0151lev\u00e9lt\u00e1ros, a Magyar Nemzeti Lev\u00e9lt\u00e1r Orsz\u00e1gos Lev\u00e9lt\u00e1r\u00e1nak munkat\u00e1rsa mutatta be a r\u00e9sztvev\u0151knek.<\/li><li>Bern\u00e1d Rita \u2013 Barab\u00e1s Kisanna: Pl\u00e9b\u00e1niai lev\u00e9lt\u00e1rak II. A Marosv\u00e1s\u00e1rhelyi \u00e9s a Sz\u00e9kelyudvarhelyi Gy\u0171jt\u0151lev\u00e9lt\u00e1rak repert\u00f3riuma (Gyulafeh\u00e9rv\u00e1ri F\u0151egyh\u00e1zmegyei Lev\u00e9lt\u00e1r)<\/li><li>G\u00e9ra Eleon\u00f3ra \u2013 Oros Andr\u00e1s \u2013 Simon Katalin: Buda v\u00e1ros tan\u00e1cs\u00fcl\u00e9si jegyz\u0151k\u00f6nyveinek regeszt\u00e1i, 1699-1703 (Budapest F\u0151v\u00e1ros Lev\u00e9lt\u00e1ra)<\/li><\/ol>\t\t\t\t\t\t\t\t<\/div>\n\t\t\t\t<\/div>\n\t\t\t\t\t<\/div>\n\t\t<\/div>\n\t\t\t\t<div class=\"elementor-column elementor-col-50 elementor-inner-column elementor-element elementor-element-2f6cd15\" data-id=\"2f6cd15\" data-element_type=\"column\" data-e-type=\"column\" data-settings=\"{&quot;background_background&quot;:&quot;classic&quot;}\">\n\t\t\t<div class=\"elementor-widget-wrap elementor-element-populated\">\n\t\t\t\t\t\t<div class=\"elementor-element elementor-element-c22dc1f elementor-widget elementor-widget-heading\" data-id=\"c22dc1f\" data-element_type=\"widget\" data-e-type=\"widget\" data-widget_type=\"heading.default\">\n\t\t\t\t<div class=\"elementor-widget-container\">\n\t\t\t\t\t<h4 class=\"elementor-heading-title elementor-size-default\">Lev\u00e9lt\u00e1ri adatb\u00e1zisok kateg\u00f3ria d\u00edjazottjai\n\n<\/h4>\t\t\t\t<\/div>\n\t\t\t\t<\/div>\n\t\t\t\t<div class=\"elementor-element elementor-element-12f4dae elementor-widget elementor-widget-text-editor\" data-id=\"12f4dae\" data-element_type=\"widget\" data-e-type=\"widget\" data-widget_type=\"text-editor.default\">\n\t\t\t\t<div class=\"elementor-widget-container\">\n\t\t\t\t\t\t\t\t\t<ol><li>Ybl Mikl\u00f3s Virtu\u00e1lis Arch\u00edvum (Budapest F\u0151v\u00e1ros Lev\u00e9lt\u00e1ra)<br \/>A p\u00e1lyam\u0171vet\u00a0<strong>Sisa J\u00f3zsef<\/strong>, az MTA BTK M\u0171v\u00e9szett\u00f6rt\u00e9neti Int\u00e9zet igazgat\u00f3ja m\u00e9ltatta.<\/li><li>A gyulai zsid\u00f3 temet\u0151 adatb\u00e1zisa (Magyar Nemzeti Lev\u00e9lt\u00e1r B\u00e9k\u00e9s Megyei Lev\u00e9lt\u00e1ra)<\/li><\/ol>\t\t\t\t\t\t\t\t<\/div>\n\t\t\t\t<\/div>\n\t\t\t\t\t<\/div>\n\t\t<\/div>\n\t\t\t\t\t<\/div>\n\t\t<\/section>\n\t\t\t\t<div class=\"elementor-element elementor-element-2c1cfd9 elementor-widget elementor-widget-gallery\" data-id=\"2c1cfd9\" data-element_type=\"widget\" data-e-type=\"widget\" data-settings=\"{&quot;columns&quot;:5,&quot;lazyload&quot;:&quot;yes&quot;,&quot;gallery_layout&quot;:&quot;grid&quot;,&quot;columns_tablet&quot;:2,&quot;columns_mobile&quot;:1,&quot;gap&quot;:{&quot;unit&quot;:&quot;px&quot;,&quot;size&quot;:10,&quot;sizes&quot;:[]},&quot;gap_tablet&quot;:{&quot;unit&quot;:&quot;px&quot;,&quot;size&quot;:10,&quot;sizes&quot;:[]},&quot;gap_mobile&quot;:{&quot;unit&quot;:&quot;px&quot;,&quot;size&quot;:10,&quot;sizes&quot;:[]},&quot;link_to&quot;:&quot;file&quot;,&quot;aspect_ratio&quot;:&quot;3:2&quot;,&quot;overlay_background&quot;:&quot;yes&quot;,&quot;content_hover_animation&quot;:&quot;fade-in&quot;}\" data-widget_type=\"gallery.default\">\n\t\t\t\t<div class=\"elementor-widget-container\">\n\t\t\t\t\t\t\t<div class=\"elementor-gallery__container\">\n\t\t\t\t\t\t\t<a class=\"e-gallery-item elementor-gallery-item elementor-animated-content\" href=\"https:\/\/archivportal.hu\/wp-content\/uploads\/2022\/07\/ev_levtari_kiadv_11.jpg\" data-elementor-open-lightbox=\"yes\" data-elementor-lightbox-slideshow=\"2c1cfd9\" data-e-action-hash=\"#elementor-action%3Aaction%3Dlightbox%26settings%3DeyJpZCI6NTM4NSwidXJsIjoiaHR0cHM6XC9cL2FyY2hpdnBvcnRhbC5odVwvd3AtY29udGVudFwvdXBsb2Fkc1wvMjAyMlwvMDdcL2V2X2xldnRhcmlfa2lhZHZfMTEuanBnIiwic2xpZGVzaG93IjoiMmMxY2ZkOSJ9\">\n\t\t\t\t\t<div class=\"e-gallery-image elementor-gallery-item__image\" data-thumbnail=\"https:\/\/archivportal.hu\/wp-content\/uploads\/2022\/07\/ev_levtari_kiadv_11-300x181.jpg\" data-width=\"300\" data-height=\"181\" aria-label=\"\" role=\"img\" ><\/div>\n\t\t\t\t\t\t\t\t\t\t\t<div class=\"elementor-gallery-item__overlay\"><\/div>\n\t\t\t\t\t\t\t\t\t\t\t\t\t\t<\/a>\n\t\t\t\t\t\t\t<a class=\"e-gallery-item elementor-gallery-item elementor-animated-content\" href=\"https:\/\/archivportal.hu\/wp-content\/uploads\/2022\/07\/ev_levtari_kiadv_03.jpg\" data-elementor-open-lightbox=\"yes\" data-elementor-lightbox-slideshow=\"2c1cfd9\" data-e-action-hash=\"#elementor-action%3Aaction%3Dlightbox%26settings%3DeyJpZCI6NTM4NiwidXJsIjoiaHR0cHM6XC9cL2FyY2hpdnBvcnRhbC5odVwvd3AtY29udGVudFwvdXBsb2Fkc1wvMjAyMlwvMDdcL2V2X2xldnRhcmlfa2lhZHZfMDMuanBnIiwic2xpZGVzaG93IjoiMmMxY2ZkOSJ9\">\n\t\t\t\t\t<div class=\"e-gallery-image elementor-gallery-item__image\" data-thumbnail=\"https:\/\/archivportal.hu\/wp-content\/uploads\/2022\/07\/ev_levtari_kiadv_03-300x200.jpg\" data-width=\"300\" data-height=\"200\" aria-label=\"\" role=\"img\" ><\/div>\n\t\t\t\t\t\t\t\t\t\t\t<div class=\"elementor-gallery-item__overlay\"><\/div>\n\t\t\t\t\t\t\t\t\t\t\t\t\t\t<\/a>\n\t\t\t\t\t\t\t<a class=\"e-gallery-item elementor-gallery-item elementor-animated-content\" href=\"https:\/\/archivportal.hu\/wp-content\/uploads\/2022\/07\/ev_levtari_kiadv_01.jpg\" data-elementor-open-lightbox=\"yes\" data-elementor-lightbox-slideshow=\"2c1cfd9\" data-e-action-hash=\"#elementor-action%3Aaction%3Dlightbox%26settings%3DeyJpZCI6NTM4NywidXJsIjoiaHR0cHM6XC9cL2FyY2hpdnBvcnRhbC5odVwvd3AtY29udGVudFwvdXBsb2Fkc1wvMjAyMlwvMDdcL2V2X2xldnRhcmlfa2lhZHZfMDEuanBnIiwic2xpZGVzaG93IjoiMmMxY2ZkOSJ9\">\n\t\t\t\t\t<div class=\"e-gallery-image elementor-gallery-item__image\" data-thumbnail=\"https:\/\/archivportal.hu\/wp-content\/uploads\/2022\/07\/ev_levtari_kiadv_01-300x200.jpg\" data-width=\"300\" data-height=\"200\" aria-label=\"\" role=\"img\" ><\/div>\n\t\t\t\t\t\t\t\t\t\t\t<div class=\"elementor-gallery-item__overlay\"><\/div>\n\t\t\t\t\t\t\t\t\t\t\t\t\t\t<\/a>\n\t\t\t\t\t\t\t<a class=\"e-gallery-item elementor-gallery-item elementor-animated-content\" href=\"https:\/\/archivportal.hu\/wp-content\/uploads\/2022\/07\/ev_levtari_kiadv_02.jpg\" data-elementor-open-lightbox=\"yes\" data-elementor-lightbox-slideshow=\"2c1cfd9\" data-e-action-hash=\"#elementor-action%3Aaction%3Dlightbox%26settings%3DeyJpZCI6NTM4OCwidXJsIjoiaHR0cHM6XC9cL2FyY2hpdnBvcnRhbC5odVwvd3AtY29udGVudFwvdXBsb2Fkc1wvMjAyMlwvMDdcL2V2X2xldnRhcmlfa2lhZHZfMDIuanBnIiwic2xpZGVzaG93IjoiMmMxY2ZkOSJ9\">\n\t\t\t\t\t<div class=\"e-gallery-image elementor-gallery-item__image\" data-thumbnail=\"https:\/\/archivportal.hu\/wp-content\/uploads\/2022\/07\/ev_levtari_kiadv_02-300x200.jpg\" data-width=\"300\" data-height=\"200\" aria-label=\"\" role=\"img\" ><\/div>\n\t\t\t\t\t\t\t\t\t\t\t<div class=\"elementor-gallery-item__overlay\"><\/div>\n\t\t\t\t\t\t\t\t\t\t\t\t\t\t<\/a>\n\t\t\t\t\t\t\t<a class=\"e-gallery-item elementor-gallery-item elementor-animated-content\" href=\"https:\/\/archivportal.hu\/wp-content\/uploads\/2022\/07\/ev_levtari_kiadv_04.jpg\" data-elementor-open-lightbox=\"yes\" data-elementor-lightbox-slideshow=\"2c1cfd9\" data-e-action-hash=\"#elementor-action%3Aaction%3Dlightbox%26settings%3DeyJpZCI6NTM4OSwidXJsIjoiaHR0cHM6XC9cL2FyY2hpdnBvcnRhbC5odVwvd3AtY29udGVudFwvdXBsb2Fkc1wvMjAyMlwvMDdcL2V2X2xldnRhcmlfa2lhZHZfMDQuanBnIiwic2xpZGVzaG93IjoiMmMxY2ZkOSJ9\">\n\t\t\t\t\t<div class=\"e-gallery-image elementor-gallery-item__image\" data-thumbnail=\"https:\/\/archivportal.hu\/wp-content\/uploads\/2022\/07\/ev_levtari_kiadv_04-300x200.jpg\" data-width=\"300\" data-height=\"200\" aria-label=\"\" role=\"img\" ><\/div>\n\t\t\t\t\t\t\t\t\t\t\t<div class=\"elementor-gallery-item__overlay\"><\/div>\n\t\t\t\t\t\t\t\t\t\t\t\t\t\t<\/a>\n\t\t\t\t\t<\/div>\n\t\t\t\t\t<\/div>\n\t\t\t\t<\/div>\n\t\t\t\t\t<\/div>\n\t\t<\/div>\n\t\t\t\t\t<\/div>\n\t\t<\/section>\n\t\t\t\t<section class=\"elementor-section elementor-top-section elementor-element elementor-element-aabf3d3 elementor-reverse-mobile elementor-section-boxed elementor-section-height-default elementor-section-height-default\" data-id=\"aabf3d3\" data-element_type=\"section\" data-e-type=\"section\">\n\t\t\t\t\t\t<div class=\"elementor-container elementor-column-gap-default\">\n\t\t\t\t\t<div class=\"elementor-column elementor-col-100 elementor-top-column elementor-element elementor-element-6eb0594\" data-id=\"6eb0594\" data-element_type=\"column\" data-e-type=\"column\" data-settings=\"{&quot;background_background&quot;:&quot;gradient&quot;}\">\n\t\t\t<div class=\"elementor-widget-wrap elementor-element-populated\">\n\t\t\t\t\t\t<div class=\"elementor-element elementor-element-9b08eab elementor-widget elementor-widget-heading\" data-id=\"9b08eab\" data-element_type=\"widget\" data-e-type=\"widget\" data-widget_type=\"heading.default\">\n\t\t\t\t<div class=\"elementor-widget-container\">\n\t\t\t\t\t<h2 class=\"elementor-heading-title elementor-size-default\">Konferencia a magyar vonatkoz\u00e1s\u00fa orosz lev\u00e9lt\u00e1ri iratokr\u00f3l\n<\/h2>\t\t\t\t<\/div>\n\t\t\t\t<\/div>\n\t\t\t\t<div class=\"elementor-element elementor-element-4b78037 elementor-widget elementor-widget-text-editor\" data-id=\"4b78037\" data-element_type=\"widget\" data-e-type=\"widget\" data-widget_type=\"text-editor.default\">\n\t\t\t\t<div class=\"elementor-widget-container\">\n\t\t\t\t\t\t\t\t\t<p><strong>Magyarorsz\u00e1g m\u00faltj\u00e1ra vonatkoz\u00f3 lev\u00e9lt\u00e1ri dokumentumok az Orosz F\u00f6der\u00e1ci\u00f3 lev\u00e9lt\u00e1raiban \u2013 Kutathat\u00f3s\u00e1g, a felt\u00e1r\u00e1s helyzete \u00e9s feladatai<\/strong><\/p><p><strong>A Magyar Lev\u00e9lt\u00e1rosok Egyes\u00fclete 2015. \u00e9vi v\u00e1ndorgy\u0171l\u00e9se<\/strong><br \/><strong>Szent Istv\u00e1n Egyetem, G\u00f6d\u00f6ll\u0151<\/strong><br \/><strong>2015. j\u00falius 6-8.<\/strong><\/p><p>Az oroszorsz\u00e1gi lev\u00e9lt\u00e1rakban tal\u00e1lhat\u00f3, Magyarorsz\u00e1g m\u00faltj\u00e1ra vonatkoz\u00f3 lev\u00e9lt\u00e1ri dokumentumok kutat\u00e1s\u00e1r\u00f3l rendezett konferenci\u00e1t \u00e9s kerekasztal-besz\u00e9lget\u00e9st a Magyar Lev\u00e9lt\u00e1rosok Egyes\u00fclete j\u00falius 6-\u00e1n a g\u00f6d\u00f6ll\u0151i Szent Istv\u00e1n Egyetemen. A rendezv\u00e9nyre Magyarorsz\u00e1g valamennyi lev\u00e9lt\u00e1r\u00e1b\u00f3l, az Orosz F\u00f6der\u00e1ci\u00f3 k\u00fcl\u00f6nb\u00f6z\u0151 lev\u00e9lt\u00e1raib\u00f3l, illetve tudom\u00e1nyos kutat\u00f3int\u00e9zeteib\u0151l, valamint a szomsz\u00e9dos orsz\u00e1gok k\u00fcl\u00f6nb\u00f6z\u0151 lev\u00e9lt\u00e1raib\u00f3l \u00e9rkeztek szakemberek, \u00f6sszesen mintegy 300 f\u0151. A konferencia orosz el\u0151ad\u00f3i a magyar hadifoglyok helyzet\u00e9t az els\u0151 vil\u00e1gh\u00e1bor\u00faban, az 1944-1957 k\u00f6z\u00f6tti \u00e9s 1957 ut\u00e1ni szovjet-magyar kapcsolatok \u00faj kutat\u00e1si lehet\u0151s\u00e9geit \u00e9s ir\u00e1nyait, az 1956. \u00e9vi magyar forradalom, valamint a csehszlov\u00e1kiai magyars\u00e1g 1944-1949 k\u00f6z\u00f6tti t\u00f6rt\u00e9net\u00e9re vonatkoz\u00f3, oroszorsz\u00e1gi lev\u00e9lt\u00e1rakban tal\u00e1lhat\u00f3 forr\u00e1sokat \u00e9rintett\u00e9k.<\/p><p>\u201eA lev\u00e9lt\u00e1rosok term\u00e9szetes felel\u0151ss\u00e9ge \u00e9s k\u00f6telezetts\u00e9ge a m\u00e1s orsz\u00e1gokban \u0151rz\u00f6tt magyar kultur\u00e1lis \u00e9rt\u00e9k fennmarad\u00e1s\u00e1nak el\u0151seg\u00edt\u00e9se \u00e9s megismertet\u00e9se\u201d \u2013 mondta megnyit\u00f3 besz\u00e9d\u00e9ben Tyekvicska \u00c1rp\u00e1d, a Magyar Lev\u00e9lt\u00e1rosok Egyes\u00fclet\u00e9nek eln\u00f6ke. \u201eEur\u00f3pai szinten is kiemelkedik p\u00e9ld\u00e1ul az e c\u00e9l \u00e9rdek\u00e9ben folytatott magyar-rom\u00e1n lev\u00e9lt\u00e1ri egy\u00fcttm\u0171k\u00f6d\u00e9s\u201d \u2013 tette hozz\u00e1.<\/p><p>Seres Attila lev\u00e9lt\u00e1ri deleg\u00e1tus, a Moszkvai Magyar Lev\u00e9lt\u00e1ri Int\u00e9zet vezet\u0151je hi\u00e1nyp\u00f3tl\u00f3 rendezv\u00e9nynek min\u0151s\u00edtette a lev\u00e9lt\u00e1ros v\u00e1ndorgy\u0171l\u00e9st, ahol a legsz\u00e9lesebb k\u00f6r\u0171 szakmai nyilv\u00e1noss\u00e1g el\u0151tt ny\u00edlt lehet\u0151s\u00e9g a t\u00e9ma megvitat\u00e1s\u00e1ra. A magyar szakemberek sz\u00e1mos k\u00e9rd\u00e9sre v\u00e1laszt kaphattak, t\u00f6bbek k\u00f6z\u00f6tt az oroszorsz\u00e1gi irattitkos\u00edt\u00e1s szab\u00e1lyoz\u00e1s\u00e1r\u00f3l \u00e9s a titkos\u00edt\u00e1s al\u00f3li felold\u00e1s folyamat\u00e1r\u00f3l. Seres Attila elmondta: \u00f3ri\u00e1si a nemzetk\u00f6zi tudom\u00e1nyos \u00e9rdekl\u0151d\u00e9s az orosz lev\u00e9lt\u00e1ri anyagok ir\u00e1nt, amelyek c\u00e9lir\u00e1nyos \u00e9s szisztematikus felt\u00e1r\u00e1sa n\u00e9lk\u00fcl\u00f6zhetetlen. A szakember szerint egyre t\u00f6bb forr\u00e1scsoport vonhat\u00f3 be a kutat\u00e1sba, azonban cs\u00f6kken az oroszul besz\u00e9l\u0151, illetve az orosz nyelv\u0171 iratokat elemezni, \u00e9rtelmezni tud\u00f3 magyar kutat\u00f3k sz\u00e1ma. \u201eEz a s\u00falyos szakmai deficit legitim\u00e1lja a Moszkvai Magyar Lev\u00e9lt\u00e1ri Int\u00e9zet m\u0171k\u00f6d\u00e9s\u00e9t tudom\u00e1nypolitikai t\u00e9ren\u201d \u2013 mutatott r\u00e1 Seres Attila. A lev\u00e9lt\u00e1ri deleg\u00e1tus besz\u00e1molt arr\u00f3l is, hogy az elm\u00falt 3 \u00e9vben \u00f6sszesen csup\u00e1n 8 magyar kutat\u00f3 kapott \u00f6szt\u00f6nd\u00edjas lehet\u0151s\u00e9get oroszorsz\u00e1gi lev\u00e9lt\u00e1ri kutat\u00e1sokra.<\/p><p>Seres Attila a konferenci\u00e1n jelentette be, hogy k\u00f6zel 30 orosz t\u00f6rt\u00e9n\u00e9sz-lev\u00e9lt\u00e1rost t\u00f6m\u00f6r\u00edt\u0151 bar\u00e1ti k\u00f6r j\u00f6tt l\u00e9tre a Moszkvai Magyar Lev\u00e9lt\u00e1ri Int\u00e9zetben a szakmai partnerkapcsolatok el\u0151seg\u00edt\u00e9s\u00e9re.<\/p><p>A kutat\u00e1sok folytat\u00e1s\u00e1t szolg\u00e1lja a m\u0171k\u00f6d\u00e9s\u00e9t 3 \u00e9ve sz\u00fcneteltet\u0151 magyar-orosz lev\u00e9lt\u00e1ri vegyesbizotts\u00e1g id\u00e9n v\u00e1rhat\u00f3 \u00fcl\u00e9se is \u2013 ezt Mik\u00f3 Zsuzsanna, a Magyar Nemzeti Lev\u00e9lt\u00e1r f\u0151igazgat\u00f3ja jelentette be a rendezv\u00e9nyen. Jelenleg azokat a konkr\u00e9t kutat\u00e1si projekteket gy\u0171jtik, amelyek kijel\u00f6lhetik a k\u00f6vetkez\u0151 id\u0151szak k\u00e9toldal\u00fa tudom\u00e1nyos egy\u00fcttm\u0171k\u00f6d\u00e9s\u00e9nek ir\u00e1nyait.<\/p><p>A rendezv\u00e9ny megnyit\u00f3j\u00e1n Z\u00e1vogy\u00e1n Magdolna, az EMMI kult\u00far\u00e1\u00e9rt felel\u0151s helyettes \u00e1llamtitk\u00e1ra, G\u00e9mesi Gy\u00f6rgy, G\u00f6d\u00f6ll\u0151 polg\u00e1rmestere, valamint T\u0151zs\u00e9r J\u00e1nos, a Szent Istv\u00e1n Egyetem rektora is k\u00f6sz\u00f6nt\u00f6tte a lev\u00e9lt\u00e1rosokat. Itt adt\u00e1k \u00e1t az egyes\u00fclet \u00e1ltal alap\u00edtott D\u00f3ka Kl\u00e1ra-d\u00edjat is a kiemelked\u0151 munk\u00e1t v\u00e9gz\u0151 lev\u00e9lt\u00e1ri munkat\u00e1rsak sz\u00e1m\u00e1ra. Id\u00e9n els\u0151 alkalommal hat\u00e1ron t\u00fali magyar lev\u00e9lt\u00e1ros is d\u00edjat kapott: Kutassy Ilona, a beregsz\u00e1szi lev\u00e9lt\u00e1r kor\u00e1bbi vezet\u0151je az ukr\u00e1n-magyar lev\u00e9lt\u00e1ri szakmai egy\u00fcttm\u0171k\u00f6d\u00e9s kialak\u00edt\u00e1s\u00e1ban, fenntart\u00e1s\u00e1ban v\u00e9gzett t\u00f6bb \u00e9vtizedes elk\u00f6telezett munk\u00e1ja elismer\u00e9sek\u00e9ppen vehette \u00e1t a kit\u00fcntet\u00e9st.<\/p><p><span style=\"color: var( --e-global-color-primary ); font-family: var( --e-global-typography-text-font-family ), Sans-serif; font-weight: var( --e-global-typography-text-font-weight ); background-color: var( --e-global-color-47a94d1 ); font-size: 1rem;\">A rendezv\u00e9nyen nemzetk\u00f6zi szekci\u00f3 keret\u00e9ben a k\u00f6rnyez\u0151 orsz\u00e1gok \u00e9s az Orosz F\u00f6der\u00e1ci\u00f3 lev\u00e9lt\u00e1rainak kapcsolatait, k\u00f6z\u00f6s projektjeit, az iratfelt\u00e1r\u00e1sok \u00e9s az egy\u00fcttm\u0171k\u00f6d\u00e9sek helyzet\u00e9t is megt\u00e1rgyalt\u00e1k a szakemberek Csehorsz\u00e1g, Lengyelorsz\u00e1g, Magyarorsz\u00e1g, Oroszorsz\u00e1g, Rom\u00e1nia, Szerbia, Szlov\u00e1kia, valamint Szlov\u00e9nia k\u00e9pvisel\u0151inek r\u00e9szv\u00e9tel\u00e9vel.<\/span><\/p>\t\t\t\t\t\t\t\t<\/div>\n\t\t\t\t<\/div>\n\t\t\t\t<div class=\"elementor-element elementor-element-632edd6 elementor-widget elementor-widget-gallery\" data-id=\"632edd6\" data-element_type=\"widget\" data-e-type=\"widget\" data-settings=\"{&quot;columns&quot;:5,&quot;lazyload&quot;:&quot;yes&quot;,&quot;gallery_layout&quot;:&quot;grid&quot;,&quot;columns_tablet&quot;:2,&quot;columns_mobile&quot;:1,&quot;gap&quot;:{&quot;unit&quot;:&quot;px&quot;,&quot;size&quot;:10,&quot;sizes&quot;:[]},&quot;gap_tablet&quot;:{&quot;unit&quot;:&quot;px&quot;,&quot;size&quot;:10,&quot;sizes&quot;:[]},&quot;gap_mobile&quot;:{&quot;unit&quot;:&quot;px&quot;,&quot;size&quot;:10,&quot;sizes&quot;:[]},&quot;link_to&quot;:&quot;file&quot;,&quot;aspect_ratio&quot;:&quot;3:2&quot;,&quot;overlay_background&quot;:&quot;yes&quot;,&quot;content_hover_animation&quot;:&quot;fade-in&quot;}\" data-widget_type=\"gallery.default\">\n\t\t\t\t<div class=\"elementor-widget-container\">\n\t\t\t\t\t\t\t<div class=\"elementor-gallery__container\">\n\t\t\t\t\t\t\t<a class=\"e-gallery-item elementor-gallery-item elementor-animated-content\" href=\"https:\/\/archivportal.hu\/wp-content\/uploads\/2022\/07\/vgy_2015_01.jpg\" data-elementor-open-lightbox=\"yes\" data-elementor-lightbox-slideshow=\"632edd6\" data-e-action-hash=\"#elementor-action%3Aaction%3Dlightbox%26settings%3DeyJpZCI6NTM5MCwidXJsIjoiaHR0cHM6XC9cL2FyY2hpdnBvcnRhbC5odVwvd3AtY29udGVudFwvdXBsb2Fkc1wvMjAyMlwvMDdcL3ZneV8yMDE1XzAxLmpwZyIsInNsaWRlc2hvdyI6IjYzMmVkZDYifQ%3D%3D\">\n\t\t\t\t\t<div class=\"e-gallery-image elementor-gallery-item__image\" data-thumbnail=\"https:\/\/archivportal.hu\/wp-content\/uploads\/2022\/07\/vgy_2015_01-300x200.jpg\" data-width=\"300\" data-height=\"200\" aria-label=\"\" role=\"img\" ><\/div>\n\t\t\t\t\t\t\t\t\t\t\t<div class=\"elementor-gallery-item__overlay\"><\/div>\n\t\t\t\t\t\t\t\t\t\t\t\t\t\t<\/a>\n\t\t\t\t\t\t\t<a class=\"e-gallery-item elementor-gallery-item elementor-animated-content\" href=\"https:\/\/archivportal.hu\/wp-content\/uploads\/2022\/07\/vgy_2015_02.jpg\" data-elementor-open-lightbox=\"yes\" data-elementor-lightbox-slideshow=\"632edd6\" data-e-action-hash=\"#elementor-action%3Aaction%3Dlightbox%26settings%3DeyJpZCI6NTM5MSwidXJsIjoiaHR0cHM6XC9cL2FyY2hpdnBvcnRhbC5odVwvd3AtY29udGVudFwvdXBsb2Fkc1wvMjAyMlwvMDdcL3ZneV8yMDE1XzAyLmpwZyIsInNsaWRlc2hvdyI6IjYzMmVkZDYifQ%3D%3D\">\n\t\t\t\t\t<div class=\"e-gallery-image elementor-gallery-item__image\" data-thumbnail=\"https:\/\/archivportal.hu\/wp-content\/uploads\/2022\/07\/vgy_2015_02-300x239.jpg\" data-width=\"300\" data-height=\"239\" aria-label=\"\" role=\"img\" ><\/div>\n\t\t\t\t\t\t\t\t\t\t\t<div class=\"elementor-gallery-item__overlay\"><\/div>\n\t\t\t\t\t\t\t\t\t\t\t\t\t\t<\/a>\n\t\t\t\t\t\t\t<a class=\"e-gallery-item elementor-gallery-item elementor-animated-content\" href=\"https:\/\/archivportal.hu\/wp-content\/uploads\/2022\/07\/vgy_2015_04.jpg\" data-elementor-open-lightbox=\"yes\" data-elementor-lightbox-slideshow=\"632edd6\" data-e-action-hash=\"#elementor-action%3Aaction%3Dlightbox%26settings%3DeyJpZCI6NTM5MiwidXJsIjoiaHR0cHM6XC9cL2FyY2hpdnBvcnRhbC5odVwvd3AtY29udGVudFwvdXBsb2Fkc1wvMjAyMlwvMDdcL3ZneV8yMDE1XzA0LmpwZyIsInNsaWRlc2hvdyI6IjYzMmVkZDYifQ%3D%3D\">\n\t\t\t\t\t<div class=\"e-gallery-image elementor-gallery-item__image\" data-thumbnail=\"https:\/\/archivportal.hu\/wp-content\/uploads\/2022\/07\/vgy_2015_04-300x226.jpg\" data-width=\"300\" data-height=\"226\" aria-label=\"\" role=\"img\" ><\/div>\n\t\t\t\t\t\t\t\t\t\t\t<div class=\"elementor-gallery-item__overlay\"><\/div>\n\t\t\t\t\t\t\t\t\t\t\t\t\t\t<\/a>\n\t\t\t\t\t\t\t<a class=\"e-gallery-item elementor-gallery-item elementor-animated-content\" href=\"https:\/\/archivportal.hu\/wp-content\/uploads\/2022\/07\/vgy_2015_05.jpg\" data-elementor-open-lightbox=\"yes\" data-elementor-lightbox-slideshow=\"632edd6\" data-e-action-hash=\"#elementor-action%3Aaction%3Dlightbox%26settings%3DeyJpZCI6NTM5MywidXJsIjoiaHR0cHM6XC9cL2FyY2hpdnBvcnRhbC5odVwvd3AtY29udGVudFwvdXBsb2Fkc1wvMjAyMlwvMDdcL3ZneV8yMDE1XzA1LmpwZyIsInNsaWRlc2hvdyI6IjYzMmVkZDYifQ%3D%3D\">\n\t\t\t\t\t<div class=\"e-gallery-image elementor-gallery-item__image\" data-thumbnail=\"https:\/\/archivportal.hu\/wp-content\/uploads\/2022\/07\/vgy_2015_05-300x200.jpg\" data-width=\"300\" data-height=\"200\" aria-label=\"\" role=\"img\" ><\/div>\n\t\t\t\t\t\t\t\t\t\t\t<div class=\"elementor-gallery-item__overlay\"><\/div>\n\t\t\t\t\t\t\t\t\t\t\t\t\t\t<\/a>\n\t\t\t\t\t\t\t<a class=\"e-gallery-item elementor-gallery-item elementor-animated-content\" href=\"https:\/\/archivportal.hu\/wp-content\/uploads\/2022\/07\/vgy_2015_06.jpg\" data-elementor-open-lightbox=\"yes\" data-elementor-lightbox-slideshow=\"632edd6\" data-e-action-hash=\"#elementor-action%3Aaction%3Dlightbox%26settings%3DeyJpZCI6NTM5NCwidXJsIjoiaHR0cHM6XC9cL2FyY2hpdnBvcnRhbC5odVwvd3AtY29udGVudFwvdXBsb2Fkc1wvMjAyMlwvMDdcL3ZneV8yMDE1XzA2LmpwZyIsInNsaWRlc2hvdyI6IjYzMmVkZDYifQ%3D%3D\">\n\t\t\t\t\t<div class=\"e-gallery-image elementor-gallery-item__image\" data-thumbnail=\"https:\/\/archivportal.hu\/wp-content\/uploads\/2022\/07\/vgy_2015_06-300x200.jpg\" data-width=\"300\" data-height=\"200\" aria-label=\"\" role=\"img\" ><\/div>\n\t\t\t\t\t\t\t\t\t\t\t<div class=\"elementor-gallery-item__overlay\"><\/div>\n\t\t\t\t\t\t\t\t\t\t\t\t\t\t<\/a>\n\t\t\t\t\t<\/div>\n\t\t\t\t\t<\/div>\n\t\t\t\t<\/div>\n\t\t\t\t\t<\/div>\n\t\t<\/div>\n\t\t\t\t\t<\/div>\n\t\t<\/section>\n\t\t\t\t<\/div>\n\t\t","protected":false},"excerpt":{"rendered":"<p>Nyitott Lev\u00e9lt\u00e1rak 2015-2016 K\u00f6sz\u00f6nt\u0151 A Magyar Lev\u00e9lt\u00e1rosok Egyes\u00fclete 2015-ben m\u00e1r negyedik alkalommal ind\u00edtotta \u00fatj\u00e1ra a Nyitott Lev\u00e9lt\u00e1rak programsorozatot, amelynek c\u00e9lja a lev\u00e9lt\u00e1rak megismertet\u00e9se \u00e9s n\u00e9pszer\u0171s\u00edt\u00e9se a nagyk\u00f6z\u00f6ns\u00e9ggel. A\u00a0Nyitott Lev\u00e9lt\u00e1rak 2015\u00a0programsorozat c\u00e9lja, hogy \u2013 a kijel\u00f6lt csom\u00f3pontok, k\u00f6zponti programok seg\u00edts\u00e9g\u00e9vel \u2013 hozz\u00e1j\u00e1ruljon a nemzeti \u00f6r\u00f6ks\u00e9g egyedi \u00e9s p\u00f3tolhatatlan r\u00e9sz\u00e9t k\u00e9pez\u0151 lev\u00e9lt\u00e1ri anyag t\u00e1rsadalmi hasznosul\u00e1s\u00e1hoz, ismertebb\u00e9 tegye [&hellip;]<\/p>\n","protected":false},"author":1,"featured_media":0,"parent":0,"menu_order":0,"comment_status":"closed","ping_status":"closed","template":"","meta":{"_acf_changed":false,"footnotes":"","_links_to":"","_links_to_target":""},"class_list":["post-5362","page","type-page","status-publish","hentry"],"acf":[],"yoast_head":"<!-- This site is optimized with the Yoast SEO plugin v27.4 - https:\/\/yoast.com\/product\/yoast-seo-wordpress\/ -->\n<title>Nyitott lev\u00e9lt\u00e1rak 2015-2016 - Magyar Lev\u00e9lt\u00e1ri Port\u00e1l<\/title>\n<meta name=\"robots\" content=\"index, follow, max-snippet:-1, max-image-preview:large, max-video-preview:-1\" \/>\n<meta property=\"og:locale\" content=\"en_US\" \/>\n<meta property=\"og:type\" content=\"article\" \/>\n<meta property=\"og:title\" content=\"Nyitott lev\u00e9lt\u00e1rak 2015-2016 - Magyar Lev\u00e9lt\u00e1ri Port\u00e1l\" \/>\n<meta property=\"og:description\" content=\"Nyitott Lev\u00e9lt\u00e1rak 2015-2016 K\u00f6sz\u00f6nt\u0151 A Magyar Lev\u00e9lt\u00e1rosok Egyes\u00fclete 2015-ben m\u00e1r negyedik alkalommal ind\u00edtotta \u00fatj\u00e1ra a Nyitott Lev\u00e9lt\u00e1rak programsorozatot, amelynek c\u00e9lja a lev\u00e9lt\u00e1rak megismertet\u00e9se \u00e9s n\u00e9pszer\u0171s\u00edt\u00e9se a nagyk\u00f6z\u00f6ns\u00e9ggel. A\u00a0Nyitott Lev\u00e9lt\u00e1rak 2015\u00a0programsorozat c\u00e9lja, hogy \u2013 a kijel\u00f6lt csom\u00f3pontok, k\u00f6zponti programok seg\u00edts\u00e9g\u00e9vel \u2013 hozz\u00e1j\u00e1ruljon a nemzeti \u00f6r\u00f6ks\u00e9g egyedi \u00e9s p\u00f3tolhatatlan r\u00e9sz\u00e9t k\u00e9pez\u0151 lev\u00e9lt\u00e1ri anyag t\u00e1rsadalmi hasznosul\u00e1s\u00e1hoz, ismertebb\u00e9 tegye [&hellip;]\" \/>\n<meta property=\"og:url\" content=\"https:\/\/archivportal.hu\/index.php\/nyitott-leveltarak-2015-2016\/\" \/>\n<meta property=\"og:site_name\" content=\"Magyar Lev\u00e9lt\u00e1ri Port\u00e1l\" \/>\n<meta property=\"article:publisher\" content=\"https:\/\/www.facebook.com\/magyarleveltarosok.egyesulete\" \/>\n<meta property=\"article:modified_time\" content=\"2022-07-26T18:20:20+00:00\" \/>\n<meta name=\"twitter:card\" content=\"summary_large_image\" \/>\n<meta name=\"twitter:label1\" content=\"Est. reading time\" \/>\n\t<meta name=\"twitter:data1\" content=\"14 minutes\" \/>\n<script type=\"application\/ld+json\" class=\"yoast-schema-graph\">{\"@context\":\"https:\\\/\\\/schema.org\",\"@graph\":[{\"@type\":\"WebPage\",\"@id\":\"https:\\\/\\\/archivportal.hu\\\/index.php\\\/nyitott-leveltarak-2015-2016\\\/\",\"url\":\"https:\\\/\\\/archivportal.hu\\\/index.php\\\/nyitott-leveltarak-2015-2016\\\/\",\"name\":\"Nyitott lev\u00e9lt\u00e1rak 2015-2016 - Magyar Lev\u00e9lt\u00e1ri Port\u00e1l\",\"isPartOf\":{\"@id\":\"https:\\\/\\\/archivportal.hu\\\/#website\"},\"datePublished\":\"2022-07-26T16:24:06+00:00\",\"dateModified\":\"2022-07-26T18:20:20+00:00\",\"breadcrumb\":{\"@id\":\"https:\\\/\\\/archivportal.hu\\\/index.php\\\/nyitott-leveltarak-2015-2016\\\/#breadcrumb\"},\"inLanguage\":\"en-US\",\"potentialAction\":[{\"@type\":\"ReadAction\",\"target\":[\"https:\\\/\\\/archivportal.hu\\\/index.php\\\/nyitott-leveltarak-2015-2016\\\/\"]}]},{\"@type\":\"BreadcrumbList\",\"@id\":\"https:\\\/\\\/archivportal.hu\\\/index.php\\\/nyitott-leveltarak-2015-2016\\\/#breadcrumb\",\"itemListElement\":[{\"@type\":\"ListItem\",\"position\":1,\"name\":\"Home\",\"item\":\"https:\\\/\\\/archivportal.hu\\\/\"},{\"@type\":\"ListItem\",\"position\":2,\"name\":\"Nyitott lev\u00e9lt\u00e1rak 2015-2016\"}]},{\"@type\":\"WebSite\",\"@id\":\"https:\\\/\\\/archivportal.hu\\\/#website\",\"url\":\"https:\\\/\\\/archivportal.hu\\\/\",\"name\":\"Magyar Lev\u00e9lt\u00e1ri Port\u00e1l\",\"description\":\"Az online foly\u00f3irat\",\"publisher\":{\"@id\":\"https:\\\/\\\/archivportal.hu\\\/#organization\"},\"potentialAction\":[{\"@type\":\"SearchAction\",\"target\":{\"@type\":\"EntryPoint\",\"urlTemplate\":\"https:\\\/\\\/archivportal.hu\\\/?s={search_term_string}\"},\"query-input\":{\"@type\":\"PropertyValueSpecification\",\"valueRequired\":true,\"valueName\":\"search_term_string\"}}],\"inLanguage\":\"en-US\"},{\"@type\":\"Organization\",\"@id\":\"https:\\\/\\\/archivportal.hu\\\/#organization\",\"name\":\"Magyar Lev\u00e9lt\u00e1ri Port\u00e1l\",\"url\":\"https:\\\/\\\/archivportal.hu\\\/\",\"logo\":{\"@type\":\"ImageObject\",\"inLanguage\":\"en-US\",\"@id\":\"https:\\\/\\\/archivportal.hu\\\/#\\\/schema\\\/logo\\\/image\\\/\",\"url\":\"https:\\\/\\\/archivportal.hu\\\/wp-content\\\/uploads\\\/2022\\\/06\\\/MLP_logo_HU.png\",\"contentUrl\":\"https:\\\/\\\/archivportal.hu\\\/wp-content\\\/uploads\\\/2022\\\/06\\\/MLP_logo_HU.png\",\"width\":1252,\"height\":144,\"caption\":\"Magyar Lev\u00e9lt\u00e1ri Port\u00e1l\"},\"image\":{\"@id\":\"https:\\\/\\\/archivportal.hu\\\/#\\\/schema\\\/logo\\\/image\\\/\"},\"sameAs\":[\"https:\\\/\\\/www.facebook.com\\\/magyarleveltarosok.egyesulete\"]}]}<\/script>\n<!-- \/ Yoast SEO plugin. -->","yoast_head_json":{"title":"Nyitott lev\u00e9lt\u00e1rak 2015-2016 - Magyar Lev\u00e9lt\u00e1ri Port\u00e1l","robots":{"index":"index","follow":"follow","max-snippet":"max-snippet:-1","max-image-preview":"max-image-preview:large","max-video-preview":"max-video-preview:-1"},"og_locale":"en_US","og_type":"article","og_title":"Nyitott lev\u00e9lt\u00e1rak 2015-2016 - Magyar Lev\u00e9lt\u00e1ri Port\u00e1l","og_description":"Nyitott Lev\u00e9lt\u00e1rak 2015-2016 K\u00f6sz\u00f6nt\u0151 A Magyar Lev\u00e9lt\u00e1rosok Egyes\u00fclete 2015-ben m\u00e1r negyedik alkalommal ind\u00edtotta \u00fatj\u00e1ra a Nyitott Lev\u00e9lt\u00e1rak programsorozatot, amelynek c\u00e9lja a lev\u00e9lt\u00e1rak megismertet\u00e9se \u00e9s n\u00e9pszer\u0171s\u00edt\u00e9se a nagyk\u00f6z\u00f6ns\u00e9ggel. A\u00a0Nyitott Lev\u00e9lt\u00e1rak 2015\u00a0programsorozat c\u00e9lja, hogy \u2013 a kijel\u00f6lt csom\u00f3pontok, k\u00f6zponti programok seg\u00edts\u00e9g\u00e9vel \u2013 hozz\u00e1j\u00e1ruljon a nemzeti \u00f6r\u00f6ks\u00e9g egyedi \u00e9s p\u00f3tolhatatlan r\u00e9sz\u00e9t k\u00e9pez\u0151 lev\u00e9lt\u00e1ri anyag t\u00e1rsadalmi hasznosul\u00e1s\u00e1hoz, ismertebb\u00e9 tegye [&hellip;]","og_url":"https:\/\/archivportal.hu\/index.php\/nyitott-leveltarak-2015-2016\/","og_site_name":"Magyar Lev\u00e9lt\u00e1ri Port\u00e1l","article_publisher":"https:\/\/www.facebook.com\/magyarleveltarosok.egyesulete","article_modified_time":"2022-07-26T18:20:20+00:00","twitter_card":"summary_large_image","twitter_misc":{"Est. reading time":"14 minutes"},"schema":{"@context":"https:\/\/schema.org","@graph":[{"@type":"WebPage","@id":"https:\/\/archivportal.hu\/index.php\/nyitott-leveltarak-2015-2016\/","url":"https:\/\/archivportal.hu\/index.php\/nyitott-leveltarak-2015-2016\/","name":"Nyitott lev\u00e9lt\u00e1rak 2015-2016 - Magyar Lev\u00e9lt\u00e1ri Port\u00e1l","isPartOf":{"@id":"https:\/\/archivportal.hu\/#website"},"datePublished":"2022-07-26T16:24:06+00:00","dateModified":"2022-07-26T18:20:20+00:00","breadcrumb":{"@id":"https:\/\/archivportal.hu\/index.php\/nyitott-leveltarak-2015-2016\/#breadcrumb"},"inLanguage":"en-US","potentialAction":[{"@type":"ReadAction","target":["https:\/\/archivportal.hu\/index.php\/nyitott-leveltarak-2015-2016\/"]}]},{"@type":"BreadcrumbList","@id":"https:\/\/archivportal.hu\/index.php\/nyitott-leveltarak-2015-2016\/#breadcrumb","itemListElement":[{"@type":"ListItem","position":1,"name":"Home","item":"https:\/\/archivportal.hu\/"},{"@type":"ListItem","position":2,"name":"Nyitott lev\u00e9lt\u00e1rak 2015-2016"}]},{"@type":"WebSite","@id":"https:\/\/archivportal.hu\/#website","url":"https:\/\/archivportal.hu\/","name":"Magyar Lev\u00e9lt\u00e1ri Port\u00e1l","description":"Az online foly\u00f3irat","publisher":{"@id":"https:\/\/archivportal.hu\/#organization"},"potentialAction":[{"@type":"SearchAction","target":{"@type":"EntryPoint","urlTemplate":"https:\/\/archivportal.hu\/?s={search_term_string}"},"query-input":{"@type":"PropertyValueSpecification","valueRequired":true,"valueName":"search_term_string"}}],"inLanguage":"en-US"},{"@type":"Organization","@id":"https:\/\/archivportal.hu\/#organization","name":"Magyar Lev\u00e9lt\u00e1ri Port\u00e1l","url":"https:\/\/archivportal.hu\/","logo":{"@type":"ImageObject","inLanguage":"en-US","@id":"https:\/\/archivportal.hu\/#\/schema\/logo\/image\/","url":"https:\/\/archivportal.hu\/wp-content\/uploads\/2022\/06\/MLP_logo_HU.png","contentUrl":"https:\/\/archivportal.hu\/wp-content\/uploads\/2022\/06\/MLP_logo_HU.png","width":1252,"height":144,"caption":"Magyar Lev\u00e9lt\u00e1ri Port\u00e1l"},"image":{"@id":"https:\/\/archivportal.hu\/#\/schema\/logo\/image\/"},"sameAs":["https:\/\/www.facebook.com\/magyarleveltarosok.egyesulete"]}]}},"_links":{"self":[{"href":"https:\/\/archivportal.hu\/index.php\/wp-json\/wp\/v2\/pages\/5362","targetHints":{"allow":["GET"]}}],"collection":[{"href":"https:\/\/archivportal.hu\/index.php\/wp-json\/wp\/v2\/pages"}],"about":[{"href":"https:\/\/archivportal.hu\/index.php\/wp-json\/wp\/v2\/types\/page"}],"author":[{"embeddable":true,"href":"https:\/\/archivportal.hu\/index.php\/wp-json\/wp\/v2\/users\/1"}],"replies":[{"embeddable":true,"href":"https:\/\/archivportal.hu\/index.php\/wp-json\/wp\/v2\/comments?post=5362"}],"version-history":[{"count":13,"href":"https:\/\/archivportal.hu\/index.php\/wp-json\/wp\/v2\/pages\/5362\/revisions"}],"predecessor-version":[{"id":5426,"href":"https:\/\/archivportal.hu\/index.php\/wp-json\/wp\/v2\/pages\/5362\/revisions\/5426"}],"wp:attachment":[{"href":"https:\/\/archivportal.hu\/index.php\/wp-json\/wp\/v2\/media?parent=5362"}],"curies":[{"name":"wp","href":"https:\/\/api.w.org\/{rel}","templated":true}]}}